{"id":112,"date":"2021-09-23T08:49:10","date_gmt":"2021-09-23T07:49:10","guid":{"rendered":"https:\/\/master.themovation.com\/bellevue\/tinyhome\/?page_id=366"},"modified":"2022-09-10T18:14:17","modified_gmt":"2022-09-10T17:14:17","slug":"evenementiel","status":"publish","type":"page","link":"http:\/\/villa-marcam.com\/en\/evenementiel\/","title":{"rendered":"Events"},"content":{"rendered":"<div data-elementor-type=\"wp-page\" data-elementor-id=\"112\" class=\"elementor elementor-112\" data-elementor-post-type=\"page\">\n\t\t\t\t\t\t<section class=\"elementor-section elementor-top-section elementor-element elementor-element-27cffd79 elementor-reverse-tablet elementor-reverse-mobile elementor-section-boxed elementor-section-height-default elementor-section-height-default\" data-id=\"27cffd79\" data-element_type=\"section\" data-e-type=\"section\">\n\t\t\t\t\t\t<div class=\"elementor-container elementor-column-gap-default\">\n\t\t\t\t\t<div class=\"elementor-column elementor-col-50 elementor-top-column elementor-element elementor-element-26b6a411\" data-id=\"26b6a411\" data-element_type=\"column\" data-e-type=\"column\">\n\t\t\t<div class=\"elementor-widget-wrap elementor-element-populated\">\n\t\t\t\t\t\t<div class=\"elementor-element elementor-element-2992477a elementor-widget elementor-widget-image\" data-id=\"2992477a\" data-element_type=\"widget\" data-e-type=\"widget\" data-widget_type=\"image.default\">\n\t\t\t\t<div class=\"elementor-widget-container\">\n\t\t\t\t\t\t\t\t\t\t\t\t\t\t\t<img fetchpriority=\"high\" decoding=\"async\" width=\"605\" height=\"605\" src=\"https:\/\/villa-marcam.com\/wp-content\/uploads\/2022\/07\/PHOTO-2022-06-27-15-40-08-605x605.jpg\" class=\"attachment-th_img_md_square size-th_img_md_square wp-image-2120\" alt=\"\" srcset=\"https:\/\/villa-marcam.com\/wp-content\/uploads\/2022\/07\/PHOTO-2022-06-27-15-40-08-605x605.jpg 605w, https:\/\/villa-marcam.com\/wp-content\/uploads\/2022\/07\/PHOTO-2022-06-27-15-40-08-300x300.jpg 300w, https:\/\/villa-marcam.com\/wp-content\/uploads\/2022\/07\/PHOTO-2022-06-27-15-40-08-150x150.jpg 150w, https:\/\/villa-marcam.com\/wp-content\/uploads\/2022\/07\/PHOTO-2022-06-27-15-40-08-768x768.jpg 768w, https:\/\/villa-marcam.com\/wp-content\/uploads\/2022\/07\/PHOTO-2022-06-27-15-40-08-12x12.jpg 12w, https:\/\/villa-marcam.com\/wp-content\/uploads\/2022\/07\/PHOTO-2022-06-27-15-40-08-100x100.jpg 100w, https:\/\/villa-marcam.com\/wp-content\/uploads\/2022\/07\/PHOTO-2022-06-27-15-40-08-80x80.jpg 80w, https:\/\/villa-marcam.com\/wp-content\/uploads\/2022\/07\/PHOTO-2022-06-27-15-40-08-394x394.jpg 394w, https:\/\/villa-marcam.com\/wp-content\/uploads\/2022\/07\/PHOTO-2022-06-27-15-40-08-303x303.jpg 303w, https:\/\/villa-marcam.com\/wp-content\/uploads\/2022\/07\/PHOTO-2022-06-27-15-40-08-700x700.jpg 700w, https:\/\/villa-marcam.com\/wp-content\/uploads\/2022\/07\/PHOTO-2022-06-27-15-40-08-950x950.jpg 950w, https:\/\/villa-marcam.com\/wp-content\/uploads\/2022\/07\/PHOTO-2022-06-27-15-40-08.jpg 1024w\" sizes=\"(max-width: 605px) 100vw, 605px\" \/>\t\t\t\t\t\t\t\t\t\t\t\t\t\t\t<\/div>\n\t\t\t\t<\/div>\n\t\t\t\t\t<\/div>\n\t\t<\/div>\n\t\t\t\t<div class=\"elementor-column elementor-col-50 elementor-top-column elementor-element elementor-element-2a424e63\" data-id=\"2a424e63\" data-element_type=\"column\" data-e-type=\"column\">\n\t\t\t<div class=\"elementor-widget-wrap elementor-element-populated\">\n\t\t\t\t\t\t<div class=\"elementor-element elementor-element-4e510ce5 elementor-view-default elementor-position-top elementor-widget elementor-widget-themo-header\" data-id=\"4e510ce5\" data-element_type=\"widget\" data-e-type=\"widget\" data-widget_type=\"themo-header.default\">\n\t\t\t\t<div class=\"elementor-widget-container\">\n\t\t\t\t\t\t\t<div class=\"th-header-wrap\">\n        <div class=\"elementor-icon-box-wrapper\">\n                            <div class=\"elementor-icon-box-content\">\n                    <h3 class=\"elementor-icon-box-title\">\n                        Enjoy an idyllic and relaxing setting for your well-being and relaxation events.                    <\/h3>\n                                        <p class=\"elementor-icon-box-description\"><\/p>\n\n                                    <\/div>\n            <\/div>\n\n        <\/div>\n\n\t\t\t\t\t\t<\/div>\n\t\t\t\t<\/div>\n\t\t\t\t<div class=\"elementor-element elementor-element-7fc7204b elementor-widget elementor-widget-text-editor\" data-id=\"7fc7204b\" data-element_type=\"widget\" data-e-type=\"widget\" data-widget_type=\"text-editor.default\">\n\t\t\t\t<div class=\"elementor-widget-container\">\n\t\t\t\t\t\t\t\t\t<p style=\"font-weight: 400;\">Villa Marcam is available from October to March for your events, seminars, courses, training, workshops.<\/p><p style=\"font-weight: 400;\">Yoga course, training in massage, Ayurvedic cooking, weekend initiation to naturopathy, drumming and meditation day...<\/p><p style=\"font-weight: 400;\">Le tout dans un calme absolu avec vue sur la M\u00e9diterran\u00e9e, l\u2019\u00eele de Bendor, le coucher de soleil.<\/p><p style=\"font-weight: 400;\"><strong><u><a href=\"\/en\/contact\/\">Contact-us<\/a><\/u><\/strong>\u00a0for more information.<\/p>\t\t\t\t\t\t\t\t<\/div>\n\t\t\t\t<\/div>\n\t\t\t\t\t<\/div>\n\t\t<\/div>\n\t\t\t\t\t<\/div>\n\t\t<\/section>\n\t\t\t\t<section class=\"elementor-section elementor-top-section elementor-element elementor-element-1cb5d03 elementor-section-boxed elementor-section-height-default elementor-section-height-default\" data-id=\"1cb5d03\" data-element_type=\"section\" data-e-type=\"section\">\n\t\t\t\t\t\t<div class=\"elementor-container elementor-column-gap-default\">\n\t\t\t\t\t<div class=\"elementor-column elementor-col-100 elementor-top-column elementor-element elementor-element-4009c7f\" data-id=\"4009c7f\" data-element_type=\"column\" data-e-type=\"column\">\n\t\t\t<div class=\"elementor-widget-wrap elementor-element-populated\">\n\t\t\t\t\t\t<div class=\"elementor-element elementor-element-9a04144 elementor-align-center elementor-widget elementor-widget-button\" data-id=\"9a04144\" data-element_type=\"widget\" data-e-type=\"widget\" data-widget_type=\"button.default\">\n\t\t\t\t<div class=\"elementor-widget-container\">\n\t\t\t\t\t\t\t\t\t<div class=\"elementor-button-wrapper\">\n\t\t\t\t\t<a class=\"elementor-button elementor-button-link elementor-size-md\" href=\"\/en\/contact\/\">\n\t\t\t\t\t\t<span class=\"elementor-button-content-wrapper\">\n\t\t\t\t\t\t\t\t\t<span class=\"elementor-button-text\">Contact-us<\/span>\n\t\t\t\t\t<\/span>\n\t\t\t\t\t<\/a>\n\t\t\t\t<\/div>\n\t\t\t\t\t\t\t\t<\/div>\n\t\t\t\t<\/div>\n\t\t\t\t\t<\/div>\n\t\t<\/div>\n\t\t\t\t\t<\/div>\n\t\t<\/section>\n\t\t\t\t<\/div>","protected":false},"excerpt":{"rendered":"<p>Profitez d&rsquo;un cadre idyllique et relaxant pour vos \u00e9v\u00e9nements bien-\u00eatre et relaxation. La Villa Marcam est disponible d&rsquo;Octobre \u00e0 Mars pour vos \u00e9v\u00e9nements, s\u00e9minaires, stages, formations, ateliers. Stage de yoga, formation au massage, \u00e0 la cuisine ayurv\u00e9dique, week-end d\u2019initiation \u00e0 &hellip; <a href=\"http:\/\/villa-marcam.com\/en\/evenementiel\/\">Read More<\/a><\/p>","protected":false},"author":1,"featured_media":0,"parent":0,"menu_order":1,"comment_status":"closed","ping_status":"closed","template":"","meta":{"footnotes":""},"class_list":["post-112","page","type-page","status-publish","hentry"],"yoast_head":"<!-- This site is optimized with the Yoast SEO Premium plugin v20.5 (Yoast SEO v27.5) - https:\/\/yoast.com\/product\/yoast-seo-premium-wordpress\/ -->\n<title>Ev\u00e9nementiel - Villa Marcam<\/title>\n<meta name=\"robots\" content=\"index, follow, max-snippet:-1, max-image-preview:large, max-video-preview:-1\" \/>\n<link rel=\"canonical\" href=\"https:\/\/villa-marcam.com\/en\/evenementiel\/\" \/>\n<meta property=\"og:locale\" content=\"en_GB\" \/>\n<meta property=\"og:type\" content=\"article\" \/>\n<meta property=\"og:title\" content=\"Ev\u00e9nementiel\" \/>\n<meta property=\"og:description\" content=\"Profitez d&rsquo;un cadre idyllique et relaxant pour vos \u00e9v\u00e9nements bien-\u00eatre et relaxation. La Villa Marcam est disponible d&rsquo;Octobre \u00e0 Mars pour vos \u00e9v\u00e9nements, s\u00e9minaires, stages, formations, ateliers. Stage de yoga, formation au massage, \u00e0 la cuisine ayurv\u00e9dique, week-end d\u2019initiation \u00e0 &hellip; Read More\" \/>\n<meta property=\"og:url\" content=\"https:\/\/villa-marcam.com\/en\/evenementiel\/\" \/>\n<meta property=\"og:site_name\" content=\"Villa Marcam\" \/>\n<meta property=\"article:modified_time\" content=\"2022-09-10T17:14:17+00:00\" \/>\n<meta property=\"og:image\" content=\"https:\/\/villa-marcam.com\/wp-content\/uploads\/2022\/07\/PHOTO-2022-06-27-15-40-08-605x605.jpg?v=1662282052\" \/>\n<meta name=\"twitter:card\" content=\"summary_large_image\" \/>\n<meta name=\"twitter:label1\" content=\"Estimated reading time\" \/>\n\t<meta name=\"twitter:data1\" content=\"1 minute\" \/>\n<script type=\"application\/ld+json\" class=\"yoast-schema-graph\">{\"@context\":\"https:\\\/\\\/schema.org\",\"@graph\":[{\"@type\":\"WebPage\",\"@id\":\"https:\\\/\\\/villa-marcam.com\\\/evenementiel\\\/\",\"url\":\"https:\\\/\\\/villa-marcam.com\\\/evenementiel\\\/\",\"name\":\"Ev\u00e9nementiel - Villa Marcam\",\"isPartOf\":{\"@id\":\"https:\\\/\\\/villa-marcam.com\\\/#website\"},\"primaryImageOfPage\":{\"@id\":\"https:\\\/\\\/villa-marcam.com\\\/evenementiel\\\/#primaryimage\"},\"image\":{\"@id\":\"https:\\\/\\\/villa-marcam.com\\\/evenementiel\\\/#primaryimage\"},\"thumbnailUrl\":\"https:\\\/\\\/villa-marcam.com\\\/wp-content\\\/uploads\\\/2022\\\/07\\\/PHOTO-2022-06-27-15-40-08-605x605.jpg?v=1662282052\",\"datePublished\":\"2021-09-23T07:49:10+00:00\",\"dateModified\":\"2022-09-10T17:14:17+00:00\",\"breadcrumb\":{\"@id\":\"https:\\\/\\\/villa-marcam.com\\\/evenementiel\\\/#breadcrumb\"},\"inLanguage\":\"en-GB\",\"potentialAction\":[{\"@type\":\"ReadAction\",\"target\":[\"https:\\\/\\\/villa-marcam.com\\\/evenementiel\\\/\"]}]},{\"@type\":\"ImageObject\",\"inLanguage\":\"en-GB\",\"@id\":\"https:\\\/\\\/villa-marcam.com\\\/evenementiel\\\/#primaryimage\",\"url\":\"https:\\\/\\\/villa-marcam.com\\\/wp-content\\\/uploads\\\/2022\\\/07\\\/PHOTO-2022-06-27-15-40-08-605x605.jpg?v=1662282052\",\"contentUrl\":\"https:\\\/\\\/villa-marcam.com\\\/wp-content\\\/uploads\\\/2022\\\/07\\\/PHOTO-2022-06-27-15-40-08-605x605.jpg?v=1662282052\"},{\"@type\":\"BreadcrumbList\",\"@id\":\"https:\\\/\\\/villa-marcam.com\\\/evenementiel\\\/#breadcrumb\",\"itemListElement\":[{\"@type\":\"ListItem\",\"position\":1,\"name\":\"Accueil\",\"item\":\"https:\\\/\\\/villa-marcam.com\\\/fr_fr\\\/\"},{\"@type\":\"ListItem\",\"position\":2,\"name\":\"Ev\u00e9nementiel\"}]},{\"@type\":\"WebSite\",\"@id\":\"https:\\\/\\\/villa-marcam.com\\\/#website\",\"url\":\"https:\\\/\\\/villa-marcam.com\\\/\",\"name\":\"Villa Marcam\",\"description\":\"Location saisonni\u00e8re \u00e0 Sanary sur Mer dans le Sud de la France\",\"potentialAction\":[{\"@type\":\"SearchAction\",\"target\":{\"@type\":\"EntryPoint\",\"urlTemplate\":\"https:\\\/\\\/villa-marcam.com\\\/?s={search_term_string}\"},\"query-input\":{\"@type\":\"PropertyValueSpecification\",\"valueRequired\":true,\"valueName\":\"search_term_string\"}}],\"inLanguage\":\"en-GB\"}]}<\/script>\n<!-- \/ Yoast SEO Premium plugin. -->","yoast_head_json":{"title":"Ev\u00e9nementiel - Villa Marcam","robots":{"index":"index","follow":"follow","max-snippet":"max-snippet:-1","max-image-preview":"max-image-preview:large","max-video-preview":"max-video-preview:-1"},"canonical":"https:\/\/villa-marcam.com\/en\/evenementiel\/","og_locale":"en_GB","og_type":"article","og_title":"Ev\u00e9nementiel","og_description":"Profitez d&rsquo;un cadre idyllique et relaxant pour vos \u00e9v\u00e9nements bien-\u00eatre et relaxation. La Villa Marcam est disponible d&rsquo;Octobre \u00e0 Mars pour vos \u00e9v\u00e9nements, s\u00e9minaires, stages, formations, ateliers. Stage de yoga, formation au massage, \u00e0 la cuisine ayurv\u00e9dique, week-end d\u2019initiation \u00e0 &hellip; Read More","og_url":"https:\/\/villa-marcam.com\/en\/evenementiel\/","og_site_name":"Villa Marcam","article_modified_time":"2022-09-10T17:14:17+00:00","og_image":[{"url":"https:\/\/villa-marcam.com\/wp-content\/uploads\/2022\/07\/PHOTO-2022-06-27-15-40-08-605x605.jpg?v=1662282052","type":"","width":"","height":""}],"twitter_card":"summary_large_image","twitter_misc":{"Estimated reading time":"1 minute"},"schema":{"@context":"https:\/\/schema.org","@graph":[{"@type":"WebPage","@id":"https:\/\/villa-marcam.com\/evenementiel\/","url":"https:\/\/villa-marcam.com\/evenementiel\/","name":"Ev\u00e9nementiel - Villa Marcam","isPartOf":{"@id":"https:\/\/villa-marcam.com\/#website"},"primaryImageOfPage":{"@id":"https:\/\/villa-marcam.com\/evenementiel\/#primaryimage"},"image":{"@id":"https:\/\/villa-marcam.com\/evenementiel\/#primaryimage"},"thumbnailUrl":"https:\/\/villa-marcam.com\/wp-content\/uploads\/2022\/07\/PHOTO-2022-06-27-15-40-08-605x605.jpg?v=1662282052","datePublished":"2021-09-23T07:49:10+00:00","dateModified":"2022-09-10T17:14:17+00:00","breadcrumb":{"@id":"https:\/\/villa-marcam.com\/evenementiel\/#breadcrumb"},"inLanguage":"en-GB","potentialAction":[{"@type":"ReadAction","target":["https:\/\/villa-marcam.com\/evenementiel\/"]}]},{"@type":"ImageObject","inLanguage":"en-GB","@id":"https:\/\/villa-marcam.com\/evenementiel\/#primaryimage","url":"https:\/\/villa-marcam.com\/wp-content\/uploads\/2022\/07\/PHOTO-2022-06-27-15-40-08-605x605.jpg?v=1662282052","contentUrl":"https:\/\/villa-marcam.com\/wp-content\/uploads\/2022\/07\/PHOTO-2022-06-27-15-40-08-605x605.jpg?v=1662282052"},{"@type":"BreadcrumbList","@id":"https:\/\/villa-marcam.com\/evenementiel\/#breadcrumb","itemListElement":[{"@type":"ListItem","position":1,"name":"Accueil","item":"https:\/\/villa-marcam.com\/fr_fr\/"},{"@type":"ListItem","position":2,"name":"Ev\u00e9nementiel"}]},{"@type":"WebSite","@id":"https:\/\/villa-marcam.com\/#website","url":"https:\/\/villa-marcam.com\/","name":"Villa Marcam","description":"Location saisonni\u00e8re \u00e0 Sanary sur Mer dans le Sud de la France","potentialAction":[{"@type":"SearchAction","target":{"@type":"EntryPoint","urlTemplate":"https:\/\/villa-marcam.com\/?s={search_term_string}"},"query-input":{"@type":"PropertyValueSpecification","valueRequired":true,"valueName":"search_term_string"}}],"inLanguage":"en-GB"}]}},"_links":{"self":[{"href":"http:\/\/villa-marcam.com\/en\/wp-json\/wp\/v2\/pages\/112","targetHints":{"allow":["GET"]}}],"collection":[{"href":"http:\/\/villa-marcam.com\/en\/wp-json\/wp\/v2\/pages"}],"about":[{"href":"http:\/\/villa-marcam.com\/en\/wp-json\/wp\/v2\/types\/page"}],"author":[{"embeddable":true,"href":"http:\/\/villa-marcam.com\/en\/wp-json\/wp\/v2\/users\/1"}],"replies":[{"embeddable":true,"href":"http:\/\/villa-marcam.com\/en\/wp-json\/wp\/v2\/comments?post=112"}],"version-history":[{"count":54,"href":"http:\/\/villa-marcam.com\/en\/wp-json\/wp\/v2\/pages\/112\/revisions"}],"predecessor-version":[{"id":2330,"href":"http:\/\/villa-marcam.com\/en\/wp-json\/wp\/v2\/pages\/112\/revisions\/2330"}],"wp:attachment":[{"href":"http:\/\/villa-marcam.com\/en\/wp-json\/wp\/v2\/media?parent=112"}],"curies":[{"name":"wp","href":"https:\/\/api.w.org\/{rel}","templated":true}]}}