{"id":2,"date":"2021-12-02T12:07:25","date_gmt":"2021-12-02T11:07:25","guid":{"rendered":"https:\/\/www.villa-marcam.com\/?page_id=2"},"modified":"2023-04-18T16:17:35","modified_gmt":"2023-04-18T15:17:35","slug":"sanary-sur-mer","status":"publish","type":"page","link":"https:\/\/villa-marcam.com\/fr_fr\/sanary-sur-mer\/","title":{"rendered":"Sanary sur Mer"},"content":{"rendered":"\t\t<div data-elementor-type=\"wp-page\" data-elementor-id=\"2\" class=\"elementor elementor-2\" data-elementor-post-type=\"page\">\n\t\t\t\t\t\t<section class=\"elementor-section elementor-top-section elementor-element elementor-element-f8319a9 elementor-section-boxed elementor-section-height-default elementor-section-height-default\" data-id=\"f8319a9\" data-element_type=\"section\" data-e-type=\"section\">\n\t\t\t\t\t\t<div class=\"elementor-container elementor-column-gap-default\">\n\t\t\t\t\t<div class=\"elementor-column elementor-col-100 elementor-top-column elementor-element elementor-element-ac77a0d\" data-id=\"ac77a0d\" data-element_type=\"column\" data-e-type=\"column\">\n\t\t\t<div class=\"elementor-widget-wrap elementor-element-populated\">\n\t\t\t\t\t\t<div class=\"elementor-element elementor-element-d48dde9 elementor-widget elementor-widget-video\" data-id=\"d48dde9\" data-element_type=\"widget\" data-e-type=\"widget\" data-settings=\"{&quot;youtube_url&quot;:&quot;https:\\\/\\\/www.youtube.com\\\/watch?v=3gd2nC2OB98&quot;,&quot;video_type&quot;:&quot;youtube&quot;,&quot;controls&quot;:&quot;yes&quot;}\" data-widget_type=\"video.default\">\n\t\t\t\t<div class=\"elementor-widget-container\">\n\t\t\t\t\t\t\t<div class=\"elementor-wrapper elementor-open-inline\">\n\t\t\t<div class=\"elementor-video\"><\/div>\t\t<\/div>\n\t\t\t\t\t\t<\/div>\n\t\t\t\t<\/div>\n\t\t\t\t\t<\/div>\n\t\t<\/div>\n\t\t\t\t\t<\/div>\n\t\t<\/section>\n\t\t\t\t<section class=\"elementor-section elementor-top-section elementor-element elementor-element-95c6cd9 elementor-section-boxed elementor-section-height-default elementor-section-height-default\" data-id=\"95c6cd9\" data-element_type=\"section\" data-e-type=\"section\">\n\t\t\t\t\t\t<div class=\"elementor-container elementor-column-gap-default\">\n\t\t\t\t\t<div class=\"elementor-column elementor-col-50 elementor-top-column elementor-element elementor-element-70894a6\" data-id=\"70894a6\" data-element_type=\"column\" data-e-type=\"column\">\n\t\t\t<div class=\"elementor-widget-wrap elementor-element-populated\">\n\t\t\t\t\t\t<div class=\"elementor-element elementor-element-308d9e0 elementor-widget elementor-widget-text-editor\" data-id=\"308d9e0\" data-element_type=\"widget\" data-e-type=\"widget\" data-widget_type=\"text-editor.default\">\n\t\t\t\t<div class=\"elementor-widget-container\">\n\t\t\t\t\t\t\t\t\t<p style=\"text-align: justify;\">Sanary-sur-mer est une petite ville qui offre <span style=\"text-decoration: underline;\"><strong><a href=\"https:\/\/www.sanary-tourisme.com\/?no_cache=1\" target=\"_blank\" rel=\"noopener\"> authenticit\u00e9 et douceur de vivre<\/a><\/strong><\/span>\u00a0tout au long de l\u2019ann\u00e9e. On y trouve un <span style=\"text-decoration: underline;\"><strong><a href=\"https:\/\/www.sanarysurmer.com\/territoire-maritime.html\" target=\"_blank\" rel=\"noopener\">territoire maritime riche<\/a><\/strong><\/span>, qui offre des paysages marins superbes et des activit\u00e9s nautiques vari\u00e9es. Cit\u00e9e historique de la plong\u00e9e, elle poss\u00e8de un joli port avec sa capitainerie, plusieurs plages de sable et de galets, une base nautique.<\/p>\n<p style=\"text-align: justify;\">Force de caract\u00e8re et douceur de vivre sont au rendez-vous \u00e0 Sanary-sur-mer. C\u2019est au c\u0153ur de son village ancien que se d\u00e9couvre le mieux l\u2019\u00e2me de Sanary. Dans un cadre \u00e0 l\u2019authentique caract\u00e8re m\u00e9diterran\u00e9en se d\u00e9voile son charme empreint d\u2019animation conviviale. C\u2019est une d\u00e9couverte qui se d\u00e9cline au fil de son port, de ses ruelles, de ses march\u00e9s, de ses jardins et monuments&#8230;<\/p>\t\t\t\t\t\t\t\t<\/div>\n\t\t\t\t<\/div>\n\t\t\t\t\t<\/div>\n\t\t<\/div>\n\t\t\t\t<div class=\"elementor-column elementor-col-50 elementor-top-column elementor-element elementor-element-760a272\" data-id=\"760a272\" data-element_type=\"column\" data-e-type=\"column\">\n\t\t\t<div class=\"elementor-widget-wrap elementor-element-populated\">\n\t\t\t\t\t\t<div class=\"elementor-element elementor-element-4f404a5 elementor-widget elementor-widget-text-editor\" data-id=\"4f404a5\" data-element_type=\"widget\" data-e-type=\"widget\" data-widget_type=\"text-editor.default\">\n\t\t\t\t<div class=\"elementor-widget-container\">\n\t\t\t\t\t\t\t\t\t<p style=\"text-align: justify;\">A Sanary, la nature est omnipr\u00e9sente et son acc\u00e8s est facile. Parcs et jardins, mais aussi le massif forestier du Gros-Cerveau, o\u00f9 l\u2019on pratique la randonn\u00e9e, la d\u00e9couverte botanique, l\u2019observation des animaux. Sur les march\u00e9s, on trouve des produits locaux et de qualit\u00e9 issus de la culture proven\u00e7ale et m\u00e9diterran\u00e9enne : grand march\u00e9 hebdomadaire du mercredi, march\u00e9 quotidien alimentaire, march\u00e9 aux poissons, march\u00e9 aux fleurs, march\u00e9 artisanal nocturne tous les soirs en juillet et ao\u00fbt. Un patrimoine vivant et pr\u00e9serv\u00e9 et un contexte historique riche sont mis \u00e0 l\u2019honneur.\t\t\t\t\t\t\t\t<\/div>\n\t\t\t\t<\/div>\n\t\t\t\t\t<\/div>\n\t\t<\/div>\n\t\t\t\t\t<\/div>\n\t\t<\/section>\n\t\t\t\t<section class=\"elementor-section elementor-top-section elementor-element elementor-element-1c6beec elementor-section-boxed elementor-section-height-default elementor-section-height-default\" data-id=\"1c6beec\" data-element_type=\"section\" data-e-type=\"section\">\n\t\t\t\t\t\t<div class=\"elementor-container elementor-column-gap-default\">\n\t\t\t\t\t<div class=\"elementor-column elementor-col-100 elementor-top-column elementor-element elementor-element-311085e\" data-id=\"311085e\" data-element_type=\"column\" data-e-type=\"column\">\n\t\t\t<div class=\"elementor-widget-wrap elementor-element-populated\">\n\t\t\t\t\t\t<div class=\"elementor-element elementor-element-befed5b elementor-align-center elementor-widget elementor-widget-button\" data-id=\"befed5b\" data-element_type=\"widget\" data-e-type=\"widget\" data-widget_type=\"button.default\">\n\t\t\t\t<div class=\"elementor-widget-container\">\n\t\t\t\t\t\t\t\t\t<div class=\"elementor-button-wrapper\">\n\t\t\t\t\t<a class=\"elementor-button elementor-button-link elementor-size-md\" href=\"\/accommodation\/la-villa\/#booking\">\n\t\t\t\t\t\t<span class=\"elementor-button-content-wrapper\">\n\t\t\t\t\t\t\t\t\t<span class=\"elementor-button-text\">R\u00e9servez votre s\u00e9jour \u00e0 Sanary sur Mer<\/span>\n\t\t\t\t\t<\/span>\n\t\t\t\t\t<\/a>\n\t\t\t\t<\/div>\n\t\t\t\t\t\t\t\t<\/div>\n\t\t\t\t<\/div>\n\t\t\t\t\t<\/div>\n\t\t<\/div>\n\t\t\t\t\t<\/div>\n\t\t<\/section>\n\t\t\t\t<\/div>\n\t\t","protected":false},"excerpt":{"rendered":"<p>Sanary-sur-mer est une petite ville qui offre authenticit\u00e9 et douceur de vivre&nbsp;tout au long de l\u2019ann\u00e9e. On y trouve un territoire maritime riche, qui offre des paysages marins superbes et des activit\u00e9s nautiques vari\u00e9es. Cit\u00e9e historique de la plong\u00e9e, elle &hellip; <a href=\"https:\/\/villa-marcam.com\/fr_fr\/sanary-sur-mer\/\">Read More<\/a><\/p>\n","protected":false},"author":1,"featured_media":0,"parent":0,"menu_order":0,"comment_status":"closed","ping_status":"closed","template":"","meta":{"footnotes":""},"class_list":["post-2","page","type-page","status-publish","hentry"],"yoast_head":"<!-- This site is optimized with the Yoast SEO Premium plugin v20.5 (Yoast SEO v27.5) - https:\/\/yoast.com\/product\/yoast-seo-premium-wordpress\/ -->\n<title>Sanary sur Mer - Villa Marcam<\/title>\n<meta name=\"description\" content=\"Sanary-sur-Mer est une commune fran\u00e7aise et une station baln\u00e9aire situ\u00e9e dans le d\u00e9partement du Var, en r\u00e9gion Provence-Alpes-C\u00f4te d&#039;Azur.\" \/>\n<meta name=\"robots\" content=\"index, follow, max-snippet:-1, max-image-preview:large, max-video-preview:-1\" \/>\n<link rel=\"canonical\" href=\"https:\/\/villa-marcam.com\/fr_fr\/sanary-sur-mer\/\" \/>\n<meta property=\"og:locale\" content=\"fr_FR\" \/>\n<meta property=\"og:type\" content=\"article\" \/>\n<meta property=\"og:title\" content=\"Sanary sur Mer\" \/>\n<meta property=\"og:description\" content=\"Sanary-sur-Mer est une commune fran\u00e7aise et une station baln\u00e9aire situ\u00e9e dans le d\u00e9partement du Var, en r\u00e9gion Provence-Alpes-C\u00f4te d&#039;Azur.\" \/>\n<meta property=\"og:url\" content=\"https:\/\/villa-marcam.com\/fr_fr\/sanary-sur-mer\/\" \/>\n<meta property=\"og:site_name\" content=\"Villa Marcam\" \/>\n<meta property=\"article:modified_time\" content=\"2023-04-18T15:17:35+00:00\" \/>\n<meta property=\"og:image\" content=\"https:\/\/villa-marcam.com\/wp-content\/uploads\/2022\/02\/Villa-Marcam-Sanary-sur-Mer-11-2021-06-scaled.jpg\" \/>\n\t<meta property=\"og:image:width\" content=\"2560\" \/>\n\t<meta property=\"og:image:height\" content=\"1708\" \/>\n\t<meta property=\"og:image:type\" content=\"image\/jpeg\" \/>\n<meta name=\"twitter:card\" content=\"summary_large_image\" \/>\n<meta name=\"twitter:label1\" content=\"Dur\u00e9e de lecture estim\u00e9e\" \/>\n\t<meta name=\"twitter:data1\" content=\"2 minutes\" \/>\n<script type=\"application\/ld+json\" class=\"yoast-schema-graph\">{\"@context\":\"https:\\\/\\\/schema.org\",\"@graph\":[{\"@type\":\"WebPage\",\"@id\":\"https:\\\/\\\/villa-marcam.com\\\/sanary-sur-mer\\\/\",\"url\":\"https:\\\/\\\/villa-marcam.com\\\/sanary-sur-mer\\\/\",\"name\":\"Sanary sur Mer - Villa Marcam\",\"isPartOf\":{\"@id\":\"https:\\\/\\\/villa-marcam.com\\\/#website\"},\"datePublished\":\"2021-12-02T11:07:25+00:00\",\"dateModified\":\"2023-04-18T15:17:35+00:00\",\"description\":\"Sanary-sur-Mer est une commune fran\u00e7aise et une station baln\u00e9aire situ\u00e9e dans le d\u00e9partement du Var, en r\u00e9gion Provence-Alpes-C\u00f4te d'Azur.\",\"breadcrumb\":{\"@id\":\"https:\\\/\\\/villa-marcam.com\\\/sanary-sur-mer\\\/#breadcrumb\"},\"inLanguage\":\"fr-FR\",\"potentialAction\":[{\"@type\":\"ReadAction\",\"target\":[\"https:\\\/\\\/villa-marcam.com\\\/sanary-sur-mer\\\/\"]}]},{\"@type\":\"BreadcrumbList\",\"@id\":\"https:\\\/\\\/villa-marcam.com\\\/sanary-sur-mer\\\/#breadcrumb\",\"itemListElement\":[{\"@type\":\"ListItem\",\"position\":1,\"name\":\"Accueil\",\"item\":\"https:\\\/\\\/villa-marcam.com\\\/fr_fr\\\/\"},{\"@type\":\"ListItem\",\"position\":2,\"name\":\"Sanary sur Mer\"}]},{\"@type\":\"WebSite\",\"@id\":\"https:\\\/\\\/villa-marcam.com\\\/#website\",\"url\":\"https:\\\/\\\/villa-marcam.com\\\/\",\"name\":\"Villa Marcam\",\"description\":\"Location saisonni\u00e8re \u00e0 Sanary sur Mer dans le Sud de la France\",\"potentialAction\":[{\"@type\":\"SearchAction\",\"target\":{\"@type\":\"EntryPoint\",\"urlTemplate\":\"https:\\\/\\\/villa-marcam.com\\\/?s={search_term_string}\"},\"query-input\":{\"@type\":\"PropertyValueSpecification\",\"valueRequired\":true,\"valueName\":\"search_term_string\"}}],\"inLanguage\":\"fr-FR\"}]}<\/script>\n<!-- \/ Yoast SEO Premium plugin. -->","yoast_head_json":{"title":"Sanary sur Mer - Villa Marcam","description":"Sanary-sur-Mer est une commune fran\u00e7aise et une station baln\u00e9aire situ\u00e9e dans le d\u00e9partement du Var, en r\u00e9gion Provence-Alpes-C\u00f4te d'Azur.","robots":{"index":"index","follow":"follow","max-snippet":"max-snippet:-1","max-image-preview":"max-image-preview:large","max-video-preview":"max-video-preview:-1"},"canonical":"https:\/\/villa-marcam.com\/fr_fr\/sanary-sur-mer\/","og_locale":"fr_FR","og_type":"article","og_title":"Sanary sur Mer","og_description":"Sanary-sur-Mer est une commune fran\u00e7aise et une station baln\u00e9aire situ\u00e9e dans le d\u00e9partement du Var, en r\u00e9gion Provence-Alpes-C\u00f4te d'Azur.","og_url":"https:\/\/villa-marcam.com\/fr_fr\/sanary-sur-mer\/","og_site_name":"Villa Marcam","article_modified_time":"2023-04-18T15:17:35+00:00","og_image":[{"width":2560,"height":1708,"url":"https:\/\/villa-marcam.com\/wp-content\/uploads\/2022\/02\/Villa-Marcam-Sanary-sur-Mer-11-2021-06-scaled.jpg","type":"image\/jpeg"}],"twitter_card":"summary_large_image","twitter_misc":{"Dur\u00e9e de lecture estim\u00e9e":"2 minutes"},"schema":{"@context":"https:\/\/schema.org","@graph":[{"@type":"WebPage","@id":"https:\/\/villa-marcam.com\/sanary-sur-mer\/","url":"https:\/\/villa-marcam.com\/sanary-sur-mer\/","name":"Sanary sur Mer - Villa Marcam","isPartOf":{"@id":"https:\/\/villa-marcam.com\/#website"},"datePublished":"2021-12-02T11:07:25+00:00","dateModified":"2023-04-18T15:17:35+00:00","description":"Sanary-sur-Mer est une commune fran\u00e7aise et une station baln\u00e9aire situ\u00e9e dans le d\u00e9partement du Var, en r\u00e9gion Provence-Alpes-C\u00f4te d'Azur.","breadcrumb":{"@id":"https:\/\/villa-marcam.com\/sanary-sur-mer\/#breadcrumb"},"inLanguage":"fr-FR","potentialAction":[{"@type":"ReadAction","target":["https:\/\/villa-marcam.com\/sanary-sur-mer\/"]}]},{"@type":"BreadcrumbList","@id":"https:\/\/villa-marcam.com\/sanary-sur-mer\/#breadcrumb","itemListElement":[{"@type":"ListItem","position":1,"name":"Accueil","item":"https:\/\/villa-marcam.com\/fr_fr\/"},{"@type":"ListItem","position":2,"name":"Sanary sur Mer"}]},{"@type":"WebSite","@id":"https:\/\/villa-marcam.com\/#website","url":"https:\/\/villa-marcam.com\/","name":"Villa Marcam","description":"Location saisonni\u00e8re \u00e0 Sanary sur Mer dans le Sud de la France","potentialAction":[{"@type":"SearchAction","target":{"@type":"EntryPoint","urlTemplate":"https:\/\/villa-marcam.com\/?s={search_term_string}"},"query-input":{"@type":"PropertyValueSpecification","valueRequired":true,"valueName":"search_term_string"}}],"inLanguage":"fr-FR"}]}},"_links":{"self":[{"href":"https:\/\/villa-marcam.com\/fr_fr\/wp-json\/wp\/v2\/pages\/2","targetHints":{"allow":["GET"]}}],"collection":[{"href":"https:\/\/villa-marcam.com\/fr_fr\/wp-json\/wp\/v2\/pages"}],"about":[{"href":"https:\/\/villa-marcam.com\/fr_fr\/wp-json\/wp\/v2\/types\/page"}],"author":[{"embeddable":true,"href":"https:\/\/villa-marcam.com\/fr_fr\/wp-json\/wp\/v2\/users\/1"}],"replies":[{"embeddable":true,"href":"https:\/\/villa-marcam.com\/fr_fr\/wp-json\/wp\/v2\/comments?post=2"}],"version-history":[{"count":47,"href":"https:\/\/villa-marcam.com\/fr_fr\/wp-json\/wp\/v2\/pages\/2\/revisions"}],"predecessor-version":[{"id":2516,"href":"https:\/\/villa-marcam.com\/fr_fr\/wp-json\/wp\/v2\/pages\/2\/revisions\/2516"}],"wp:attachment":[{"href":"https:\/\/villa-marcam.com\/fr_fr\/wp-json\/wp\/v2\/media?parent=2"}],"curies":[{"name":"wp","href":"https:\/\/api.w.org\/{rel}","templated":true}]}}