{"id":81,"date":"2021-10-19T14:51:50","date_gmt":"2021-10-19T13:51:50","guid":{"rendered":"https:\/\/master.themovation.com\/bellevue\/tinyhome\/?page_id=3510"},"modified":"2025-03-05T18:21:14","modified_gmt":"2025-03-05T17:21:14","slug":"home","status":"publish","type":"page","link":"https:\/\/villa-marcam.com\/fr_fr\/","title":{"rendered":"Villa Marcam &#8211; Location Saisonni\u00e8re \u00e0 Sanary sur Mer, VAR"},"content":{"rendered":"\t\t<div data-elementor-type=\"wp-page\" data-elementor-id=\"81\" class=\"elementor elementor-81\" data-elementor-post-type=\"page\">\n\t\t\t\t\t\t<section class=\"elementor-section elementor-top-section elementor-element elementor-element-1f40cbc6 elementor-section-height-full elementor-section-items-stretch elementor-section-boxed elementor-section-height-default\" data-id=\"1f40cbc6\" data-element_type=\"section\" data-e-type=\"section\" data-settings=\"{&quot;background_background&quot;:&quot;slideshow&quot;,&quot;background_slideshow_gallery&quot;:[{&quot;id&quot;:2535,&quot;url&quot;:&quot;https:\\\/\\\/villa-marcam.com\\\/wp-content\\\/uploads\\\/2023\\\/08\\\/cynthia-reinke-photography-immobilier-11.jpg&quot;},{&quot;id&quot;:1149,&quot;url&quot;:&quot;https:\\\/\\\/villa-marcam.com\\\/wp-content\\\/uploads\\\/2022\\\/02\\\/Villa-Marcam-Sanary-sur-Mer-11-2021-06-scaled.jpg&quot;},{&quot;id&quot;:333,&quot;url&quot;:&quot;https:\\\/\\\/villa-marcam.com\\\/wp-content\\\/uploads\\\/2022\\\/01\\\/Villa-Marcam-Sanary-sur-Mer-11-2021-04.jpg&quot;},{&quot;id&quot;:2601,&quot;url&quot;:&quot;https:\\\/\\\/villa-marcam.com\\\/wp-content\\\/uploads\\\/2024\\\/01\\\/cynthia-reinke-photography-immobilier-2-scaled.jpg&quot;},{&quot;id&quot;:2602,&quot;url&quot;:&quot;https:\\\/\\\/villa-marcam.com\\\/wp-content\\\/uploads\\\/2024\\\/01\\\/cynthia-reinke-photography-immobilier-8-scaled.jpg&quot;},{&quot;id&quot;:2603,&quot;url&quot;:&quot;https:\\\/\\\/villa-marcam.com\\\/wp-content\\\/uploads\\\/2024\\\/01\\\/Villa-Marcam-Sanary-sur-Mer-11-2021-114.jpg&quot;},{&quot;id&quot;:2604,&quot;url&quot;:&quot;https:\\\/\\\/villa-marcam.com\\\/wp-content\\\/uploads\\\/2024\\\/01\\\/cynthia-reinke-photography-immobilier-5-scaled.jpg&quot;}],&quot;background_slideshow_slide_duration&quot;:3000,&quot;background_slideshow_transition_duration&quot;:4000,&quot;background_slideshow_loop&quot;:&quot;yes&quot;,&quot;background_slideshow_slide_transition&quot;:&quot;fade&quot;}\">\n\t\t\t\t\t\t\t<div class=\"elementor-background-overlay\"><\/div>\n\t\t\t\t\t\t\t<div class=\"elementor-container elementor-column-gap-no\">\n\t\t\t\t\t<div class=\"elementor-column elementor-col-100 elementor-top-column elementor-element elementor-element-626bb4b\" data-id=\"626bb4b\" data-element_type=\"column\" data-e-type=\"column\">\n\t\t\t<div class=\"elementor-widget-wrap elementor-element-populated\">\n\t\t\t\t\t\t<div class=\"elementor-element elementor-element-96e66fc elementor-hidden-mobile elementor-widget elementor-widget-themo-mphb-booking-form\" data-id=\"96e66fc\" data-element_type=\"widget\" data-e-type=\"widget\" data-widget_type=\"themo-mphb-booking-form.default\">\n\t\t\t\t<div class=\"elementor-widget-container\">\n\t\t\t\t\t                <div class=\"th-fo-form  th-left th-conversion  th-btn-form btn-standard-dark-form\"><div class=\"mphb_sc_booking_form-wrapper frm_forms with_frm_style \">\t<form method=\"POST\" action=\"https:\/\/villa-marcam.com\/fr_fr\/booking-confirmation\/\" class=\"mphb-booking-form mphb-booking-form--direct-booking\" id=\"booking-form-131\">\n\t\t<p class=\"mphb-required-fields-tip\"><small>Les champs obligatoires sont suivis de <abbr title=\"required\">*<\/abbr><\/small><\/p>\n\t\t<input type=\"hidden\" id=\"mphb-checkout-nonce\" name=\"mphb-checkout-nonce\" value=\"70db3dc43e\" \/><input type=\"hidden\" name=\"_wp_http_referer\" value=\"\/fr_fr\/wp-json\/wp\/v2\/pages\/81\" \/>\t\t\t\t<input type=\"hidden\" name=\"mphb_room_type_id\" value=\"131\" \/>\n\t\t<p class=\"mphb-check-in-date-wrapper frm_form_field\">\n\t\t\t<label for=\"mphb_check_in_date-69f3a33495968\">\n\t\t\t\tDate d&#039;arriv\u00e9e\t\t\t\t<abbr title=\"Format\u00e9 comme dd\/mm\/yyyy\">*<\/abbr>\n\t\t\t<\/label>\n\t\t\t<br \/>\n\t\t\t<input id=\"mphb_check_in_date-69f3a33495968\" type=\"text\" class=\"mphb-datepick\" value=\"\" required=\"required\" autocomplete=\"off\" placeholder=\"Date d&#039;arriv\u00e9e\" inputmode=\"none\" \/>\n\t\t\t<input id=\"mphb_check_in_date-69f3a33495968-hidden\" type=\"hidden\" name=\"mphb_check_in_date\" value=\"\" \/>\n\t\t<\/p>\n\t\t<p class=\"mphb-check-out-date-wrapper frm_form_field\">\n\t\t\t<label for=\"mphb_check_out_date-69f3a33495968\">\n\t\t\t\tDate de d\u00e9part\t\t\t\t<abbr title=\"Format\u00e9 comme dd\/mm\/yyyy\">*<\/abbr>\n\t\t\t<\/label>\n\t\t\t<br \/>\n\t\t\t<input id=\"mphb_check_out_date-69f3a33495968\" type=\"text\" class=\"mphb-datepick\" value=\"\" required=\"required\" autocomplete=\"off\" placeholder=\"Date de d\u00e9part\" inputmode=\"none\" \/>\n\t\t\t<input id=\"mphb_check_out_date-69f3a33495968-hidden\" type=\"hidden\" name=\"mphb_check_out_date\" value=\"\" \/>\n\t\t<\/p>\n\t\t\t\t\t\t\t<div class=\"mphb-reserve-room-section frm_submit mphb-hide\">\n\t\t\t\t<p class=\"mphb-rooms-quantity-wrapper mphb-rooms-quantity-multiple mphb-hide\">R\u00e9serve <select class=\"mphb-rooms-quantity\" id=\"mphb-rooms-quantity-131\" name=\"mphb_rooms_details[131]\"><option value=\"1\" selected=\"selected\">1<\/option><\/select> de <span class=\"mphb-available-rooms-count\">1<\/span> de logements disponibles.<\/p>\n\t\t\t\t<p class=\"mphb-rooms-quantity-wrapper mphb-rooms-quantity-single mphb-hide\">\n\t\t\t\t\tLa Villa est disponible pour les dates s\u00e9lectionn\u00e9es.\t\t\t\t<\/p>\n                \t\t\t\t<input type=\"hidden\" name=\"mphb_is_direct_booking\" value=\"1\" \/>\n\t\t\t\t<input class=\"button mphb-button mphb-confirm-reservation\" type=\"submit\" value=\"Confirmer la r\u00e9servation\" \/>\n\t\t\t<\/div>\n\t\t\n\t\t<div class=\"mphb-errors-wrapper mphb-hide\"><\/div>\n\t\t<p class=\"mphb-reserve-btn-wrapper frm_submit\">\n\t\t\t<input class=\"mphb-reserve-btn button\" type=\"submit\" value=\"V\u00e9rifier la disponibilit\u00e9\" \/>\n\t\t<\/p>\n\t<\/form>\n\t<\/div><\/div>\n                \t\t\t\t<\/div>\n\t\t\t\t<\/div>\n\t\t\t\t\t<\/div>\n\t\t<\/div>\n\t\t\t\t\t<\/div>\n\t\t<\/section>\n\t\t\t\t<section class=\"elementor-section elementor-top-section elementor-element elementor-element-e749c6b elementor-section-boxed elementor-section-height-default elementor-section-height-default\" data-id=\"e749c6b\" data-element_type=\"section\" data-e-type=\"section\">\n\t\t\t\t\t\t<div class=\"elementor-container elementor-column-gap-default\">\n\t\t\t\t\t<div class=\"elementor-column elementor-col-100 elementor-top-column elementor-element elementor-element-b64826b\" data-id=\"b64826b\" data-element_type=\"column\" data-e-type=\"column\">\n\t\t\t<div class=\"elementor-widget-wrap\">\n\t\t\t\t\t\t\t<\/div>\n\t\t<\/div>\n\t\t\t\t\t<\/div>\n\t\t<\/section>\n\t\t\t\t<section class=\"elementor-section elementor-top-section elementor-element elementor-element-78eb8aec elementor-section-boxed elementor-section-height-default elementor-section-height-default\" data-id=\"78eb8aec\" data-element_type=\"section\" data-e-type=\"section\" data-settings=\"{&quot;background_background&quot;:&quot;classic&quot;}\">\n\t\t\t\t\t\t<div class=\"elementor-container elementor-column-gap-no\">\n\t\t\t\t\t<div class=\"elementor-column elementor-col-100 elementor-top-column elementor-element elementor-element-44a98903\" data-id=\"44a98903\" data-element_type=\"column\" data-e-type=\"column\">\n\t\t\t<div class=\"elementor-widget-wrap elementor-element-populated\">\n\t\t\t\t\t\t<section class=\"elementor-section elementor-inner-section elementor-element elementor-element-e36124c elementor-reverse-tablet elementor-reverse-mobile elementor-section-boxed elementor-section-height-default elementor-section-height-default\" data-id=\"e36124c\" data-element_type=\"section\" data-e-type=\"section\">\n\t\t\t\t\t\t<div class=\"elementor-container elementor-column-gap-no\">\n\t\t\t\t\t<div class=\"elementor-column elementor-col-50 elementor-inner-column elementor-element elementor-element-6148ae6\" data-id=\"6148ae6\" data-element_type=\"column\" data-e-type=\"column\">\n\t\t\t<div class=\"elementor-widget-wrap elementor-element-populated\">\n\t\t\t\t\t\t<div class=\"elementor-element elementor-element-3981994 elementor-widget elementor-widget-menu-anchor\" data-id=\"3981994\" data-element_type=\"widget\" data-e-type=\"widget\" data-widget_type=\"menu-anchor.default\">\n\t\t\t\t<div class=\"elementor-widget-container\">\n\t\t\t\t\t\t\t<div class=\"elementor-menu-anchor\" id=\"hello\"><\/div>\n\t\t\t\t\t\t<\/div>\n\t\t\t\t<\/div>\n\t\t\t\t<div class=\"elementor-element elementor-element-1e10cb4f elementor-widget elementor-widget-image\" data-id=\"1e10cb4f\" data-element_type=\"widget\" data-e-type=\"widget\" data-widget_type=\"image.default\">\n\t\t\t\t<div class=\"elementor-widget-container\">\n\t\t\t\t\t\t\t\t\t\t\t\t\t\t\t<img fetchpriority=\"high\" decoding=\"async\" width=\"605\" height=\"806\" src=\"https:\/\/villa-marcam.com\/wp-content\/uploads\/2022\/01\/Villa-Marcam-Sanary-sur-Mer-11-2021-15-605x806.jpg\" class=\"attachment-th_img_md_portrait size-th_img_md_portrait wp-image-345\" alt=\"\" srcset=\"https:\/\/villa-marcam.com\/wp-content\/uploads\/2022\/01\/Villa-Marcam-Sanary-sur-Mer-11-2021-15-605x806.jpg 605w, https:\/\/villa-marcam.com\/wp-content\/uploads\/2022\/01\/Villa-Marcam-Sanary-sur-Mer-11-2021-15-8x12.jpg 8w\" sizes=\"(max-width: 605px) 100vw, 605px\" \/>\t\t\t\t\t\t\t\t\t\t\t\t\t\t\t<\/div>\n\t\t\t\t<\/div>\n\t\t\t\t\t<\/div>\n\t\t<\/div>\n\t\t\t\t<div class=\"elementor-column elementor-col-50 elementor-inner-column elementor-element elementor-element-596503b\" data-id=\"596503b\" data-element_type=\"column\" data-e-type=\"column\">\n\t\t\t<div class=\"elementor-widget-wrap elementor-element-populated\">\n\t\t\t\t\t\t<div class=\"elementor-element elementor-element-4d9ebafd elementor-view-default elementor-position-top elementor-widget elementor-widget-themo-header\" data-id=\"4d9ebafd\" data-element_type=\"widget\" data-e-type=\"widget\" data-widget_type=\"themo-header.default\">\n\t\t\t\t<div class=\"elementor-widget-container\">\n\t\t\t\t\t\t\t<div class=\"th-header-wrap\">\n        <div class=\"elementor-icon-box-wrapper \">\n                            <div class=\"elementor-icon-box-content\">\n                    <h3 class=\"elementor-icon-box-title\">\n                        Bienvenue \u00e0 la Villa Marcam, \u00e0 Sanary-sur-Mer dans le Var.                    <\/h3>\n                                        <p class=\"elementor-icon-box-description\">Location saisonni\u00e8re &amp; \u00e9v\u00e8nementiel bien-\u00eatre et ressourcement. Vue mer, plage \u00e0 200m, piscine, paddles...<\/p>\n\n                                    <\/div>\n            <\/div>\n\n        <\/div>\n\n\t\t\t\t\t\t<\/div>\n\t\t\t\t<\/div>\n\t\t\t\t<div class=\"elementor-element elementor-element-3f84c249 elementor-widget elementor-widget-text-editor\" data-id=\"3f84c249\" data-element_type=\"widget\" data-e-type=\"widget\" data-widget_type=\"text-editor.default\">\n\t\t\t\t<div class=\"elementor-widget-container\">\n\t\t\t\t\t\t\t\t\t<p style=\"text-align: justify;\">La petite et authentique ville de p\u00eacheurs de Sanary-sur-Mer est situ\u00e9e sur la mer M\u00e9diterran\u00e9e, entre Provence et C\u00f4te d&rsquo;Azur.<\/p>\n<p style=\"text-align: justify;\">Situ\u00e9e dans un environnement calme, au dessus de la plage de Beaucours, la Villa Marcam offre une vue exceptionnelle sur la mer et le coucher de soleil.<\/p>\n\n<p style=\"text-align: justify;\">Une maison d&rsquo;architecte enti\u00e8rement neuve, avec piscine s\u00e9curis\u00e9e et chauff\u00e9e de mi-mai \u00e0 septembre, plage \u00e0 200 m\u00e8tres \u00e0 pied, paddles \u00e0 disposition.<\/p>\t\t\t\t\t\t\t\t<\/div>\n\t\t\t\t<\/div>\n\t\t\t\t<div class=\"elementor-element elementor-element-3c6d0db6 elementor-tablet-align-center elementor-widget elementor-widget-button\" data-id=\"3c6d0db6\" data-element_type=\"widget\" data-e-type=\"widget\" data-widget_type=\"button.default\">\n\t\t\t\t<div class=\"elementor-widget-container\">\n\t\t\t\t\t\t\t\t\t<div class=\"elementor-button-wrapper\">\n\t\t\t\t\t<a class=\"elementor-button elementor-button-link elementor-size-sm\" href=\"\/accommodation\/la-villa\/\">\n\t\t\t\t\t\t<span class=\"elementor-button-content-wrapper\">\n\t\t\t\t\t\t<span class=\"elementor-button-icon\">\n\t\t\t\t<i aria-hidden=\"true\" class=\"fas fa-long-arrow-alt-right\"><\/i>\t\t\t<\/span>\n\t\t\t\t\t\t\t\t\t<span class=\"elementor-button-text\">D\u00e9couvrir la Villa<\/span>\n\t\t\t\t\t<\/span>\n\t\t\t\t\t<\/a>\n\t\t\t\t<\/div>\n\t\t\t\t\t\t\t\t<\/div>\n\t\t\t\t<\/div>\n\t\t\t\t\t<\/div>\n\t\t<\/div>\n\t\t\t\t\t<\/div>\n\t\t<\/section>\n\t\t\t\t\t<\/div>\n\t\t<\/div>\n\t\t\t\t\t<\/div>\n\t\t<\/section>\n\t\t\t\t<section class=\"elementor-section elementor-top-section elementor-element elementor-element-21d0a1a7 elementor-section-boxed elementor-section-height-default elementor-section-height-default\" data-id=\"21d0a1a7\" data-element_type=\"section\" data-e-type=\"section\" data-settings=\"{&quot;background_background&quot;:&quot;classic&quot;}\">\n\t\t\t\t\t\t<div class=\"elementor-container elementor-column-gap-no\">\n\t\t\t\t\t<div class=\"elementor-column elementor-col-100 elementor-top-column elementor-element elementor-element-96fde71\" data-id=\"96fde71\" data-element_type=\"column\" data-e-type=\"column\">\n\t\t\t<div class=\"elementor-widget-wrap elementor-element-populated\">\n\t\t\t\t\t\t<div class=\"elementor-element elementor-element-2f57cf55 elementor-widget elementor-widget-themo-image-gallery\" data-id=\"2f57cf55\" data-element_type=\"widget\" data-e-type=\"widget\" data-widget_type=\"themo-image-gallery.default\">\n\t\t\t\t<div class=\"elementor-widget-container\">\n\t\t\t\t\t\t\t<div class=\"elementor-image-gallery th-image-stretch\">\n\t\t\t<div class=\"gallery gallery-81-1\"><div class=\"row gallery-row\"><div class=\"col-sm-4 col-lg-4\"><a data-toggle=\"lightbox\" data-gallery=\"multiimages\" data-title=\"\"  class=\"thumbnail img-thumbnail\" href='https:\/\/villa-marcam.com\/wp-content\/uploads\/2023\/08\/villa-marcam-sanary-location-cynthia-reinke-photography-immobilier-13-1240x827.jpg'><img decoding=\"async\" width=\"394\" height=\"394\" src=\"https:\/\/villa-marcam.com\/wp-content\/uploads\/2023\/08\/villa-marcam-sanary-location-cynthia-reinke-photography-immobilier-13-394x394.jpg\" class=\"attachment-th_img_sm_square size-th_img_sm_square\" alt=\"\" srcset=\"https:\/\/villa-marcam.com\/wp-content\/uploads\/2023\/08\/villa-marcam-sanary-location-cynthia-reinke-photography-immobilier-13-394x394.jpg 394w, https:\/\/villa-marcam.com\/wp-content\/uploads\/2023\/08\/villa-marcam-sanary-location-cynthia-reinke-photography-immobilier-13-150x150.jpg 150w, https:\/\/villa-marcam.com\/wp-content\/uploads\/2023\/08\/villa-marcam-sanary-location-cynthia-reinke-photography-immobilier-13-605x605.jpg 605w\" sizes=\"(max-width: 394px) 100vw, 394px\" \/><\/a><div class=\"gallery-text\"><div class=\"image-title\">villa-marcam-sanary-location-cynthia-reinke-photography-immobilier-13<\/div><\/div><\/div><div class=\"col-sm-4 col-lg-4\"><a data-toggle=\"lightbox\" data-gallery=\"multiimages\" data-title=\"\"  class=\"thumbnail img-thumbnail\" href='https:\/\/villa-marcam.com\/wp-content\/uploads\/2023\/08\/villa-marcam-sanary-location-cynthia-reinke-photography-immobilier-9-1240x827.jpg'><img decoding=\"async\" width=\"394\" height=\"394\" src=\"https:\/\/villa-marcam.com\/wp-content\/uploads\/2023\/08\/villa-marcam-sanary-location-cynthia-reinke-photography-immobilier-9-394x394.jpg\" class=\"attachment-th_img_sm_square size-th_img_sm_square\" alt=\"\" srcset=\"https:\/\/villa-marcam.com\/wp-content\/uploads\/2023\/08\/villa-marcam-sanary-location-cynthia-reinke-photography-immobilier-9-394x394.jpg 394w, https:\/\/villa-marcam.com\/wp-content\/uploads\/2023\/08\/villa-marcam-sanary-location-cynthia-reinke-photography-immobilier-9-150x150.jpg 150w, https:\/\/villa-marcam.com\/wp-content\/uploads\/2023\/08\/villa-marcam-sanary-location-cynthia-reinke-photography-immobilier-9-605x605.jpg 605w\" sizes=\"(max-width: 394px) 100vw, 394px\" \/><\/a><div class=\"gallery-text\"><div class=\"image-title\">Piscine<\/div><\/div><\/div><div class=\"col-sm-4 col-lg-4\"><a data-toggle=\"lightbox\" data-gallery=\"multiimages\" data-title=\"\"  class=\"thumbnail img-thumbnail\" href='https:\/\/villa-marcam.com\/wp-content\/uploads\/2023\/08\/villa-marcam-sanary-location-cynthia-reinke-photography-immobilier-2-1240x827.jpg'><img loading=\"lazy\" decoding=\"async\" width=\"394\" height=\"394\" src=\"https:\/\/villa-marcam.com\/wp-content\/uploads\/2023\/08\/villa-marcam-sanary-location-cynthia-reinke-photography-immobilier-2-394x394.jpg\" class=\"attachment-th_img_sm_square size-th_img_sm_square\" alt=\"\" srcset=\"https:\/\/villa-marcam.com\/wp-content\/uploads\/2023\/08\/villa-marcam-sanary-location-cynthia-reinke-photography-immobilier-2-394x394.jpg 394w, https:\/\/villa-marcam.com\/wp-content\/uploads\/2023\/08\/villa-marcam-sanary-location-cynthia-reinke-photography-immobilier-2-150x150.jpg 150w, https:\/\/villa-marcam.com\/wp-content\/uploads\/2023\/08\/villa-marcam-sanary-location-cynthia-reinke-photography-immobilier-2-605x605.jpg 605w\" sizes=\"(max-width: 394px) 100vw, 394px\" \/><\/a><div class=\"gallery-text\"><div class=\"image-title\">Vue sur la maison depuis le portail<\/div><\/div><\/div><\/div><div class=\"row gallery-row\"><div class=\"col-sm-4 col-lg-4\"><a data-toggle=\"lightbox\" data-gallery=\"multiimages\" data-title=\"\"  class=\"thumbnail img-thumbnail\" href='https:\/\/villa-marcam.com\/wp-content\/uploads\/2023\/08\/villa-marcam-sanary-location-cynthia-reinke-photography-immobilier-7-1240x827.jpg'><img loading=\"lazy\" decoding=\"async\" width=\"394\" height=\"394\" src=\"https:\/\/villa-marcam.com\/wp-content\/uploads\/2023\/08\/villa-marcam-sanary-location-cynthia-reinke-photography-immobilier-7-394x394.jpg\" class=\"attachment-th_img_sm_square size-th_img_sm_square\" alt=\"\" srcset=\"https:\/\/villa-marcam.com\/wp-content\/uploads\/2023\/08\/villa-marcam-sanary-location-cynthia-reinke-photography-immobilier-7-394x394.jpg 394w, https:\/\/villa-marcam.com\/wp-content\/uploads\/2023\/08\/villa-marcam-sanary-location-cynthia-reinke-photography-immobilier-7-150x150.jpg 150w, https:\/\/villa-marcam.com\/wp-content\/uploads\/2023\/08\/villa-marcam-sanary-location-cynthia-reinke-photography-immobilier-7-605x605.jpg 605w\" sizes=\"(max-width: 394px) 100vw, 394px\" \/><\/a><div class=\"gallery-text\"><div class=\"image-title\">Piscine et jardin<\/div><\/div><\/div><div class=\"col-sm-4 col-lg-4\"><a data-toggle=\"lightbox\" data-gallery=\"multiimages\" data-title=\"\"  class=\"thumbnail img-thumbnail\" href='https:\/\/villa-marcam.com\/wp-content\/uploads\/2022\/01\/Villa-Marcam-Sanary-sur-Mer-11-2021-04b-634x950.jpg'><img loading=\"lazy\" decoding=\"async\" width=\"394\" height=\"394\" src=\"https:\/\/villa-marcam.com\/wp-content\/uploads\/2022\/01\/Villa-Marcam-Sanary-sur-Mer-11-2021-04b-394x394.jpg\" class=\"attachment-th_img_sm_square size-th_img_sm_square\" alt=\"\" srcset=\"https:\/\/villa-marcam.com\/wp-content\/uploads\/2022\/01\/Villa-Marcam-Sanary-sur-Mer-11-2021-04b-394x394.jpg 394w, https:\/\/villa-marcam.com\/wp-content\/uploads\/2022\/01\/Villa-Marcam-Sanary-sur-Mer-11-2021-04b-150x150.jpg 150w, https:\/\/villa-marcam.com\/wp-content\/uploads\/2022\/01\/Villa-Marcam-Sanary-sur-Mer-11-2021-04b-605x605.jpg 605w\" sizes=\"(max-width: 394px) 100vw, 394px\" \/><\/a><div class=\"gallery-text\"><div class=\"image-title\">Villa-Marcam-Sanary-sur-Mer-11-2021-04b<\/div><\/div><\/div><div class=\"col-sm-4 col-lg-4\"><a data-toggle=\"lightbox\" data-gallery=\"multiimages\" data-title=\"\"  class=\"thumbnail img-thumbnail\" href='https:\/\/villa-marcam.com\/wp-content\/uploads\/2023\/08\/villa-marcam-sanary-location-cynthia-reinke-photography-immobilier-10-1240x827.jpg'><img loading=\"lazy\" decoding=\"async\" width=\"394\" height=\"394\" src=\"https:\/\/villa-marcam.com\/wp-content\/uploads\/2023\/08\/villa-marcam-sanary-location-cynthia-reinke-photography-immobilier-10-394x394.jpg\" class=\"attachment-th_img_sm_square size-th_img_sm_square\" alt=\"\" srcset=\"https:\/\/villa-marcam.com\/wp-content\/uploads\/2023\/08\/villa-marcam-sanary-location-cynthia-reinke-photography-immobilier-10-394x394.jpg 394w, https:\/\/villa-marcam.com\/wp-content\/uploads\/2023\/08\/villa-marcam-sanary-location-cynthia-reinke-photography-immobilier-10-150x150.jpg 150w, https:\/\/villa-marcam.com\/wp-content\/uploads\/2023\/08\/villa-marcam-sanary-location-cynthia-reinke-photography-immobilier-10-605x605.jpg 605w\" sizes=\"(max-width: 394px) 100vw, 394px\" \/><\/a><div class=\"gallery-text\"><div class=\"image-title\">Piscine et terrasse<\/div><\/div><\/div><\/div><div class=\"row gallery-row\"><div class=\"col-sm-4 col-lg-4\"><a data-toggle=\"lightbox\" data-gallery=\"multiimages\" data-title=\"\"  class=\"thumbnail img-thumbnail\" href='https:\/\/villa-marcam.com\/wp-content\/uploads\/2023\/08\/villa-marcam-sanary-location-cynthia-reinke-photography-immobilier-5-1240x827.jpg'><img loading=\"lazy\" decoding=\"async\" width=\"394\" height=\"394\" src=\"https:\/\/villa-marcam.com\/wp-content\/uploads\/2023\/08\/villa-marcam-sanary-location-cynthia-reinke-photography-immobilier-5-394x394.jpg\" class=\"attachment-th_img_sm_square size-th_img_sm_square\" alt=\"\" srcset=\"https:\/\/villa-marcam.com\/wp-content\/uploads\/2023\/08\/villa-marcam-sanary-location-cynthia-reinke-photography-immobilier-5-394x394.jpg 394w, https:\/\/villa-marcam.com\/wp-content\/uploads\/2023\/08\/villa-marcam-sanary-location-cynthia-reinke-photography-immobilier-5-150x150.jpg 150w, https:\/\/villa-marcam.com\/wp-content\/uploads\/2023\/08\/villa-marcam-sanary-location-cynthia-reinke-photography-immobilier-5-605x605.jpg 605w\" sizes=\"(max-width: 394px) 100vw, 394px\" \/><\/a><div class=\"gallery-text\"><div class=\"image-title\">Piscine<\/div><\/div><\/div><div class=\"col-sm-4 col-lg-4\"><a data-toggle=\"lightbox\" data-gallery=\"multiimages\" data-title=\"\"  class=\"thumbnail img-thumbnail\" href='https:\/\/villa-marcam.com\/wp-content\/uploads\/2022\/01\/Villa-Marcam-Sanary-sur-Mer-11-2021-10-1240x827.jpg'><img loading=\"lazy\" decoding=\"async\" width=\"394\" height=\"394\" src=\"https:\/\/villa-marcam.com\/wp-content\/uploads\/2022\/01\/Villa-Marcam-Sanary-sur-Mer-11-2021-10-394x394.jpg\" class=\"attachment-th_img_sm_square size-th_img_sm_square\" alt=\"\" srcset=\"https:\/\/villa-marcam.com\/wp-content\/uploads\/2022\/01\/Villa-Marcam-Sanary-sur-Mer-11-2021-10-394x394.jpg 394w, https:\/\/villa-marcam.com\/wp-content\/uploads\/2022\/01\/Villa-Marcam-Sanary-sur-Mer-11-2021-10-150x150.jpg 150w, https:\/\/villa-marcam.com\/wp-content\/uploads\/2022\/01\/Villa-Marcam-Sanary-sur-Mer-11-2021-10-605x605.jpg 605w\" sizes=\"(max-width: 394px) 100vw, 394px\" \/><\/a><div class=\"gallery-text\"><div class=\"image-title\">Vue sur la maison depuis le parking ext\u00e9rieur<\/div><\/div><\/div><div class=\"col-sm-4 col-lg-4\"><a data-toggle=\"lightbox\" data-gallery=\"multiimages\" data-title=\"\"  class=\"thumbnail img-thumbnail\" href='https:\/\/villa-marcam.com\/wp-content\/uploads\/2022\/01\/Villa-Marcam-Sanary-sur-Mer-11-2021-16-1240x827.jpg'><img loading=\"lazy\" decoding=\"async\" width=\"394\" height=\"394\" src=\"https:\/\/villa-marcam.com\/wp-content\/uploads\/2022\/01\/Villa-Marcam-Sanary-sur-Mer-11-2021-16-394x394.jpg\" class=\"attachment-th_img_sm_square size-th_img_sm_square\" alt=\"\" srcset=\"https:\/\/villa-marcam.com\/wp-content\/uploads\/2022\/01\/Villa-Marcam-Sanary-sur-Mer-11-2021-16-394x394.jpg 394w, https:\/\/villa-marcam.com\/wp-content\/uploads\/2022\/01\/Villa-Marcam-Sanary-sur-Mer-11-2021-16-150x150.jpg 150w, https:\/\/villa-marcam.com\/wp-content\/uploads\/2022\/01\/Villa-Marcam-Sanary-sur-Mer-11-2021-16-605x605.jpg 605w\" sizes=\"(max-width: 394px) 100vw, 394px\" \/><\/a><div class=\"gallery-text\"><div class=\"image-title\">Table \u00e0 manger ext\u00e9rieure<\/div><\/div><\/div><\/div><div class=\"row gallery-row\"><div class=\"col-sm-4 col-lg-4\"><a data-toggle=\"lightbox\" data-gallery=\"multiimages\" data-title=\"\"  class=\"thumbnail img-thumbnail\" href='https:\/\/villa-marcam.com\/wp-content\/uploads\/2022\/01\/Villa-Marcam-Sanary-sur-Mer-11-2021-19-1240x827.jpg'><img loading=\"lazy\" decoding=\"async\" width=\"394\" height=\"394\" src=\"https:\/\/villa-marcam.com\/wp-content\/uploads\/2022\/01\/Villa-Marcam-Sanary-sur-Mer-11-2021-19-394x394.jpg\" class=\"attachment-th_img_sm_square size-th_img_sm_square\" alt=\"\" srcset=\"https:\/\/villa-marcam.com\/wp-content\/uploads\/2022\/01\/Villa-Marcam-Sanary-sur-Mer-11-2021-19-394x394.jpg 394w, https:\/\/villa-marcam.com\/wp-content\/uploads\/2022\/01\/Villa-Marcam-Sanary-sur-Mer-11-2021-19-150x150.jpg 150w, https:\/\/villa-marcam.com\/wp-content\/uploads\/2022\/01\/Villa-Marcam-Sanary-sur-Mer-11-2021-19-605x605.jpg 605w\" sizes=\"(max-width: 394px) 100vw, 394px\" \/><\/a><div class=\"gallery-text\"><div class=\"image-title\">Cuisine ouverte<\/div><\/div><\/div><div class=\"col-sm-4 col-lg-4\"><a data-toggle=\"lightbox\" data-gallery=\"multiimages\" data-title=\"\"  class=\"thumbnail img-thumbnail\" href='https:\/\/villa-marcam.com\/wp-content\/uploads\/2022\/01\/Villa-Marcam-Sanary-sur-Mer-11-2021-23-1240x827.jpg'><img loading=\"lazy\" decoding=\"async\" width=\"394\" height=\"394\" src=\"https:\/\/villa-marcam.com\/wp-content\/uploads\/2022\/01\/Villa-Marcam-Sanary-sur-Mer-11-2021-23-394x394.jpg\" class=\"attachment-th_img_sm_square size-th_img_sm_square\" alt=\"\" srcset=\"https:\/\/villa-marcam.com\/wp-content\/uploads\/2022\/01\/Villa-Marcam-Sanary-sur-Mer-11-2021-23-394x394.jpg 394w, https:\/\/villa-marcam.com\/wp-content\/uploads\/2022\/01\/Villa-Marcam-Sanary-sur-Mer-11-2021-23-150x150.jpg 150w, https:\/\/villa-marcam.com\/wp-content\/uploads\/2022\/01\/Villa-Marcam-Sanary-sur-Mer-11-2021-23-605x605.jpg 605w\" sizes=\"(max-width: 394px) 100vw, 394px\" \/><\/a><div class=\"gallery-text\"><div class=\"image-title\">Cuisine<\/div><\/div><\/div><div class=\"col-sm-4 col-lg-4\"><a data-toggle=\"lightbox\" data-gallery=\"multiimages\" data-title=\"\"  class=\"thumbnail img-thumbnail\" href='https:\/\/villa-marcam.com\/wp-content\/uploads\/2022\/01\/Villa-Marcam-Sanary-sur-Mer-11-2021-28-1240x827.jpg'><img loading=\"lazy\" decoding=\"async\" width=\"394\" height=\"394\" src=\"https:\/\/villa-marcam.com\/wp-content\/uploads\/2022\/01\/Villa-Marcam-Sanary-sur-Mer-11-2021-28-394x394.jpg\" class=\"attachment-th_img_sm_square size-th_img_sm_square\" alt=\"\" srcset=\"https:\/\/villa-marcam.com\/wp-content\/uploads\/2022\/01\/Villa-Marcam-Sanary-sur-Mer-11-2021-28-394x394.jpg 394w, https:\/\/villa-marcam.com\/wp-content\/uploads\/2022\/01\/Villa-Marcam-Sanary-sur-Mer-11-2021-28-150x150.jpg 150w, https:\/\/villa-marcam.com\/wp-content\/uploads\/2022\/01\/Villa-Marcam-Sanary-sur-Mer-11-2021-28-605x605.jpg 605w\" sizes=\"(max-width: 394px) 100vw, 394px\" \/><\/a><div class=\"gallery-text\"><div class=\"image-title\">Salon<\/div><\/div><\/div><\/div><div class=\"row gallery-row\"><div class=\"col-sm-4 col-lg-4\"><a data-toggle=\"lightbox\" data-gallery=\"multiimages\" data-title=\"\"  class=\"thumbnail img-thumbnail\" href='https:\/\/villa-marcam.com\/wp-content\/uploads\/2022\/01\/Villa-Marcam-Sanary-sur-Mer-11-2021-29-1240x827.jpg'><img loading=\"lazy\" decoding=\"async\" width=\"394\" height=\"394\" src=\"https:\/\/villa-marcam.com\/wp-content\/uploads\/2022\/01\/Villa-Marcam-Sanary-sur-Mer-11-2021-29-394x394.jpg\" class=\"attachment-th_img_sm_square size-th_img_sm_square\" alt=\"\" srcset=\"https:\/\/villa-marcam.com\/wp-content\/uploads\/2022\/01\/Villa-Marcam-Sanary-sur-Mer-11-2021-29-394x394.jpg 394w, https:\/\/villa-marcam.com\/wp-content\/uploads\/2022\/01\/Villa-Marcam-Sanary-sur-Mer-11-2021-29-150x150.jpg 150w, https:\/\/villa-marcam.com\/wp-content\/uploads\/2022\/01\/Villa-Marcam-Sanary-sur-Mer-11-2021-29-605x605.jpg 605w\" sizes=\"(max-width: 394px) 100vw, 394px\" \/><\/a><div class=\"gallery-text\"><div class=\"image-title\">Cuisine et salon ouvert<\/div><\/div><\/div><div class=\"col-sm-4 col-lg-4\"><a data-toggle=\"lightbox\" data-gallery=\"multiimages\" data-title=\"\"  class=\"thumbnail img-thumbnail\" href='https:\/\/villa-marcam.com\/wp-content\/uploads\/2022\/01\/Villa-Marcam-Sanary-sur-Mer-11-2021-37-634x950.jpg'><img loading=\"lazy\" decoding=\"async\" width=\"394\" height=\"394\" src=\"https:\/\/villa-marcam.com\/wp-content\/uploads\/2022\/01\/Villa-Marcam-Sanary-sur-Mer-11-2021-37-394x394.jpg\" class=\"attachment-th_img_sm_square size-th_img_sm_square\" alt=\"\" srcset=\"https:\/\/villa-marcam.com\/wp-content\/uploads\/2022\/01\/Villa-Marcam-Sanary-sur-Mer-11-2021-37-394x394.jpg 394w, https:\/\/villa-marcam.com\/wp-content\/uploads\/2022\/01\/Villa-Marcam-Sanary-sur-Mer-11-2021-37-150x150.jpg 150w, https:\/\/villa-marcam.com\/wp-content\/uploads\/2022\/01\/Villa-Marcam-Sanary-sur-Mer-11-2021-37-605x605.jpg 605w\" sizes=\"(max-width: 394px) 100vw, 394px\" \/><\/a><div class=\"gallery-text\"><div class=\"image-title\">Chambre 1 au rez-de-chauss\u00e9e<\/div><\/div><\/div><div class=\"col-sm-4 col-lg-4\"><a data-toggle=\"lightbox\" data-gallery=\"multiimages\" data-title=\"\"  class=\"thumbnail img-thumbnail\" href='https:\/\/villa-marcam.com\/wp-content\/uploads\/2022\/01\/Villa-Marcam-Sanary-sur-Mer-11-2021-46-1240x827.jpg'><img loading=\"lazy\" decoding=\"async\" width=\"394\" height=\"394\" src=\"https:\/\/villa-marcam.com\/wp-content\/uploads\/2022\/01\/Villa-Marcam-Sanary-sur-Mer-11-2021-46-394x394.jpg\" class=\"attachment-th_img_sm_square size-th_img_sm_square\" alt=\"\" srcset=\"https:\/\/villa-marcam.com\/wp-content\/uploads\/2022\/01\/Villa-Marcam-Sanary-sur-Mer-11-2021-46-394x394.jpg 394w, https:\/\/villa-marcam.com\/wp-content\/uploads\/2022\/01\/Villa-Marcam-Sanary-sur-Mer-11-2021-46-150x150.jpg 150w, https:\/\/villa-marcam.com\/wp-content\/uploads\/2022\/01\/Villa-Marcam-Sanary-sur-Mer-11-2021-46-605x605.jpg 605w\" sizes=\"(max-width: 394px) 100vw, 394px\" \/><\/a><div class=\"gallery-text\"><div class=\"image-title\">Chambre 2 \u00e0 l&rsquo;\u00e9tage<\/div><\/div><\/div><\/div><div class=\"row gallery-row\"><div class=\"col-sm-4 col-lg-4\"><a data-toggle=\"lightbox\" data-gallery=\"multiimages\" data-title=\"\"  class=\"thumbnail img-thumbnail\" href='https:\/\/villa-marcam.com\/wp-content\/uploads\/2023\/08\/villa-marcam-sanary-location-cynthia-reinke-photography-immobilier-14-1240x827.jpg'><img loading=\"lazy\" decoding=\"async\" width=\"394\" height=\"394\" src=\"https:\/\/villa-marcam.com\/wp-content\/uploads\/2023\/08\/villa-marcam-sanary-location-cynthia-reinke-photography-immobilier-14-394x394.jpg\" class=\"attachment-th_img_sm_square size-th_img_sm_square\" alt=\"\" srcset=\"https:\/\/villa-marcam.com\/wp-content\/uploads\/2023\/08\/villa-marcam-sanary-location-cynthia-reinke-photography-immobilier-14-394x394.jpg 394w, https:\/\/villa-marcam.com\/wp-content\/uploads\/2023\/08\/villa-marcam-sanary-location-cynthia-reinke-photography-immobilier-14-150x150.jpg 150w, https:\/\/villa-marcam.com\/wp-content\/uploads\/2023\/08\/villa-marcam-sanary-location-cynthia-reinke-photography-immobilier-14-605x605.jpg 605w\" sizes=\"(max-width: 394px) 100vw, 394px\" \/><\/a><div class=\"gallery-text\"><div class=\"image-title\">Piscine et terrasse<\/div><\/div><\/div><div class=\"col-sm-4 col-lg-4\"><a data-toggle=\"lightbox\" data-gallery=\"multiimages\" data-title=\"\"  class=\"thumbnail img-thumbnail\" href='https:\/\/villa-marcam.com\/wp-content\/uploads\/2022\/01\/Villa-Marcam-Sanary-sur-Mer-11-2021-51-634x950.jpg'><img loading=\"lazy\" decoding=\"async\" width=\"394\" height=\"394\" src=\"https:\/\/villa-marcam.com\/wp-content\/uploads\/2022\/01\/Villa-Marcam-Sanary-sur-Mer-11-2021-51-394x394.jpg\" class=\"attachment-th_img_sm_square size-th_img_sm_square\" alt=\"\" srcset=\"https:\/\/villa-marcam.com\/wp-content\/uploads\/2022\/01\/Villa-Marcam-Sanary-sur-Mer-11-2021-51-394x394.jpg 394w, https:\/\/villa-marcam.com\/wp-content\/uploads\/2022\/01\/Villa-Marcam-Sanary-sur-Mer-11-2021-51-150x150.jpg 150w, https:\/\/villa-marcam.com\/wp-content\/uploads\/2022\/01\/Villa-Marcam-Sanary-sur-Mer-11-2021-51-605x605.jpg 605w\" sizes=\"(max-width: 394px) 100vw, 394px\" \/><\/a><div class=\"gallery-text\"><div class=\"image-title\">Salle d&rsquo;eau de la chambre 2 \u00e0 l&rsquo;\u00e9tage<\/div><\/div><\/div><div class=\"col-sm-4 col-lg-4\"><a data-toggle=\"lightbox\" data-gallery=\"multiimages\" data-title=\"\"  class=\"thumbnail img-thumbnail\" href='https:\/\/villa-marcam.com\/wp-content\/uploads\/2022\/01\/Villa-Marcam-Sanary-sur-Mer-11-2021-58-1240x827.jpg'><img loading=\"lazy\" decoding=\"async\" width=\"394\" height=\"394\" src=\"https:\/\/villa-marcam.com\/wp-content\/uploads\/2022\/01\/Villa-Marcam-Sanary-sur-Mer-11-2021-58-394x394.jpg\" class=\"attachment-th_img_sm_square size-th_img_sm_square\" alt=\"\" srcset=\"https:\/\/villa-marcam.com\/wp-content\/uploads\/2022\/01\/Villa-Marcam-Sanary-sur-Mer-11-2021-58-394x394.jpg 394w, https:\/\/villa-marcam.com\/wp-content\/uploads\/2022\/01\/Villa-Marcam-Sanary-sur-Mer-11-2021-58-150x150.jpg 150w, https:\/\/villa-marcam.com\/wp-content\/uploads\/2022\/01\/Villa-Marcam-Sanary-sur-Mer-11-2021-58-605x605.jpg 605w\" sizes=\"(max-width: 394px) 100vw, 394px\" \/><\/a><div class=\"gallery-text\"><div class=\"image-title\">Chambre 4 \u00e0 l&rsquo;\u00e9tage<\/div><\/div><\/div><\/div><div class=\"row gallery-row\"><div class=\"col-sm-4 col-lg-4\"><a data-toggle=\"lightbox\" data-gallery=\"multiimages\" data-title=\"Chambre 3 \u00e0 l'\u00e9tage\"  class=\"thumbnail img-thumbnail\" href='https:\/\/villa-marcam.com\/wp-content\/uploads\/2022\/01\/Villa-Marcam-Sanary-sur-Mer-11-2021-68-1240x827.jpg'><img loading=\"lazy\" decoding=\"async\" width=\"394\" height=\"394\" src=\"https:\/\/villa-marcam.com\/wp-content\/uploads\/2022\/01\/Villa-Marcam-Sanary-sur-Mer-11-2021-68-394x394.jpg\" class=\"attachment-th_img_sm_square size-th_img_sm_square\" alt=\"Chambre 3 \u00e0 l&#039;\u00e9tage\" srcset=\"https:\/\/villa-marcam.com\/wp-content\/uploads\/2022\/01\/Villa-Marcam-Sanary-sur-Mer-11-2021-68-394x394.jpg 394w, https:\/\/villa-marcam.com\/wp-content\/uploads\/2022\/01\/Villa-Marcam-Sanary-sur-Mer-11-2021-68-150x150.jpg 150w, https:\/\/villa-marcam.com\/wp-content\/uploads\/2022\/01\/Villa-Marcam-Sanary-sur-Mer-11-2021-68-605x605.jpg 605w\" sizes=\"(max-width: 394px) 100vw, 394px\" \/><\/a><div class=\"gallery-text\"><div class=\"image-title\">Chambre 3 \u00e0 l&rsquo;\u00e9tage<\/div><\/div><\/div><div class=\"col-sm-4 col-lg-4\"><a data-toggle=\"lightbox\" data-gallery=\"multiimages\" data-title=\"\"  class=\"thumbnail img-thumbnail\" href='https:\/\/villa-marcam.com\/wp-content\/uploads\/2022\/01\/Villa-Marcam-Sanary-sur-Mer-11-2021-74-634x950.jpg'><img loading=\"lazy\" decoding=\"async\" width=\"394\" height=\"394\" src=\"https:\/\/villa-marcam.com\/wp-content\/uploads\/2022\/01\/Villa-Marcam-Sanary-sur-Mer-11-2021-74-394x394.jpg\" class=\"attachment-th_img_sm_square size-th_img_sm_square\" alt=\"\" srcset=\"https:\/\/villa-marcam.com\/wp-content\/uploads\/2022\/01\/Villa-Marcam-Sanary-sur-Mer-11-2021-74-394x394.jpg 394w, https:\/\/villa-marcam.com\/wp-content\/uploads\/2022\/01\/Villa-Marcam-Sanary-sur-Mer-11-2021-74-150x150.jpg 150w, https:\/\/villa-marcam.com\/wp-content\/uploads\/2022\/01\/Villa-Marcam-Sanary-sur-Mer-11-2021-74-605x605.jpg 605w\" sizes=\"(max-width: 394px) 100vw, 394px\" \/><\/a><div class=\"gallery-text\"><div class=\"image-title\">Salle de bain \u00e0 l&rsquo;\u00e9tage<\/div><\/div><\/div><div class=\"col-sm-4 col-lg-4\"><a data-toggle=\"lightbox\" data-gallery=\"multiimages\" data-title=\"\"  class=\"thumbnail img-thumbnail\" href='https:\/\/villa-marcam.com\/wp-content\/uploads\/2022\/01\/Villa-Marcam-Sanary-sur-Mer-11-2021-76-1240x827.jpg'><img loading=\"lazy\" decoding=\"async\" width=\"394\" height=\"394\" src=\"https:\/\/villa-marcam.com\/wp-content\/uploads\/2022\/01\/Villa-Marcam-Sanary-sur-Mer-11-2021-76-394x394.jpg\" class=\"attachment-th_img_sm_square size-th_img_sm_square\" alt=\"\" srcset=\"https:\/\/villa-marcam.com\/wp-content\/uploads\/2022\/01\/Villa-Marcam-Sanary-sur-Mer-11-2021-76-394x394.jpg 394w, https:\/\/villa-marcam.com\/wp-content\/uploads\/2022\/01\/Villa-Marcam-Sanary-sur-Mer-11-2021-76-150x150.jpg 150w, https:\/\/villa-marcam.com\/wp-content\/uploads\/2022\/01\/Villa-Marcam-Sanary-sur-Mer-11-2021-76-605x605.jpg 605w\" sizes=\"(max-width: 394px) 100vw, 394px\" \/><\/a><div class=\"gallery-text\"><div class=\"image-title\">Salle de bain \u00e0 l&rsquo;\u00e9tage<\/div><\/div><\/div><\/div><div class=\"row gallery-row\"><div class=\"col-sm-4 col-lg-4\"><a data-toggle=\"lightbox\" data-gallery=\"multiimages\" data-title=\"\"  class=\"thumbnail img-thumbnail\" href='https:\/\/villa-marcam.com\/wp-content\/uploads\/2022\/01\/Villa-Marcam-Sanary-sur-Mer-11-2021-81-1240x827.jpg'><img loading=\"lazy\" decoding=\"async\" width=\"394\" height=\"394\" src=\"https:\/\/villa-marcam.com\/wp-content\/uploads\/2022\/01\/Villa-Marcam-Sanary-sur-Mer-11-2021-81-394x394.jpg\" class=\"attachment-th_img_sm_square size-th_img_sm_square\" alt=\"\" srcset=\"https:\/\/villa-marcam.com\/wp-content\/uploads\/2022\/01\/Villa-Marcam-Sanary-sur-Mer-11-2021-81-394x394.jpg 394w, https:\/\/villa-marcam.com\/wp-content\/uploads\/2022\/01\/Villa-Marcam-Sanary-sur-Mer-11-2021-81-150x150.jpg 150w, https:\/\/villa-marcam.com\/wp-content\/uploads\/2022\/01\/Villa-Marcam-Sanary-sur-Mer-11-2021-81-605x605.jpg 605w\" sizes=\"(max-width: 394px) 100vw, 394px\" \/><\/a><div class=\"gallery-text\"><div class=\"image-title\">D\u00e9coration<\/div><\/div><\/div><div class=\"col-sm-4 col-lg-4\"><a data-toggle=\"lightbox\" data-gallery=\"multiimages\" data-title=\"WC rez-de-chauss\u00e9e\"  class=\"thumbnail img-thumbnail\" href='https:\/\/villa-marcam.com\/wp-content\/uploads\/2022\/01\/Villa-Marcam-Sanary-sur-Mer-11-2021-83-634x950.jpg'><img loading=\"lazy\" decoding=\"async\" width=\"394\" height=\"394\" src=\"https:\/\/villa-marcam.com\/wp-content\/uploads\/2022\/01\/Villa-Marcam-Sanary-sur-Mer-11-2021-83-394x394.jpg\" class=\"attachment-th_img_sm_square size-th_img_sm_square\" alt=\"WC rez-de-chauss\u00e9e\" srcset=\"https:\/\/villa-marcam.com\/wp-content\/uploads\/2022\/01\/Villa-Marcam-Sanary-sur-Mer-11-2021-83-394x394.jpg 394w, https:\/\/villa-marcam.com\/wp-content\/uploads\/2022\/01\/Villa-Marcam-Sanary-sur-Mer-11-2021-83-150x150.jpg 150w, https:\/\/villa-marcam.com\/wp-content\/uploads\/2022\/01\/Villa-Marcam-Sanary-sur-Mer-11-2021-83-605x605.jpg 605w\" sizes=\"(max-width: 394px) 100vw, 394px\" \/><\/a><div class=\"gallery-text\"><div class=\"image-title\">Villa-Marcam-Sanary-sur-Mer-11-2021-83<\/div><\/div><\/div><div class=\"col-sm-4 col-lg-4\"><a data-toggle=\"lightbox\" data-gallery=\"multiimages\" data-title=\"\"  class=\"thumbnail img-thumbnail\" href='https:\/\/villa-marcam.com\/wp-content\/uploads\/2022\/01\/Villa-Marcam-Sanary-sur-Mer-11-2021-93-1240x827.jpg'><img loading=\"lazy\" decoding=\"async\" width=\"394\" height=\"394\" src=\"https:\/\/villa-marcam.com\/wp-content\/uploads\/2022\/01\/Villa-Marcam-Sanary-sur-Mer-11-2021-93-394x394.jpg\" class=\"attachment-th_img_sm_square size-th_img_sm_square\" alt=\"\" srcset=\"https:\/\/villa-marcam.com\/wp-content\/uploads\/2022\/01\/Villa-Marcam-Sanary-sur-Mer-11-2021-93-394x394.jpg 394w, https:\/\/villa-marcam.com\/wp-content\/uploads\/2022\/01\/Villa-Marcam-Sanary-sur-Mer-11-2021-93-150x150.jpg 150w, https:\/\/villa-marcam.com\/wp-content\/uploads\/2022\/01\/Villa-Marcam-Sanary-sur-Mer-11-2021-93-605x605.jpg 605w\" sizes=\"(max-width: 394px) 100vw, 394px\" \/><\/a><div class=\"gallery-text\"><div class=\"image-title\">Salon<\/div><\/div><\/div><\/div><div class=\"row gallery-row\"><div class=\"col-sm-4 col-lg-4\"><a data-toggle=\"lightbox\" data-gallery=\"multiimages\" data-title=\"\"  class=\"thumbnail img-thumbnail\" href='https:\/\/villa-marcam.com\/wp-content\/uploads\/2022\/01\/Villa-Marcam-Sanary-sur-Mer-11-2021-96-634x950.jpg'><img loading=\"lazy\" decoding=\"async\" width=\"394\" height=\"394\" src=\"https:\/\/villa-marcam.com\/wp-content\/uploads\/2022\/01\/Villa-Marcam-Sanary-sur-Mer-11-2021-96-394x394.jpg\" class=\"attachment-th_img_sm_square size-th_img_sm_square\" alt=\"\" srcset=\"https:\/\/villa-marcam.com\/wp-content\/uploads\/2022\/01\/Villa-Marcam-Sanary-sur-Mer-11-2021-96-394x394.jpg 394w, https:\/\/villa-marcam.com\/wp-content\/uploads\/2022\/01\/Villa-Marcam-Sanary-sur-Mer-11-2021-96-150x150.jpg 150w, https:\/\/villa-marcam.com\/wp-content\/uploads\/2022\/01\/Villa-Marcam-Sanary-sur-Mer-11-2021-96-605x605.jpg 605w\" sizes=\"(max-width: 394px) 100vw, 394px\" \/><\/a><div class=\"gallery-text\"><div class=\"image-title\">Garage<\/div><\/div><\/div><div class=\"col-sm-4 col-lg-4\"><a data-toggle=\"lightbox\" data-gallery=\"multiimages\" data-title=\"\"  class=\"thumbnail img-thumbnail\" href='https:\/\/villa-marcam.com\/wp-content\/uploads\/2022\/01\/Villa-Marcam-Sanary-sur-Mer-11-2021-109-1240x827.jpg'><img loading=\"lazy\" decoding=\"async\" width=\"394\" height=\"394\" src=\"https:\/\/villa-marcam.com\/wp-content\/uploads\/2022\/01\/Villa-Marcam-Sanary-sur-Mer-11-2021-109-394x394.jpg\" class=\"attachment-th_img_sm_square size-th_img_sm_square\" alt=\"\" srcset=\"https:\/\/villa-marcam.com\/wp-content\/uploads\/2022\/01\/Villa-Marcam-Sanary-sur-Mer-11-2021-109-394x394.jpg 394w, https:\/\/villa-marcam.com\/wp-content\/uploads\/2022\/01\/Villa-Marcam-Sanary-sur-Mer-11-2021-109-150x150.jpg 150w, https:\/\/villa-marcam.com\/wp-content\/uploads\/2022\/01\/Villa-Marcam-Sanary-sur-Mer-11-2021-109-605x605.jpg 605w\" sizes=\"(max-width: 394px) 100vw, 394px\" \/><\/a><div class=\"gallery-text\"><div class=\"image-title\">Vue depuis la terrasse<\/div><\/div><\/div><\/div><\/div>\t\t<\/div>\n\t\t\t\t\t\t<\/div>\n\t\t\t\t<\/div>\n\t\t\t\t\t<\/div>\n\t\t<\/div>\n\t\t\t\t\t<\/div>\n\t\t<\/section>\n\t\t\t\t<section class=\"elementor-section elementor-top-section elementor-element elementor-element-b3b850a elementor-section-boxed elementor-section-height-default elementor-section-height-default\" data-id=\"b3b850a\" data-element_type=\"section\" data-e-type=\"section\">\n\t\t\t\t\t\t<div class=\"elementor-container elementor-column-gap-default\">\n\t\t\t\t\t<div class=\"elementor-column elementor-col-100 elementor-top-column elementor-element elementor-element-6616a54\" data-id=\"6616a54\" data-element_type=\"column\" data-e-type=\"column\">\n\t\t\t<div class=\"elementor-widget-wrap elementor-element-populated\">\n\t\t\t\t\t\t<div class=\"elementor-element elementor-element-c1deca2 elementor-align-center elementor-widget elementor-widget-button\" data-id=\"c1deca2\" data-element_type=\"widget\" data-e-type=\"widget\" data-widget_type=\"button.default\">\n\t\t\t\t<div class=\"elementor-widget-container\">\n\t\t\t\t\t\t\t\t\t<div class=\"elementor-button-wrapper\">\n\t\t\t\t\t<a class=\"elementor-button elementor-button-link elementor-size-sm\" href=\"\/accommodation\/la-villa\/\">\n\t\t\t\t\t\t<span class=\"elementor-button-content-wrapper\">\n\t\t\t\t\t\t\t\t\t<span class=\"elementor-button-text\">Plus de photos<\/span>\n\t\t\t\t\t<\/span>\n\t\t\t\t\t<\/a>\n\t\t\t\t<\/div>\n\t\t\t\t\t\t\t\t<\/div>\n\t\t\t\t<\/div>\n\t\t\t\t\t<\/div>\n\t\t<\/div>\n\t\t\t\t\t<\/div>\n\t\t<\/section>\n\t\t\t\t<section class=\"elementor-section elementor-top-section elementor-element elementor-element-857f611 elementor-section-boxed elementor-section-height-default elementor-section-height-default\" data-id=\"857f611\" data-element_type=\"section\" data-e-type=\"section\">\n\t\t\t\t\t\t<div class=\"elementor-container elementor-column-gap-default\">\n\t\t\t\t\t<div class=\"elementor-column elementor-col-100 elementor-top-column elementor-element elementor-element-6e43b7d\" data-id=\"6e43b7d\" data-element_type=\"column\" data-e-type=\"column\">\n\t\t\t<div class=\"elementor-widget-wrap elementor-element-populated\">\n\t\t\t\t\t\t<div class=\"elementor-element elementor-element-d76b2d2 elementor-widget elementor-widget-text-editor\" data-id=\"d76b2d2\" data-element_type=\"widget\" data-e-type=\"widget\" data-widget_type=\"text-editor.default\">\n\t\t\t\t<div class=\"elementor-widget-container\">\n\t\t\t\t\t\t\t\t\t<p>\n<div id=\"sb_instagram\"  class=\"sbi sbi_mob_col_1 sbi_tab_col_2 sbi_col_5\" style=\"padding-bottom: 2px; width: 80%;\"\t data-feedid=\"*1\"  data-res=\"auto\" data-cols=\"5\" data-colsmobile=\"1\" data-colstablet=\"2\" data-num=\"15\" data-nummobile=\"\" data-item-padding=\"1\"\t data-shortcode-atts=\"{&quot;feed&quot;:&quot;1&quot;}\"  data-postid=\"81\" data-locatornonce=\"cf9cd50d91\" data-imageaspectratio=\"1:1\" data-sbi-flags=\"favorLocal,gdpr\">\n\t<div class=\"sb_instagram_header \"   >\n\t<a class=\"sbi_header_link\" target=\"_blank\"\n\t   rel=\"nofollow noopener\" href=\"https:\/\/www.instagram.com\/villa.marcam\/\" title=\"@villa.marcam\">\n\t\t<div class=\"sbi_header_text\">\n\t\t\t<div class=\"sbi_header_img\"  data-avatar-url=\"https:\/\/scontent-cdg4-1.cdninstagram.com\/v\/t51.2885-19\/245088137_4167626593364472_2198959236751759399_n.jpg?stp=dst-jpg_s206x206_tt6&amp;_nc_cat=108&amp;ccb=7-5&amp;_nc_sid=bf7eb4&amp;efg=eyJ2ZW5jb2RlX3RhZyI6InByb2ZpbGVfcGljLnd3dy44ODkuQzMifQ%3D%3D&amp;_nc_ohc=HpQ5wFN_nqYQ7kNvwHcE6pK&amp;_nc_oc=AdqCb789w_4sX6JbcvMaOA_KzWJf0TcS_hYX4uuT-QHTXW3bs1ZnDj5iaMOq8r7fLYw&amp;_nc_zt=24&amp;_nc_ht=scontent-cdg4-1.cdninstagram.com&amp;edm=AP4hL3IEAAAA&amp;_nc_tpa=Q5bMBQEZYfGMwoUqtKPJZvIxeWlNxTw-BQL2sSFDIR52AI1PiYBuD39UcQIDjb6iL6yAjpOUnqOjlIpwAg&amp;oh=00_Af3wJ6YAJVEFJSwJGB721Ln4vaoKlzZcHBaw-snV9SP8TA&amp;oe=69F92C08\">\n\t\t\t\t\t\t\t\t\t<div class=\"sbi_header_img_hover\"  ><svg class=\"sbi_new_logo fa-instagram fa-w-14\" aria-hidden=\"true\" data-fa-processed=\"\" aria-label=\"Instagram\" data-prefix=\"fab\" data-icon=\"instagram\" role=\"img\" viewBox=\"0 0 448 512\">\n                    <path fill=\"currentColor\" d=\"M224.1 141c-63.6 0-114.9 51.3-114.9 114.9s51.3 114.9 114.9 114.9S339 319.5 339 255.9 287.7 141 224.1 141zm0 189.6c-41.1 0-74.7-33.5-74.7-74.7s33.5-74.7 74.7-74.7 74.7 33.5 74.7 74.7-33.6 74.7-74.7 74.7zm146.4-194.3c0 14.9-12 26.8-26.8 26.8-14.9 0-26.8-12-26.8-26.8s12-26.8 26.8-26.8 26.8 12 26.8 26.8zm76.1 27.2c-1.7-35.9-9.9-67.7-36.2-93.9-26.2-26.2-58-34.4-93.9-36.2-37-2.1-147.9-2.1-184.9 0-35.8 1.7-67.6 9.9-93.9 36.1s-34.4 58-36.2 93.9c-2.1 37-2.1 147.9 0 184.9 1.7 35.9 9.9 67.7 36.2 93.9s58 34.4 93.9 36.2c37 2.1 147.9 2.1 184.9 0 35.9-1.7 67.7-9.9 93.9-36.2 26.2-26.2 34.4-58 36.2-93.9 2.1-37 2.1-147.8 0-184.8zM398.8 388c-7.8 19.6-22.9 34.7-42.6 42.6-29.5 11.7-99.5 9-132.1 9s-102.7 2.6-132.1-9c-19.6-7.8-34.7-22.9-42.6-42.6-11.7-29.5-9-99.5-9-132.1s-2.6-102.7 9-132.1c7.8-19.6 22.9-34.7 42.6-42.6 29.5-11.7 99.5-9 132.1-9s102.7-2.6 132.1 9c19.6 7.8 34.7 22.9 42.6 42.6 11.7 29.5 9 99.5 9 132.1s2.7 102.7-9 132.1z\"><\/path>\n                <\/svg><\/div>\n\t\t\t\t\t<img loading=\"lazy\" decoding=\"async\"  src=\"https:\/\/villa-marcam.com\/wp-content\/uploads\/sb-instagram-feed-images\/villa.marcam.webp\" alt=\"\" width=\"50\" height=\"50\">\n\t\t\t\t\n\t\t\t\t\t\t\t<\/div>\n\n\t\t\t<div class=\"sbi_feedtheme_header_text\">\n\t\t\t\t<h3>villa.marcam<\/h3>\n\t\t\t\t\t\t\t\t\t<p class=\"sbi_bio\">\u2693\ufe0f Sanary-sur-Mer<br>\n\ud83c\udf05 Maison vue mer ~ 12 couchages<br>\n\ud83c\udf0a Plage de Beaucours \u00e0 2mn \u00e0 pied <br>\n\ud83c\udf34 Location saisonni\u00e8re + \u00e9v\u00e8nementiel bien-\u00eatre &amp; ressourcement \ud83d\ude4f<\/p>\n\t\t\t\t\t\t\t<\/div>\n\t\t<\/div>\n\t<\/a>\n<\/div>\n\n\t<div id=\"sbi_images\"  style=\"gap: 2px;\">\n\t\t<div class=\"sbi_item sbi_type_carousel sbi_new sbi_transition\"\n\tid=\"sbi_18199727845081995\" data-date=\"1652528159\">\n\t<div class=\"sbi_photo_wrap\">\n\t\t<a class=\"sbi_photo\" href=\"https:\/\/www.instagram.com\/p\/CdiXkEuMK7p\/\" target=\"_blank\" rel=\"noopener nofollow\"\n\t\t\tdata-full-res=\"https:\/\/scontent-cdg4-1.cdninstagram.com\/v\/t51.82787-15\/651464143_18083858162363810_2692119726558214190_n.jpg?stp=dst-jpg_e35_tt6&#038;_nc_cat=108&#038;ccb=7-5&#038;_nc_sid=18de74&#038;efg=eyJlZmdfdGFnIjoiQ0FST1VTRUxfSVRFTS5iZXN0X2ltYWdlX3VybGdlbi5DMyJ9&#038;_nc_ohc=EBvwKGeM4KEQ7kNvwHsP2s9&#038;_nc_oc=Adq1T2cZzI2inKD9-Rnx-6T1Hn122AvWIrMg05lgFyvGJhzRnC359j7nUwzXxXq0jsY&#038;_nc_zt=23&#038;_nc_ht=scontent-cdg4-1.cdninstagram.com&#038;edm=ANo9K5cEAAAA&#038;_nc_gid=bVjo6ErpxmlpbeCGmm70ww&#038;_nc_tpa=Q5bMBQFGzTPfUW1_zQP9-Ski7lGyN69reqs1oXTWAW26DG9uM0ToenZ1P2HICTmhTSmHOo1YR9XgGhBcjQ&#038;oh=00_Af3z2mbi3NveAe4rwjaNeUxTMB_mpTwltAZJ12YLAJFYYA&#038;oe=69F91403\"\n\t\t\tdata-img-src-set=\"{&quot;d&quot;:&quot;https:\\\/\\\/scontent-cdg4-1.cdninstagram.com\\\/v\\\/t51.82787-15\\\/651464143_18083858162363810_2692119726558214190_n.jpg?stp=dst-jpg_e35_tt6&amp;_nc_cat=108&amp;ccb=7-5&amp;_nc_sid=18de74&amp;efg=eyJlZmdfdGFnIjoiQ0FST1VTRUxfSVRFTS5iZXN0X2ltYWdlX3VybGdlbi5DMyJ9&amp;_nc_ohc=EBvwKGeM4KEQ7kNvwHsP2s9&amp;_nc_oc=Adq1T2cZzI2inKD9-Rnx-6T1Hn122AvWIrMg05lgFyvGJhzRnC359j7nUwzXxXq0jsY&amp;_nc_zt=23&amp;_nc_ht=scontent-cdg4-1.cdninstagram.com&amp;edm=ANo9K5cEAAAA&amp;_nc_gid=bVjo6ErpxmlpbeCGmm70ww&amp;_nc_tpa=Q5bMBQFGzTPfUW1_zQP9-Ski7lGyN69reqs1oXTWAW26DG9uM0ToenZ1P2HICTmhTSmHOo1YR9XgGhBcjQ&amp;oh=00_Af3z2mbi3NveAe4rwjaNeUxTMB_mpTwltAZJ12YLAJFYYA&amp;oe=69F91403&quot;,&quot;150&quot;:&quot;https:\\\/\\\/scontent-cdg4-1.cdninstagram.com\\\/v\\\/t51.82787-15\\\/651464143_18083858162363810_2692119726558214190_n.jpg?stp=dst-jpg_e35_tt6&amp;_nc_cat=108&amp;ccb=7-5&amp;_nc_sid=18de74&amp;efg=eyJlZmdfdGFnIjoiQ0FST1VTRUxfSVRFTS5iZXN0X2ltYWdlX3VybGdlbi5DMyJ9&amp;_nc_ohc=EBvwKGeM4KEQ7kNvwHsP2s9&amp;_nc_oc=Adq1T2cZzI2inKD9-Rnx-6T1Hn122AvWIrMg05lgFyvGJhzRnC359j7nUwzXxXq0jsY&amp;_nc_zt=23&amp;_nc_ht=scontent-cdg4-1.cdninstagram.com&amp;edm=ANo9K5cEAAAA&amp;_nc_gid=bVjo6ErpxmlpbeCGmm70ww&amp;_nc_tpa=Q5bMBQFGzTPfUW1_zQP9-Ski7lGyN69reqs1oXTWAW26DG9uM0ToenZ1P2HICTmhTSmHOo1YR9XgGhBcjQ&amp;oh=00_Af3z2mbi3NveAe4rwjaNeUxTMB_mpTwltAZJ12YLAJFYYA&amp;oe=69F91403&quot;,&quot;320&quot;:&quot;https:\\\/\\\/scontent-cdg4-1.cdninstagram.com\\\/v\\\/t51.82787-15\\\/651464143_18083858162363810_2692119726558214190_n.jpg?stp=dst-jpg_e35_tt6&amp;_nc_cat=108&amp;ccb=7-5&amp;_nc_sid=18de74&amp;efg=eyJlZmdfdGFnIjoiQ0FST1VTRUxfSVRFTS5iZXN0X2ltYWdlX3VybGdlbi5DMyJ9&amp;_nc_ohc=EBvwKGeM4KEQ7kNvwHsP2s9&amp;_nc_oc=Adq1T2cZzI2inKD9-Rnx-6T1Hn122AvWIrMg05lgFyvGJhzRnC359j7nUwzXxXq0jsY&amp;_nc_zt=23&amp;_nc_ht=scontent-cdg4-1.cdninstagram.com&amp;edm=ANo9K5cEAAAA&amp;_nc_gid=bVjo6ErpxmlpbeCGmm70ww&amp;_nc_tpa=Q5bMBQFGzTPfUW1_zQP9-Ski7lGyN69reqs1oXTWAW26DG9uM0ToenZ1P2HICTmhTSmHOo1YR9XgGhBcjQ&amp;oh=00_Af3z2mbi3NveAe4rwjaNeUxTMB_mpTwltAZJ12YLAJFYYA&amp;oe=69F91403&quot;,&quot;640&quot;:&quot;https:\\\/\\\/scontent-cdg4-1.cdninstagram.com\\\/v\\\/t51.82787-15\\\/651464143_18083858162363810_2692119726558214190_n.jpg?stp=dst-jpg_e35_tt6&amp;_nc_cat=108&amp;ccb=7-5&amp;_nc_sid=18de74&amp;efg=eyJlZmdfdGFnIjoiQ0FST1VTRUxfSVRFTS5iZXN0X2ltYWdlX3VybGdlbi5DMyJ9&amp;_nc_ohc=EBvwKGeM4KEQ7kNvwHsP2s9&amp;_nc_oc=Adq1T2cZzI2inKD9-Rnx-6T1Hn122AvWIrMg05lgFyvGJhzRnC359j7nUwzXxXq0jsY&amp;_nc_zt=23&amp;_nc_ht=scontent-cdg4-1.cdninstagram.com&amp;edm=ANo9K5cEAAAA&amp;_nc_gid=bVjo6ErpxmlpbeCGmm70ww&amp;_nc_tpa=Q5bMBQFGzTPfUW1_zQP9-Ski7lGyN69reqs1oXTWAW26DG9uM0ToenZ1P2HICTmhTSmHOo1YR9XgGhBcjQ&amp;oh=00_Af3z2mbi3NveAe4rwjaNeUxTMB_mpTwltAZJ12YLAJFYYA&amp;oe=69F91403&quot;}\">\n\t\t\t<span class=\"sbi-screenreader\">La saison 2022 est ouverte \ud83d\udc83#sanary #sanarysurmer <\/span>\n\t\t\t<svg class=\"svg-inline--fa fa-clone fa-w-16 sbi_lightbox_carousel_icon\" aria-hidden=\"true\" aria-label=\"Clone\" data-fa-pro\u0192cessed=\"\" data-prefix=\"far\" data-icon=\"clone\" role=\"img\" xmlns=\"http:\/\/www.w3.org\/2000\/svg\" viewBox=\"0 0 512 512\">\n                    <path fill=\"currentColor\" d=\"M464 0H144c-26.51 0-48 21.49-48 48v48H48c-26.51 0-48 21.49-48 48v320c0 26.51 21.49 48 48 48h320c26.51 0 48-21.49 48-48v-48h48c26.51 0 48-21.49 48-48V48c0-26.51-21.49-48-48-48zM362 464H54a6 6 0 0 1-6-6V150a6 6 0 0 1 6-6h42v224c0 26.51 21.49 48 48 48h224v42a6 6 0 0 1-6 6zm96-96H150a6 6 0 0 1-6-6V54a6 6 0 0 1 6-6h308a6 6 0 0 1 6 6v308a6 6 0 0 1-6 6z\"><\/path>\n                <\/svg>\t\t\t\t\t\t<img decoding=\"async\" src=\"https:\/\/villa-marcam.com\/wp-content\/plugins\/instagram-feed\/img\/placeholder.png\" alt=\"La saison 2022 est ouverte \ud83d\udc83#sanary #sanarysurmer #locationsaisonniere #villamarcam #\u00e9t\u00e9 #paddle #sud #cotedazur\" aria-hidden=\"true\">\n\t\t<\/a>\n\t<\/div>\n<\/div><div class=\"sbi_item sbi_type_carousel sbi_new sbi_transition\"\n\tid=\"sbi_17906706119315019\" data-date=\"1643730524\">\n\t<div class=\"sbi_photo_wrap\">\n\t\t<a class=\"sbi_photo\" href=\"https:\/\/www.instagram.com\/p\/CZcLaCmsMRy\/\" target=\"_blank\" rel=\"noopener nofollow\"\n\t\t\tdata-full-res=\"https:\/\/scontent-cdg4-1.cdninstagram.com\/v\/t51.82787-15\/649509063_18102218780503127_712563076578920304_n.jpg?stp=dst-jpg_e35_tt6&#038;_nc_cat=110&#038;ccb=7-5&#038;_nc_sid=18de74&#038;efg=eyJlZmdfdGFnIjoiQ0FST1VTRUxfSVRFTS5iZXN0X2ltYWdlX3VybGdlbi5DMyJ9&#038;_nc_ohc=c26Rqpi-UQYQ7kNvwGD4BK9&#038;_nc_oc=AdoYe4YQ-gH9WSGN50QCiboSDSkgg91Kc9deQBRCQPgs8pxA8Mv8QrwoYbCb4l7ayek&#038;_nc_zt=23&#038;_nc_ht=scontent-cdg4-1.cdninstagram.com&#038;edm=ANo9K5cEAAAA&#038;_nc_gid=bVjo6ErpxmlpbeCGmm70ww&#038;_nc_tpa=Q5bMBQFYVHH0DCpYNet_NAnRqnMOldkmm_ExWmqH376ddnp46-cRTrgXa2tTH1GUKLSeBfpQSSXL0kOlOQ&#038;oh=00_Af23d616lioZXZUq6JQ4qXXGHIUEsJLi7rS1yHk7zvsmfA&#038;oe=69F9161C\"\n\t\t\tdata-img-src-set=\"{&quot;d&quot;:&quot;https:\\\/\\\/scontent-cdg4-1.cdninstagram.com\\\/v\\\/t51.82787-15\\\/649509063_18102218780503127_712563076578920304_n.jpg?stp=dst-jpg_e35_tt6&amp;_nc_cat=110&amp;ccb=7-5&amp;_nc_sid=18de74&amp;efg=eyJlZmdfdGFnIjoiQ0FST1VTRUxfSVRFTS5iZXN0X2ltYWdlX3VybGdlbi5DMyJ9&amp;_nc_ohc=c26Rqpi-UQYQ7kNvwGD4BK9&amp;_nc_oc=AdoYe4YQ-gH9WSGN50QCiboSDSkgg91Kc9deQBRCQPgs8pxA8Mv8QrwoYbCb4l7ayek&amp;_nc_zt=23&amp;_nc_ht=scontent-cdg4-1.cdninstagram.com&amp;edm=ANo9K5cEAAAA&amp;_nc_gid=bVjo6ErpxmlpbeCGmm70ww&amp;_nc_tpa=Q5bMBQFYVHH0DCpYNet_NAnRqnMOldkmm_ExWmqH376ddnp46-cRTrgXa2tTH1GUKLSeBfpQSSXL0kOlOQ&amp;oh=00_Af23d616lioZXZUq6JQ4qXXGHIUEsJLi7rS1yHk7zvsmfA&amp;oe=69F9161C&quot;,&quot;150&quot;:&quot;https:\\\/\\\/scontent-cdg4-1.cdninstagram.com\\\/v\\\/t51.82787-15\\\/649509063_18102218780503127_712563076578920304_n.jpg?stp=dst-jpg_e35_tt6&amp;_nc_cat=110&amp;ccb=7-5&amp;_nc_sid=18de74&amp;efg=eyJlZmdfdGFnIjoiQ0FST1VTRUxfSVRFTS5iZXN0X2ltYWdlX3VybGdlbi5DMyJ9&amp;_nc_ohc=c26Rqpi-UQYQ7kNvwGD4BK9&amp;_nc_oc=AdoYe4YQ-gH9WSGN50QCiboSDSkgg91Kc9deQBRCQPgs8pxA8Mv8QrwoYbCb4l7ayek&amp;_nc_zt=23&amp;_nc_ht=scontent-cdg4-1.cdninstagram.com&amp;edm=ANo9K5cEAAAA&amp;_nc_gid=bVjo6ErpxmlpbeCGmm70ww&amp;_nc_tpa=Q5bMBQFYVHH0DCpYNet_NAnRqnMOldkmm_ExWmqH376ddnp46-cRTrgXa2tTH1GUKLSeBfpQSSXL0kOlOQ&amp;oh=00_Af23d616lioZXZUq6JQ4qXXGHIUEsJLi7rS1yHk7zvsmfA&amp;oe=69F9161C&quot;,&quot;320&quot;:&quot;https:\\\/\\\/scontent-cdg4-1.cdninstagram.com\\\/v\\\/t51.82787-15\\\/649509063_18102218780503127_712563076578920304_n.jpg?stp=dst-jpg_e35_tt6&amp;_nc_cat=110&amp;ccb=7-5&amp;_nc_sid=18de74&amp;efg=eyJlZmdfdGFnIjoiQ0FST1VTRUxfSVRFTS5iZXN0X2ltYWdlX3VybGdlbi5DMyJ9&amp;_nc_ohc=c26Rqpi-UQYQ7kNvwGD4BK9&amp;_nc_oc=AdoYe4YQ-gH9WSGN50QCiboSDSkgg91Kc9deQBRCQPgs8pxA8Mv8QrwoYbCb4l7ayek&amp;_nc_zt=23&amp;_nc_ht=scontent-cdg4-1.cdninstagram.com&amp;edm=ANo9K5cEAAAA&amp;_nc_gid=bVjo6ErpxmlpbeCGmm70ww&amp;_nc_tpa=Q5bMBQFYVHH0DCpYNet_NAnRqnMOldkmm_ExWmqH376ddnp46-cRTrgXa2tTH1GUKLSeBfpQSSXL0kOlOQ&amp;oh=00_Af23d616lioZXZUq6JQ4qXXGHIUEsJLi7rS1yHk7zvsmfA&amp;oe=69F9161C&quot;,&quot;640&quot;:&quot;https:\\\/\\\/scontent-cdg4-1.cdninstagram.com\\\/v\\\/t51.82787-15\\\/649509063_18102218780503127_712563076578920304_n.jpg?stp=dst-jpg_e35_tt6&amp;_nc_cat=110&amp;ccb=7-5&amp;_nc_sid=18de74&amp;efg=eyJlZmdfdGFnIjoiQ0FST1VTRUxfSVRFTS5iZXN0X2ltYWdlX3VybGdlbi5DMyJ9&amp;_nc_ohc=c26Rqpi-UQYQ7kNvwGD4BK9&amp;_nc_oc=AdoYe4YQ-gH9WSGN50QCiboSDSkgg91Kc9deQBRCQPgs8pxA8Mv8QrwoYbCb4l7ayek&amp;_nc_zt=23&amp;_nc_ht=scontent-cdg4-1.cdninstagram.com&amp;edm=ANo9K5cEAAAA&amp;_nc_gid=bVjo6ErpxmlpbeCGmm70ww&amp;_nc_tpa=Q5bMBQFYVHH0DCpYNet_NAnRqnMOldkmm_ExWmqH376ddnp46-cRTrgXa2tTH1GUKLSeBfpQSSXL0kOlOQ&amp;oh=00_Af23d616lioZXZUq6JQ4qXXGHIUEsJLi7rS1yHk7zvsmfA&amp;oe=69F9161C&quot;}\">\n\t\t\t<span class=\"sbi-screenreader\">Tr\u00e8s heureuses de vous pr\u00e9senter les derni\u00e8res pho<\/span>\n\t\t\t<svg class=\"svg-inline--fa fa-clone fa-w-16 sbi_lightbox_carousel_icon\" aria-hidden=\"true\" aria-label=\"Clone\" data-fa-pro\u0192cessed=\"\" data-prefix=\"far\" data-icon=\"clone\" role=\"img\" xmlns=\"http:\/\/www.w3.org\/2000\/svg\" viewBox=\"0 0 512 512\">\n                    <path fill=\"currentColor\" d=\"M464 0H144c-26.51 0-48 21.49-48 48v48H48c-26.51 0-48 21.49-48 48v320c0 26.51 21.49 48 48 48h320c26.51 0 48-21.49 48-48v-48h48c26.51 0 48-21.49 48-48V48c0-26.51-21.49-48-48-48zM362 464H54a6 6 0 0 1-6-6V150a6 6 0 0 1 6-6h42v224c0 26.51 21.49 48 48 48h224v42a6 6 0 0 1-6 6zm96-96H150a6 6 0 0 1-6-6V54a6 6 0 0 1 6-6h308a6 6 0 0 1 6 6v308a6 6 0 0 1-6 6z\"><\/path>\n                <\/svg>\t\t\t\t\t\t<img decoding=\"async\" src=\"https:\/\/villa-marcam.com\/wp-content\/plugins\/instagram-feed\/img\/placeholder.png\" alt=\"Tr\u00e8s heureuses de vous pr\u00e9senter les derni\u00e8res photos officielles de la maison \ud83e\udd17 \nR\u00e9alis\u00e9es par la talentueuse et tr\u00e8s professionnelle photographe @cynthiareinkephotography @lafamilledesrenards \n\nPlus d\u2019info sur la location saisonni\u00e8re \n\ud83d\udc49 lien en bio\n\n#locationsanarysurmer #vacancessanarysurmer\n#maisonalouervar #maisonvacances #sanarytourisme #villamarcam\" aria-hidden=\"true\">\n\t\t<\/a>\n\t<\/div>\n<\/div><div class=\"sbi_item sbi_type_image sbi_new sbi_transition\"\n\tid=\"sbi_18126118705249144\" data-date=\"1643479581\">\n\t<div class=\"sbi_photo_wrap\">\n\t\t<a class=\"sbi_photo\" href=\"https:\/\/www.instagram.com\/p\/CZUsxXwsaLc\/\" target=\"_blank\" rel=\"noopener nofollow\"\n\t\t\tdata-full-res=\"https:\/\/scontent-cdg4-1.cdninstagram.com\/v\/t51.82787-15\/626526656_18309895174249144_347746978869323551_n.jpg?stp=dst-jpg_e35_tt6&#038;_nc_cat=102&#038;ccb=7-5&#038;_nc_sid=18de74&#038;efg=eyJlZmdfdGFnIjoiRkVFRC5iZXN0X2ltYWdlX3VybGdlbi5DMyJ9&#038;_nc_ohc=Ct7DvRAq7pAQ7kNvwE-HraS&#038;_nc_oc=AdrWP2XynSU6Y17l21r-mFUjys93m6YFyGvShq1O0W1yJaNLZMCG5iNmmozFdE3rt9Y&#038;_nc_zt=23&#038;_nc_ht=scontent-cdg4-1.cdninstagram.com&#038;edm=ANo9K5cEAAAA&#038;_nc_gid=bVjo6ErpxmlpbeCGmm70ww&#038;_nc_tpa=Q5bMBQEH0AyEiFwitGE6ahYjl1QtuDAsvNaogJ2GU7ym1LQuTreVSINOijP4WNvu5niVLyNZGX1A-drSqA&#038;oh=00_Af1Nn4mv2uG7ByHXZwOY6U9mi2WJ_KIlIwa7NQBthGR4fw&#038;oe=69F92EF7\"\n\t\t\tdata-img-src-set=\"{&quot;d&quot;:&quot;https:\\\/\\\/scontent-cdg4-1.cdninstagram.com\\\/v\\\/t51.82787-15\\\/626526656_18309895174249144_347746978869323551_n.jpg?stp=dst-jpg_e35_tt6&amp;_nc_cat=102&amp;ccb=7-5&amp;_nc_sid=18de74&amp;efg=eyJlZmdfdGFnIjoiRkVFRC5iZXN0X2ltYWdlX3VybGdlbi5DMyJ9&amp;_nc_ohc=Ct7DvRAq7pAQ7kNvwE-HraS&amp;_nc_oc=AdrWP2XynSU6Y17l21r-mFUjys93m6YFyGvShq1O0W1yJaNLZMCG5iNmmozFdE3rt9Y&amp;_nc_zt=23&amp;_nc_ht=scontent-cdg4-1.cdninstagram.com&amp;edm=ANo9K5cEAAAA&amp;_nc_gid=bVjo6ErpxmlpbeCGmm70ww&amp;_nc_tpa=Q5bMBQEH0AyEiFwitGE6ahYjl1QtuDAsvNaogJ2GU7ym1LQuTreVSINOijP4WNvu5niVLyNZGX1A-drSqA&amp;oh=00_Af1Nn4mv2uG7ByHXZwOY6U9mi2WJ_KIlIwa7NQBthGR4fw&amp;oe=69F92EF7&quot;,&quot;150&quot;:&quot;https:\\\/\\\/scontent-cdg4-1.cdninstagram.com\\\/v\\\/t51.82787-15\\\/626526656_18309895174249144_347746978869323551_n.jpg?stp=dst-jpg_e35_tt6&amp;_nc_cat=102&amp;ccb=7-5&amp;_nc_sid=18de74&amp;efg=eyJlZmdfdGFnIjoiRkVFRC5iZXN0X2ltYWdlX3VybGdlbi5DMyJ9&amp;_nc_ohc=Ct7DvRAq7pAQ7kNvwE-HraS&amp;_nc_oc=AdrWP2XynSU6Y17l21r-mFUjys93m6YFyGvShq1O0W1yJaNLZMCG5iNmmozFdE3rt9Y&amp;_nc_zt=23&amp;_nc_ht=scontent-cdg4-1.cdninstagram.com&amp;edm=ANo9K5cEAAAA&amp;_nc_gid=bVjo6ErpxmlpbeCGmm70ww&amp;_nc_tpa=Q5bMBQEH0AyEiFwitGE6ahYjl1QtuDAsvNaogJ2GU7ym1LQuTreVSINOijP4WNvu5niVLyNZGX1A-drSqA&amp;oh=00_Af1Nn4mv2uG7ByHXZwOY6U9mi2WJ_KIlIwa7NQBthGR4fw&amp;oe=69F92EF7&quot;,&quot;320&quot;:&quot;https:\\\/\\\/scontent-cdg4-1.cdninstagram.com\\\/v\\\/t51.82787-15\\\/626526656_18309895174249144_347746978869323551_n.jpg?stp=dst-jpg_e35_tt6&amp;_nc_cat=102&amp;ccb=7-5&amp;_nc_sid=18de74&amp;efg=eyJlZmdfdGFnIjoiRkVFRC5iZXN0X2ltYWdlX3VybGdlbi5DMyJ9&amp;_nc_ohc=Ct7DvRAq7pAQ7kNvwE-HraS&amp;_nc_oc=AdrWP2XynSU6Y17l21r-mFUjys93m6YFyGvShq1O0W1yJaNLZMCG5iNmmozFdE3rt9Y&amp;_nc_zt=23&amp;_nc_ht=scontent-cdg4-1.cdninstagram.com&amp;edm=ANo9K5cEAAAA&amp;_nc_gid=bVjo6ErpxmlpbeCGmm70ww&amp;_nc_tpa=Q5bMBQEH0AyEiFwitGE6ahYjl1QtuDAsvNaogJ2GU7ym1LQuTreVSINOijP4WNvu5niVLyNZGX1A-drSqA&amp;oh=00_Af1Nn4mv2uG7ByHXZwOY6U9mi2WJ_KIlIwa7NQBthGR4fw&amp;oe=69F92EF7&quot;,&quot;640&quot;:&quot;https:\\\/\\\/scontent-cdg4-1.cdninstagram.com\\\/v\\\/t51.82787-15\\\/626526656_18309895174249144_347746978869323551_n.jpg?stp=dst-jpg_e35_tt6&amp;_nc_cat=102&amp;ccb=7-5&amp;_nc_sid=18de74&amp;efg=eyJlZmdfdGFnIjoiRkVFRC5iZXN0X2ltYWdlX3VybGdlbi5DMyJ9&amp;_nc_ohc=Ct7DvRAq7pAQ7kNvwE-HraS&amp;_nc_oc=AdrWP2XynSU6Y17l21r-mFUjys93m6YFyGvShq1O0W1yJaNLZMCG5iNmmozFdE3rt9Y&amp;_nc_zt=23&amp;_nc_ht=scontent-cdg4-1.cdninstagram.com&amp;edm=ANo9K5cEAAAA&amp;_nc_gid=bVjo6ErpxmlpbeCGmm70ww&amp;_nc_tpa=Q5bMBQEH0AyEiFwitGE6ahYjl1QtuDAsvNaogJ2GU7ym1LQuTreVSINOijP4WNvu5niVLyNZGX1A-drSqA&amp;oh=00_Af1Nn4mv2uG7ByHXZwOY6U9mi2WJ_KIlIwa7NQBthGR4fw&amp;oe=69F92EF7&quot;}\">\n\t\t\t<span class=\"sbi-screenreader\">Dimanche 6 f\u00e9vrier \u00e0 la Villa Marcam,  @sandrine.g<\/span>\n\t\t\t\t\t\t\t\t\t<img decoding=\"async\" src=\"https:\/\/villa-marcam.com\/wp-content\/plugins\/instagram-feed\/img\/placeholder.png\" alt=\"Dimanche 6 f\u00e9vrier \u00e0 la Villa Marcam,  @sandrine.galley vous invite \u00e0 voyager dans votre relation \u00e0 votre m\u00e8re, \u00e0 votre relation en tant que m\u00e8re.\nC&#039;est un voyage dans l&#039;\u00e9nergie maternelle, maternante.\nSentir que vous \u00eates libre cette relation \u00e0 la m\u00e8re.\n\nVous choisissez ce qui est juste pour vous d&#039;actionner dans votre lien \u00e0 votre m\u00e8re et \u00e0 vos enfants.\n\nSandrine vous propose d\u2019explorer la connexion intense \u00e0 la Terre m\u00e8re, la guidance qu\u2019elle vous apporte, le soutien et la contenance.\n\nC\u2019est une invitation \u00e0 se synchroniser \u00e0 l\u2019\u00e9nergie de la m\u00e8re pour vous materner, prendre soin de vous.\n\nC\u2019est \u00e9galement s\u2019offrir le cadeau de la femme qui devient m\u00e8re ou pas en alignement avec ses valeurs. Offrir, accompagner, guider en conscience dans le respect de soi et dans sa propre \u00e9volution.\n\nC\u2019est prendre le temps de gu\u00e9rir des blessures des liens \u00e0 votre m\u00e8re pour activer votre plein potentiel et tisser des liens sains dans vos relations.\n\nC\u2019est faire alliance avec la terre-le ciel pour vous aligner \u00e0 l\u2019\u00e9nergie de la m\u00e8re sous toutes ses formes et dans tous les aspects de votre vie.\n\nPour voyager dans ces espaces \u00e9nerg\u00e9tiques, Sandrine vous accompagne au son du tambour, de la voix, des oracles et du langage de lumi\u00e8re.\n\nCe temps de choix et de libert\u00e9 se  pose le  dimanche  6 f\u00e9vrier \u00e0 la villa Marcam \u00e0 Sanary sur Mer (83).\nUn lieu magique par son \u00e9nergie cocooning s&#039;ouvrant sur un espace vue mer.\n\nParticipation : 85\u20ac\n\nRepas partag\u00e9s avec ce que chacun apporte\nSi vous sentez l\u2019appel, contacter Sandrine en MP pour toute information et modalit\u00e9s d\u2019inscription :\nsandrine@sandrinegalley.com\n06 15 94 43 85\n\nDe tout c\u0153ur\n\n#mere #merefille #merefils #relationmere #terremere #langagedelumiere #villamarcam #stagebienetre #atelierbienetre #libertedetre #conscience #tambour #soinenergetique #coachdevie #bienetre #resilience #soinsenergetiques #chantintuitif #clesdevie #psychocorporel #developpementpersonnel #developpementspirituel #voyagechamanique #soinchamanique #joie #confianceensoi #estimedesoi #praticienchamanique #chaman #sanary\" aria-hidden=\"true\">\n\t\t<\/a>\n\t<\/div>\n<\/div><div class=\"sbi_item sbi_type_image sbi_new sbi_transition\"\n\tid=\"sbi_18187765066082736\" data-date=\"1642362511\">\n\t<div class=\"sbi_photo_wrap\">\n\t\t<a class=\"sbi_photo\" href=\"https:\/\/www.instagram.com\/p\/CYzaIUtsZug\/\" target=\"_blank\" rel=\"noopener nofollow\"\n\t\t\tdata-full-res=\"https:\/\/scontent-cdg4-3.cdninstagram.com\/v\/t51.82787-15\/631784241_18384706699082736_101402207227980793_n.jpg?stp=dst-jpg_e35_tt6&#038;_nc_cat=111&#038;ccb=7-5&#038;_nc_sid=18de74&#038;efg=eyJlZmdfdGFnIjoiRkVFRC5iZXN0X2ltYWdlX3VybGdlbi5DMyJ9&#038;_nc_ohc=0TFdp0TIWckQ7kNvwE7g4KX&#038;_nc_oc=AdosaT87K2RviDwGCAh5kbuIpt34lrla0oNSnOWgf6BWZ7XM31JCVYayXKRe74M3A8g&#038;_nc_zt=23&#038;_nc_ht=scontent-cdg4-3.cdninstagram.com&#038;edm=ANo9K5cEAAAA&#038;_nc_gid=bVjo6ErpxmlpbeCGmm70ww&#038;_nc_tpa=Q5bMBQHFR5K9f1QGEB2QCJY3wN2Jrf4SLyJMFnq1-0hSB248PStqRj_a2ixD6cIOGioPnn8Y7YlC5tbd6Q&#038;oh=00_Af1nki-po5yI4lrIT5c4ADJAH1ff5arweZNOq8cQEUPQRA&#038;oe=69F91A34\"\n\t\t\tdata-img-src-set=\"{&quot;d&quot;:&quot;https:\\\/\\\/scontent-cdg4-3.cdninstagram.com\\\/v\\\/t51.82787-15\\\/631784241_18384706699082736_101402207227980793_n.jpg?stp=dst-jpg_e35_tt6&amp;_nc_cat=111&amp;ccb=7-5&amp;_nc_sid=18de74&amp;efg=eyJlZmdfdGFnIjoiRkVFRC5iZXN0X2ltYWdlX3VybGdlbi5DMyJ9&amp;_nc_ohc=0TFdp0TIWckQ7kNvwE7g4KX&amp;_nc_oc=AdosaT87K2RviDwGCAh5kbuIpt34lrla0oNSnOWgf6BWZ7XM31JCVYayXKRe74M3A8g&amp;_nc_zt=23&amp;_nc_ht=scontent-cdg4-3.cdninstagram.com&amp;edm=ANo9K5cEAAAA&amp;_nc_gid=bVjo6ErpxmlpbeCGmm70ww&amp;_nc_tpa=Q5bMBQHFR5K9f1QGEB2QCJY3wN2Jrf4SLyJMFnq1-0hSB248PStqRj_a2ixD6cIOGioPnn8Y7YlC5tbd6Q&amp;oh=00_Af1nki-po5yI4lrIT5c4ADJAH1ff5arweZNOq8cQEUPQRA&amp;oe=69F91A34&quot;,&quot;150&quot;:&quot;https:\\\/\\\/scontent-cdg4-3.cdninstagram.com\\\/v\\\/t51.82787-15\\\/631784241_18384706699082736_101402207227980793_n.jpg?stp=dst-jpg_e35_tt6&amp;_nc_cat=111&amp;ccb=7-5&amp;_nc_sid=18de74&amp;efg=eyJlZmdfdGFnIjoiRkVFRC5iZXN0X2ltYWdlX3VybGdlbi5DMyJ9&amp;_nc_ohc=0TFdp0TIWckQ7kNvwE7g4KX&amp;_nc_oc=AdosaT87K2RviDwGCAh5kbuIpt34lrla0oNSnOWgf6BWZ7XM31JCVYayXKRe74M3A8g&amp;_nc_zt=23&amp;_nc_ht=scontent-cdg4-3.cdninstagram.com&amp;edm=ANo9K5cEAAAA&amp;_nc_gid=bVjo6ErpxmlpbeCGmm70ww&amp;_nc_tpa=Q5bMBQHFR5K9f1QGEB2QCJY3wN2Jrf4SLyJMFnq1-0hSB248PStqRj_a2ixD6cIOGioPnn8Y7YlC5tbd6Q&amp;oh=00_Af1nki-po5yI4lrIT5c4ADJAH1ff5arweZNOq8cQEUPQRA&amp;oe=69F91A34&quot;,&quot;320&quot;:&quot;https:\\\/\\\/scontent-cdg4-3.cdninstagram.com\\\/v\\\/t51.82787-15\\\/631784241_18384706699082736_101402207227980793_n.jpg?stp=dst-jpg_e35_tt6&amp;_nc_cat=111&amp;ccb=7-5&amp;_nc_sid=18de74&amp;efg=eyJlZmdfdGFnIjoiRkVFRC5iZXN0X2ltYWdlX3VybGdlbi5DMyJ9&amp;_nc_ohc=0TFdp0TIWckQ7kNvwE7g4KX&amp;_nc_oc=AdosaT87K2RviDwGCAh5kbuIpt34lrla0oNSnOWgf6BWZ7XM31JCVYayXKRe74M3A8g&amp;_nc_zt=23&amp;_nc_ht=scontent-cdg4-3.cdninstagram.com&amp;edm=ANo9K5cEAAAA&amp;_nc_gid=bVjo6ErpxmlpbeCGmm70ww&amp;_nc_tpa=Q5bMBQHFR5K9f1QGEB2QCJY3wN2Jrf4SLyJMFnq1-0hSB248PStqRj_a2ixD6cIOGioPnn8Y7YlC5tbd6Q&amp;oh=00_Af1nki-po5yI4lrIT5c4ADJAH1ff5arweZNOq8cQEUPQRA&amp;oe=69F91A34&quot;,&quot;640&quot;:&quot;https:\\\/\\\/scontent-cdg4-3.cdninstagram.com\\\/v\\\/t51.82787-15\\\/631784241_18384706699082736_101402207227980793_n.jpg?stp=dst-jpg_e35_tt6&amp;_nc_cat=111&amp;ccb=7-5&amp;_nc_sid=18de74&amp;efg=eyJlZmdfdGFnIjoiRkVFRC5iZXN0X2ltYWdlX3VybGdlbi5DMyJ9&amp;_nc_ohc=0TFdp0TIWckQ7kNvwE7g4KX&amp;_nc_oc=AdosaT87K2RviDwGCAh5kbuIpt34lrla0oNSnOWgf6BWZ7XM31JCVYayXKRe74M3A8g&amp;_nc_zt=23&amp;_nc_ht=scontent-cdg4-3.cdninstagram.com&amp;edm=ANo9K5cEAAAA&amp;_nc_gid=bVjo6ErpxmlpbeCGmm70ww&amp;_nc_tpa=Q5bMBQHFR5K9f1QGEB2QCJY3wN2Jrf4SLyJMFnq1-0hSB248PStqRj_a2ixD6cIOGioPnn8Y7YlC5tbd6Q&amp;oh=00_Af1nki-po5yI4lrIT5c4ADJAH1ff5arweZNOq8cQEUPQRA&amp;oe=69F91A34&quot;}\">\n\t\t\t<span class=\"sbi-screenreader\">Formations massage bien-\u00eatre cet hiver \u00e0 la Villa <\/span>\n\t\t\t\t\t\t\t\t\t<img decoding=\"async\" src=\"https:\/\/villa-marcam.com\/wp-content\/plugins\/instagram-feed\/img\/placeholder.png\" alt=\"Formations massage bien-\u00eatre cet hiver \u00e0 la Villa Marcam \u2728 @laurence_harmonie_des_sens est heureuse de vous annoncer l\u2019ouverture de son centre de FORMATION en MASSAGE BIEN \u00caTRE \u00e0 compter de janvier 2022 \u2728\n\nLes stages propos\u00e9s seront un temps d\u2019apprentissage OUVERT A TOUS ceux qui souhaitent acqu\u00e9rir les techniques du massage en fonction des THEMES que Laurence vous propose : Su\u00e9dois, Californien, Reflexo-plantaire, japonais du visage, femmes enceintes...\n\nIls se d\u00e9rouleront \u00e0 SANARY sur 2 jours. Une attestation de fin de stage vous sera remis.\n\n\ud83c\udf38Laurence a cr\u00e9\u00e9 ce centre pour transmettre SON SAVOIR FAIRE et dans la philosophie de son massage\ud83c\udf38\n\nLoin des protocoles pr\u00e9\u00e9tablis, elle vous propose une formation \u00e0 votre ECOUTE avec un apprentissage dans la BIENVEILLANCE, qui vous permettra de d\u00e9velopper VOTRE MASSAGE.\n\n\u2728Formations en petit groupe, dans un LIEU COSY\u2728\nPossibilit\u00e9 de PRISE EN CHARGE pour les micro-entrepreneurs ayant un CPF.\n\n\u203c\ufe0fcontacter @laurence_harmonie_des_sens au 0625651744 pour plus de renseignements \u203c\ufe0f\n \n#formationmassagebienetre #massagebienetre #sanary #toulon #bandol #formationcpf #massagetherapy #massagetoulon #bienetre #formationprofessionnelle\" aria-hidden=\"true\">\n\t\t<\/a>\n\t<\/div>\n<\/div><div class=\"sbi_item sbi_type_carousel sbi_new sbi_transition\"\n\tid=\"sbi_17930742994842888\" data-date=\"1642001203\">\n\t<div class=\"sbi_photo_wrap\">\n\t\t<a class=\"sbi_photo\" href=\"https:\/\/www.instagram.com\/p\/CYoo_QbI6sq\/\" target=\"_blank\" rel=\"noopener nofollow\"\n\t\t\tdata-full-res=\"https:\/\/scontent-cdg4-2.cdninstagram.com\/v\/t51.82787-15\/650857336_18147172135474121_6553954086493392655_n.jpg?stp=dst-jpg_e35_tt6&#038;_nc_cat=101&#038;ccb=7-5&#038;_nc_sid=18de74&#038;efg=eyJlZmdfdGFnIjoiQ0FST1VTRUxfSVRFTS5iZXN0X2ltYWdlX3VybGdlbi5DMyJ9&#038;_nc_ohc=WuOpZ5-xrncQ7kNvwHe30Y_&#038;_nc_oc=Adr573ennFuxrIEWU2gsY6FgEcfo5HTkMl2VtenPENdTcmQ__33nAJaYyMhAsbJjj9o&#038;_nc_zt=23&#038;_nc_ht=scontent-cdg4-2.cdninstagram.com&#038;edm=ANo9K5cEAAAA&#038;_nc_gid=bVjo6ErpxmlpbeCGmm70ww&#038;_nc_tpa=Q5bMBQHHf0LCh5Z_pZJvRzMtCD6PcnxLZLQ42rkVx3yELNnn8uGFx34glNBwsutHnAxtz80URVLjYBENGA&#038;oh=00_Af1wDWELMuzfq0FfpTUIM_h4NjT8Bb7MUxPDX29A0_2LTg&#038;oe=69F91CE6\"\n\t\t\tdata-img-src-set=\"{&quot;d&quot;:&quot;https:\\\/\\\/scontent-cdg4-2.cdninstagram.com\\\/v\\\/t51.82787-15\\\/650857336_18147172135474121_6553954086493392655_n.jpg?stp=dst-jpg_e35_tt6&amp;_nc_cat=101&amp;ccb=7-5&amp;_nc_sid=18de74&amp;efg=eyJlZmdfdGFnIjoiQ0FST1VTRUxfSVRFTS5iZXN0X2ltYWdlX3VybGdlbi5DMyJ9&amp;_nc_ohc=WuOpZ5-xrncQ7kNvwHe30Y_&amp;_nc_oc=Adr573ennFuxrIEWU2gsY6FgEcfo5HTkMl2VtenPENdTcmQ__33nAJaYyMhAsbJjj9o&amp;_nc_zt=23&amp;_nc_ht=scontent-cdg4-2.cdninstagram.com&amp;edm=ANo9K5cEAAAA&amp;_nc_gid=bVjo6ErpxmlpbeCGmm70ww&amp;_nc_tpa=Q5bMBQHHf0LCh5Z_pZJvRzMtCD6PcnxLZLQ42rkVx3yELNnn8uGFx34glNBwsutHnAxtz80URVLjYBENGA&amp;oh=00_Af1wDWELMuzfq0FfpTUIM_h4NjT8Bb7MUxPDX29A0_2LTg&amp;oe=69F91CE6&quot;,&quot;150&quot;:&quot;https:\\\/\\\/scontent-cdg4-2.cdninstagram.com\\\/v\\\/t51.82787-15\\\/650857336_18147172135474121_6553954086493392655_n.jpg?stp=dst-jpg_e35_tt6&amp;_nc_cat=101&amp;ccb=7-5&amp;_nc_sid=18de74&amp;efg=eyJlZmdfdGFnIjoiQ0FST1VTRUxfSVRFTS5iZXN0X2ltYWdlX3VybGdlbi5DMyJ9&amp;_nc_ohc=WuOpZ5-xrncQ7kNvwHe30Y_&amp;_nc_oc=Adr573ennFuxrIEWU2gsY6FgEcfo5HTkMl2VtenPENdTcmQ__33nAJaYyMhAsbJjj9o&amp;_nc_zt=23&amp;_nc_ht=scontent-cdg4-2.cdninstagram.com&amp;edm=ANo9K5cEAAAA&amp;_nc_gid=bVjo6ErpxmlpbeCGmm70ww&amp;_nc_tpa=Q5bMBQHHf0LCh5Z_pZJvRzMtCD6PcnxLZLQ42rkVx3yELNnn8uGFx34glNBwsutHnAxtz80URVLjYBENGA&amp;oh=00_Af1wDWELMuzfq0FfpTUIM_h4NjT8Bb7MUxPDX29A0_2LTg&amp;oe=69F91CE6&quot;,&quot;320&quot;:&quot;https:\\\/\\\/scontent-cdg4-2.cdninstagram.com\\\/v\\\/t51.82787-15\\\/650857336_18147172135474121_6553954086493392655_n.jpg?stp=dst-jpg_e35_tt6&amp;_nc_cat=101&amp;ccb=7-5&amp;_nc_sid=18de74&amp;efg=eyJlZmdfdGFnIjoiQ0FST1VTRUxfSVRFTS5iZXN0X2ltYWdlX3VybGdlbi5DMyJ9&amp;_nc_ohc=WuOpZ5-xrncQ7kNvwHe30Y_&amp;_nc_oc=Adr573ennFuxrIEWU2gsY6FgEcfo5HTkMl2VtenPENdTcmQ__33nAJaYyMhAsbJjj9o&amp;_nc_zt=23&amp;_nc_ht=scontent-cdg4-2.cdninstagram.com&amp;edm=ANo9K5cEAAAA&amp;_nc_gid=bVjo6ErpxmlpbeCGmm70ww&amp;_nc_tpa=Q5bMBQHHf0LCh5Z_pZJvRzMtCD6PcnxLZLQ42rkVx3yELNnn8uGFx34glNBwsutHnAxtz80URVLjYBENGA&amp;oh=00_Af1wDWELMuzfq0FfpTUIM_h4NjT8Bb7MUxPDX29A0_2LTg&amp;oe=69F91CE6&quot;,&quot;640&quot;:&quot;https:\\\/\\\/scontent-cdg4-2.cdninstagram.com\\\/v\\\/t51.82787-15\\\/650857336_18147172135474121_6553954086493392655_n.jpg?stp=dst-jpg_e35_tt6&amp;_nc_cat=101&amp;ccb=7-5&amp;_nc_sid=18de74&amp;efg=eyJlZmdfdGFnIjoiQ0FST1VTRUxfSVRFTS5iZXN0X2ltYWdlX3VybGdlbi5DMyJ9&amp;_nc_ohc=WuOpZ5-xrncQ7kNvwHe30Y_&amp;_nc_oc=Adr573ennFuxrIEWU2gsY6FgEcfo5HTkMl2VtenPENdTcmQ__33nAJaYyMhAsbJjj9o&amp;_nc_zt=23&amp;_nc_ht=scontent-cdg4-2.cdninstagram.com&amp;edm=ANo9K5cEAAAA&amp;_nc_gid=bVjo6ErpxmlpbeCGmm70ww&amp;_nc_tpa=Q5bMBQHHf0LCh5Z_pZJvRzMtCD6PcnxLZLQ42rkVx3yELNnn8uGFx34glNBwsutHnAxtz80URVLjYBENGA&amp;oh=00_Af1wDWELMuzfq0FfpTUIM_h4NjT8Bb7MUxPDX29A0_2LTg&amp;oe=69F91CE6&quot;}\">\n\t\t\t<span class=\"sbi-screenreader\">Ce samedi 15 janvier, rendez-vous \u00e0 la @villa.marc<\/span>\n\t\t\t<svg class=\"svg-inline--fa fa-clone fa-w-16 sbi_lightbox_carousel_icon\" aria-hidden=\"true\" aria-label=\"Clone\" data-fa-pro\u0192cessed=\"\" data-prefix=\"far\" data-icon=\"clone\" role=\"img\" xmlns=\"http:\/\/www.w3.org\/2000\/svg\" viewBox=\"0 0 512 512\">\n                    <path fill=\"currentColor\" d=\"M464 0H144c-26.51 0-48 21.49-48 48v48H48c-26.51 0-48 21.49-48 48v320c0 26.51 21.49 48 48 48h320c26.51 0 48-21.49 48-48v-48h48c26.51 0 48-21.49 48-48V48c0-26.51-21.49-48-48-48zM362 464H54a6 6 0 0 1-6-6V150a6 6 0 0 1 6-6h42v224c0 26.51 21.49 48 48 48h224v42a6 6 0 0 1-6 6zm96-96H150a6 6 0 0 1-6-6V54a6 6 0 0 1 6-6h308a6 6 0 0 1 6 6v308a6 6 0 0 1-6 6z\"><\/path>\n                <\/svg>\t\t\t\t\t\t<img decoding=\"async\" src=\"https:\/\/villa-marcam.com\/wp-content\/plugins\/instagram-feed\/img\/placeholder.png\" alt=\"Ce samedi 15 janvier, rendez-vous \u00e0 la @villa.marcam pour un atelier tambour et langage de lumi\u00e8re. Avec @sandrine.galley \u00ab\u00a0Je communique ma voix de transformation par le langage de lumi\u00e8re\u00a0\u00bb\nhttps:\/\/fb.me\/e\/a3IoiWzLt\n\nProfitez d\u2019une journ\u00e9e dans un cocon de douceur en reliance avec la mer, c&#039;est avec plaisir que Sandrine vous accueille pour vous transmettre l&#039;initiation du langage de lumi\u00e8re.\n\nContact au 06 15 94 43 85\n\n#lightlangage #langagedelumiere #langagegalactique #codesdelumiere #villamarcam #stagebienetre #stagepresentiel #atelierbienetre #libertedetre #conscience #tambour #soinenergetique #coachdevie #bienetre #galactique #resilience #soinsenergetiques #chantintuitif #clesdevie #abondance #psychocorporel #developpementpersonnel #developpementspirituel#voyagechamanique #soinchamanique #joie #confianceensoi #estimedesoi #praticienchamanique #soinsmultidimensionnel\" aria-hidden=\"true\">\n\t\t<\/a>\n\t<\/div>\n<\/div><div class=\"sbi_item sbi_type_image sbi_new sbi_transition\"\n\tid=\"sbi_17953360618562494\" data-date=\"1638972453\">\n\t<div class=\"sbi_photo_wrap\">\n\t\t<a class=\"sbi_photo\" href=\"https:\/\/www.instagram.com\/p\/CXOYG5Ks49E\/\" target=\"_blank\" rel=\"noopener nofollow\"\n\t\t\tdata-full-res=\"https:\/\/scontent-cdg4-2.cdninstagram.com\/v\/t51.82787-15\/621026157_18119480641562494_6870343050020928964_n.jpg?stp=dst-jpg_e35_tt6&#038;_nc_cat=100&#038;ccb=7-5&#038;_nc_sid=18de74&#038;efg=eyJlZmdfdGFnIjoiRkVFRC5iZXN0X2ltYWdlX3VybGdlbi5DMyJ9&#038;_nc_ohc=aXy4SZ-yTE4Q7kNvwG2ppJK&#038;_nc_oc=AdorCYLLfY_K1jWUZT-OxJnxk-ahFFvxA89_jJKeghBocBQ_3R1dYwfyJ-iqVxn8IYU&#038;_nc_zt=23&#038;_nc_ht=scontent-cdg4-2.cdninstagram.com&#038;edm=ANo9K5cEAAAA&#038;_nc_gid=bVjo6ErpxmlpbeCGmm70ww&#038;_nc_tpa=Q5bMBQHNob961e0D7t2-4WqQOc-wptmQnbLkEbt_YWV5nGIJhkED9manJ4x_nLIkOEsxYKJMMbhYlCz-iw&#038;oh=00_Af3PBD6VnnrpXCMoooT2X4EPX92sfS7s4zo7mKUkhpo8oQ&#038;oe=69F91E63\"\n\t\t\tdata-img-src-set=\"{&quot;d&quot;:&quot;https:\\\/\\\/scontent-cdg4-2.cdninstagram.com\\\/v\\\/t51.82787-15\\\/621026157_18119480641562494_6870343050020928964_n.jpg?stp=dst-jpg_e35_tt6&amp;_nc_cat=100&amp;ccb=7-5&amp;_nc_sid=18de74&amp;efg=eyJlZmdfdGFnIjoiRkVFRC5iZXN0X2ltYWdlX3VybGdlbi5DMyJ9&amp;_nc_ohc=aXy4SZ-yTE4Q7kNvwG2ppJK&amp;_nc_oc=AdorCYLLfY_K1jWUZT-OxJnxk-ahFFvxA89_jJKeghBocBQ_3R1dYwfyJ-iqVxn8IYU&amp;_nc_zt=23&amp;_nc_ht=scontent-cdg4-2.cdninstagram.com&amp;edm=ANo9K5cEAAAA&amp;_nc_gid=bVjo6ErpxmlpbeCGmm70ww&amp;_nc_tpa=Q5bMBQHNob961e0D7t2-4WqQOc-wptmQnbLkEbt_YWV5nGIJhkED9manJ4x_nLIkOEsxYKJMMbhYlCz-iw&amp;oh=00_Af3PBD6VnnrpXCMoooT2X4EPX92sfS7s4zo7mKUkhpo8oQ&amp;oe=69F91E63&quot;,&quot;150&quot;:&quot;https:\\\/\\\/scontent-cdg4-2.cdninstagram.com\\\/v\\\/t51.82787-15\\\/621026157_18119480641562494_6870343050020928964_n.jpg?stp=dst-jpg_e35_tt6&amp;_nc_cat=100&amp;ccb=7-5&amp;_nc_sid=18de74&amp;efg=eyJlZmdfdGFnIjoiRkVFRC5iZXN0X2ltYWdlX3VybGdlbi5DMyJ9&amp;_nc_ohc=aXy4SZ-yTE4Q7kNvwG2ppJK&amp;_nc_oc=AdorCYLLfY_K1jWUZT-OxJnxk-ahFFvxA89_jJKeghBocBQ_3R1dYwfyJ-iqVxn8IYU&amp;_nc_zt=23&amp;_nc_ht=scontent-cdg4-2.cdninstagram.com&amp;edm=ANo9K5cEAAAA&amp;_nc_gid=bVjo6ErpxmlpbeCGmm70ww&amp;_nc_tpa=Q5bMBQHNob961e0D7t2-4WqQOc-wptmQnbLkEbt_YWV5nGIJhkED9manJ4x_nLIkOEsxYKJMMbhYlCz-iw&amp;oh=00_Af3PBD6VnnrpXCMoooT2X4EPX92sfS7s4zo7mKUkhpo8oQ&amp;oe=69F91E63&quot;,&quot;320&quot;:&quot;https:\\\/\\\/scontent-cdg4-2.cdninstagram.com\\\/v\\\/t51.82787-15\\\/621026157_18119480641562494_6870343050020928964_n.jpg?stp=dst-jpg_e35_tt6&amp;_nc_cat=100&amp;ccb=7-5&amp;_nc_sid=18de74&amp;efg=eyJlZmdfdGFnIjoiRkVFRC5iZXN0X2ltYWdlX3VybGdlbi5DMyJ9&amp;_nc_ohc=aXy4SZ-yTE4Q7kNvwG2ppJK&amp;_nc_oc=AdorCYLLfY_K1jWUZT-OxJnxk-ahFFvxA89_jJKeghBocBQ_3R1dYwfyJ-iqVxn8IYU&amp;_nc_zt=23&amp;_nc_ht=scontent-cdg4-2.cdninstagram.com&amp;edm=ANo9K5cEAAAA&amp;_nc_gid=bVjo6ErpxmlpbeCGmm70ww&amp;_nc_tpa=Q5bMBQHNob961e0D7t2-4WqQOc-wptmQnbLkEbt_YWV5nGIJhkED9manJ4x_nLIkOEsxYKJMMbhYlCz-iw&amp;oh=00_Af3PBD6VnnrpXCMoooT2X4EPX92sfS7s4zo7mKUkhpo8oQ&amp;oe=69F91E63&quot;,&quot;640&quot;:&quot;https:\\\/\\\/scontent-cdg4-2.cdninstagram.com\\\/v\\\/t51.82787-15\\\/621026157_18119480641562494_6870343050020928964_n.jpg?stp=dst-jpg_e35_tt6&amp;_nc_cat=100&amp;ccb=7-5&amp;_nc_sid=18de74&amp;efg=eyJlZmdfdGFnIjoiRkVFRC5iZXN0X2ltYWdlX3VybGdlbi5DMyJ9&amp;_nc_ohc=aXy4SZ-yTE4Q7kNvwG2ppJK&amp;_nc_oc=AdorCYLLfY_K1jWUZT-OxJnxk-ahFFvxA89_jJKeghBocBQ_3R1dYwfyJ-iqVxn8IYU&amp;_nc_zt=23&amp;_nc_ht=scontent-cdg4-2.cdninstagram.com&amp;edm=ANo9K5cEAAAA&amp;_nc_gid=bVjo6ErpxmlpbeCGmm70ww&amp;_nc_tpa=Q5bMBQHNob961e0D7t2-4WqQOc-wptmQnbLkEbt_YWV5nGIJhkED9manJ4x_nLIkOEsxYKJMMbhYlCz-iw&amp;oh=00_Af3PBD6VnnrpXCMoooT2X4EPX92sfS7s4zo7mKUkhpo8oQ&amp;oe=69F91E63&quot;}\">\n\t\t\t<span class=\"sbi-screenreader\">Ce dimanche 12 d\u00e9cembre \u00e0 la Villa Marcam, atelier<\/span>\n\t\t\t\t\t\t\t\t\t<img decoding=\"async\" src=\"https:\/\/villa-marcam.com\/wp-content\/plugins\/instagram-feed\/img\/placeholder.png\" alt=\"Ce dimanche 12 d\u00e9cembre \u00e0 la Villa Marcam, atelier Yoga + Naturopathie \n\u2026. Vous constatez une soudaine perte de moral, d\u2019\u00e9nergie en cette saison ? Il s\u2019ag\u00eet peut \u00eatre l\u00e0 tout simplement de la cons\u00e9quence de petits changements qui se sont op\u00e9r\u00e9s dans notre vie quotidienne.\n \nDes journ\u00e9es plus agit\u00e9es, d\u2019importantes tensions \u00e9motionnelles, des attentes fortes, tout ceci impacte forc\u00e9ment notre forme et notre \u00e9nergie.\nEt pour entretenir votre \u00ablumi\u00e8re int\u00e9rieure \u00bb, nous vous invitons \u00e0 vous occuper de vous, de g\u00e9rer votre niveau de stress tout en rechargeant nos batteries.\n\nDurant la journ\u00e9e nous vous proposerons plusieurs ateliers Hatha Yoga, Yoga Nidra (Pratique de concentration\/m\u00e9ditation\/contemplation \u00e0 part enti\u00e8re, pratiqu\u00e9e en position allong\u00e9e, qui permet d&#039;acc\u00e9der de mani\u00e8re consciente \u00e0 l&#039;inconscient), m\u00e9ditation. Conseils et atelier cosm\u00e9tique men\u00e9s par une Naturopathe. D\u00e9couverte de la Naturopathie, conseils nutritionnels, le tout dans un cadre idyllique dans une villa au bord de la mer.\nVous ressortirez de l\u2019atelier repos\u00e9 et pr\u00eat pour un nouveau d\u00e9part!\nCette pratique est accessible \u00e0 tous.\nPlaces limit\u00e9es.\nDimanche 12 d\u00e9cembre 2021\nDur\u00e9e: de 9h30 \u00e0 17h30\nTarif: 85\u20ac Le lunch \u00e9labor\u00e9 par la naturopathe &amp; un cosm\u00e9tique inclus dans le prix!\nR\u00e9servation obligatoire au 06-51-08-72-78 ou 06-50-56-46-22\nLieu: Sanary\n\n#yoga #yogapractice #sanary #sanaryyoga #yogasanary #yogapractice #ffhy #atelieryoga #atelieryogasanary #workshopyoga #naturopathie #naturopathe #yoganaturopathy #coursyoga #lumiere #stress #moral #cercleparole\" aria-hidden=\"true\">\n\t\t<\/a>\n\t<\/div>\n<\/div><div class=\"sbi_item sbi_type_carousel sbi_new sbi_transition\"\n\tid=\"sbi_17949259117583116\" data-date=\"1637520554\">\n\t<div class=\"sbi_photo_wrap\">\n\t\t<a class=\"sbi_photo\" href=\"https:\/\/www.instagram.com\/p\/CWjG1HOs7zg\/\" target=\"_blank\" rel=\"noopener nofollow\"\n\t\t\tdata-full-res=\"https:\/\/scontent-cdg4-2.cdninstagram.com\/v\/t51.82787-15\/650928835_18166994695405912_8434223526054294777_n.jpg?stp=dst-jpg_e35_tt6&#038;_nc_cat=101&#038;ccb=7-5&#038;_nc_sid=18de74&#038;efg=eyJlZmdfdGFnIjoiQ0FST1VTRUxfSVRFTS5iZXN0X2ltYWdlX3VybGdlbi5DMyJ9&#038;_nc_ohc=cnuMdtSo0O0Q7kNvwG1xUKh&#038;_nc_oc=Adph44y5OOR-sopsoniTeAuhnGQREAAUQ4QIYzCpk047xcLUPrOLgqCLC6m5o-sSLtE&#038;_nc_zt=23&#038;_nc_ht=scontent-cdg4-2.cdninstagram.com&#038;edm=ANo9K5cEAAAA&#038;_nc_gid=bVjo6ErpxmlpbeCGmm70ww&#038;_nc_tpa=Q5bMBQHIZ9P8eIHHvp33M5cqA34lqWPqYLWHdYa_X01IXC2swUY5AgLP5577yjaJvVYWeQ4a8z4jn8yLVQ&#038;oh=00_Af2B5LqlDLmiSt6JKtPcH4k9pKRExigsgpWhnhyCRg4imQ&#038;oe=69F917B2\"\n\t\t\tdata-img-src-set=\"{&quot;d&quot;:&quot;https:\\\/\\\/scontent-cdg4-2.cdninstagram.com\\\/v\\\/t51.82787-15\\\/650928835_18166994695405912_8434223526054294777_n.jpg?stp=dst-jpg_e35_tt6&amp;_nc_cat=101&amp;ccb=7-5&amp;_nc_sid=18de74&amp;efg=eyJlZmdfdGFnIjoiQ0FST1VTRUxfSVRFTS5iZXN0X2ltYWdlX3VybGdlbi5DMyJ9&amp;_nc_ohc=cnuMdtSo0O0Q7kNvwG1xUKh&amp;_nc_oc=Adph44y5OOR-sopsoniTeAuhnGQREAAUQ4QIYzCpk047xcLUPrOLgqCLC6m5o-sSLtE&amp;_nc_zt=23&amp;_nc_ht=scontent-cdg4-2.cdninstagram.com&amp;edm=ANo9K5cEAAAA&amp;_nc_gid=bVjo6ErpxmlpbeCGmm70ww&amp;_nc_tpa=Q5bMBQHIZ9P8eIHHvp33M5cqA34lqWPqYLWHdYa_X01IXC2swUY5AgLP5577yjaJvVYWeQ4a8z4jn8yLVQ&amp;oh=00_Af2B5LqlDLmiSt6JKtPcH4k9pKRExigsgpWhnhyCRg4imQ&amp;oe=69F917B2&quot;,&quot;150&quot;:&quot;https:\\\/\\\/scontent-cdg4-2.cdninstagram.com\\\/v\\\/t51.82787-15\\\/650928835_18166994695405912_8434223526054294777_n.jpg?stp=dst-jpg_e35_tt6&amp;_nc_cat=101&amp;ccb=7-5&amp;_nc_sid=18de74&amp;efg=eyJlZmdfdGFnIjoiQ0FST1VTRUxfSVRFTS5iZXN0X2ltYWdlX3VybGdlbi5DMyJ9&amp;_nc_ohc=cnuMdtSo0O0Q7kNvwG1xUKh&amp;_nc_oc=Adph44y5OOR-sopsoniTeAuhnGQREAAUQ4QIYzCpk047xcLUPrOLgqCLC6m5o-sSLtE&amp;_nc_zt=23&amp;_nc_ht=scontent-cdg4-2.cdninstagram.com&amp;edm=ANo9K5cEAAAA&amp;_nc_gid=bVjo6ErpxmlpbeCGmm70ww&amp;_nc_tpa=Q5bMBQHIZ9P8eIHHvp33M5cqA34lqWPqYLWHdYa_X01IXC2swUY5AgLP5577yjaJvVYWeQ4a8z4jn8yLVQ&amp;oh=00_Af2B5LqlDLmiSt6JKtPcH4k9pKRExigsgpWhnhyCRg4imQ&amp;oe=69F917B2&quot;,&quot;320&quot;:&quot;https:\\\/\\\/scontent-cdg4-2.cdninstagram.com\\\/v\\\/t51.82787-15\\\/650928835_18166994695405912_8434223526054294777_n.jpg?stp=dst-jpg_e35_tt6&amp;_nc_cat=101&amp;ccb=7-5&amp;_nc_sid=18de74&amp;efg=eyJlZmdfdGFnIjoiQ0FST1VTRUxfSVRFTS5iZXN0X2ltYWdlX3VybGdlbi5DMyJ9&amp;_nc_ohc=cnuMdtSo0O0Q7kNvwG1xUKh&amp;_nc_oc=Adph44y5OOR-sopsoniTeAuhnGQREAAUQ4QIYzCpk047xcLUPrOLgqCLC6m5o-sSLtE&amp;_nc_zt=23&amp;_nc_ht=scontent-cdg4-2.cdninstagram.com&amp;edm=ANo9K5cEAAAA&amp;_nc_gid=bVjo6ErpxmlpbeCGmm70ww&amp;_nc_tpa=Q5bMBQHIZ9P8eIHHvp33M5cqA34lqWPqYLWHdYa_X01IXC2swUY5AgLP5577yjaJvVYWeQ4a8z4jn8yLVQ&amp;oh=00_Af2B5LqlDLmiSt6JKtPcH4k9pKRExigsgpWhnhyCRg4imQ&amp;oe=69F917B2&quot;,&quot;640&quot;:&quot;https:\\\/\\\/scontent-cdg4-2.cdninstagram.com\\\/v\\\/t51.82787-15\\\/650928835_18166994695405912_8434223526054294777_n.jpg?stp=dst-jpg_e35_tt6&amp;_nc_cat=101&amp;ccb=7-5&amp;_nc_sid=18de74&amp;efg=eyJlZmdfdGFnIjoiQ0FST1VTRUxfSVRFTS5iZXN0X2ltYWdlX3VybGdlbi5DMyJ9&amp;_nc_ohc=cnuMdtSo0O0Q7kNvwG1xUKh&amp;_nc_oc=Adph44y5OOR-sopsoniTeAuhnGQREAAUQ4QIYzCpk047xcLUPrOLgqCLC6m5o-sSLtE&amp;_nc_zt=23&amp;_nc_ht=scontent-cdg4-2.cdninstagram.com&amp;edm=ANo9K5cEAAAA&amp;_nc_gid=bVjo6ErpxmlpbeCGmm70ww&amp;_nc_tpa=Q5bMBQHIZ9P8eIHHvp33M5cqA34lqWPqYLWHdYa_X01IXC2swUY5AgLP5577yjaJvVYWeQ4a8z4jn8yLVQ&amp;oh=00_Af2B5LqlDLmiSt6JKtPcH4k9pKRExigsgpWhnhyCRg4imQ&amp;oe=69F917B2&quot;}\">\n\t\t\t<span class=\"sbi-screenreader\">Sunset chill + petit bain du 20 novembre \n\n#sunset<\/span>\n\t\t\t<svg class=\"svg-inline--fa fa-clone fa-w-16 sbi_lightbox_carousel_icon\" aria-hidden=\"true\" aria-label=\"Clone\" data-fa-pro\u0192cessed=\"\" data-prefix=\"far\" data-icon=\"clone\" role=\"img\" xmlns=\"http:\/\/www.w3.org\/2000\/svg\" viewBox=\"0 0 512 512\">\n                    <path fill=\"currentColor\" d=\"M464 0H144c-26.51 0-48 21.49-48 48v48H48c-26.51 0-48 21.49-48 48v320c0 26.51 21.49 48 48 48h320c26.51 0 48-21.49 48-48v-48h48c26.51 0 48-21.49 48-48V48c0-26.51-21.49-48-48-48zM362 464H54a6 6 0 0 1-6-6V150a6 6 0 0 1 6-6h42v224c0 26.51 21.49 48 48 48h224v42a6 6 0 0 1-6 6zm96-96H150a6 6 0 0 1-6-6V54a6 6 0 0 1 6-6h308a6 6 0 0 1 6 6v308a6 6 0 0 1-6 6z\"><\/path>\n                <\/svg>\t\t\t\t\t\t<img decoding=\"async\" src=\"https:\/\/villa-marcam.com\/wp-content\/plugins\/instagram-feed\/img\/placeholder.png\" alt=\"Sunset chill + petit bain du 20 novembre \n\n#sunsetchill #lireenborddemer #baindemer #weekendasanary #maison\u00e0louer #locationsanary\" aria-hidden=\"true\">\n\t\t<\/a>\n\t<\/div>\n<\/div><div class=\"sbi_item sbi_type_image sbi_new sbi_transition\"\n\tid=\"sbi_18264639706059350\" data-date=\"1636367037\">\n\t<div class=\"sbi_photo_wrap\">\n\t\t<a class=\"sbi_photo\" href=\"https:\/\/www.instagram.com\/p\/CWAuq2IMDgd\/\" target=\"_blank\" rel=\"noopener nofollow\"\n\t\t\tdata-full-res=\"https:\/\/scontent-cdg4-1.cdninstagram.com\/v\/t51.82787-15\/639746500_18568100077059350_3714439912824528794_n.jpg?stp=dst-jpg_e35_tt6&#038;_nc_cat=102&#038;ccb=7-5&#038;_nc_sid=18de74&#038;efg=eyJlZmdfdGFnIjoiRkVFRC5iZXN0X2ltYWdlX3VybGdlbi5DMyJ9&#038;_nc_ohc=4pB1oZOpkeYQ7kNvwH3UuSC&#038;_nc_oc=AdpjmWNwp3uoUXfT1nff-pLdQ3LrmUQW5YCYO5ZNrDa3Sut1Qv3CPo6IVRnP3RHkXbI&#038;_nc_zt=23&#038;_nc_ht=scontent-cdg4-1.cdninstagram.com&#038;edm=ANo9K5cEAAAA&#038;_nc_gid=bVjo6ErpxmlpbeCGmm70ww&#038;_nc_tpa=Q5bMBQFFDJAqyG-Wh6BqpLJU2qNIb7Bnzcrukpw7S36pFyM1QpylEgO-LepRwL1xW6SbK33n07B_8gBWjA&#038;oh=00_Af0JA4VpFpL7x5FCcG79bbVZNVjHJIFhDL-Qxkz3wmp1Mg&#038;oe=69F90557\"\n\t\t\tdata-img-src-set=\"{&quot;d&quot;:&quot;https:\\\/\\\/scontent-cdg4-1.cdninstagram.com\\\/v\\\/t51.82787-15\\\/639746500_18568100077059350_3714439912824528794_n.jpg?stp=dst-jpg_e35_tt6&amp;_nc_cat=102&amp;ccb=7-5&amp;_nc_sid=18de74&amp;efg=eyJlZmdfdGFnIjoiRkVFRC5iZXN0X2ltYWdlX3VybGdlbi5DMyJ9&amp;_nc_ohc=4pB1oZOpkeYQ7kNvwH3UuSC&amp;_nc_oc=AdpjmWNwp3uoUXfT1nff-pLdQ3LrmUQW5YCYO5ZNrDa3Sut1Qv3CPo6IVRnP3RHkXbI&amp;_nc_zt=23&amp;_nc_ht=scontent-cdg4-1.cdninstagram.com&amp;edm=ANo9K5cEAAAA&amp;_nc_gid=bVjo6ErpxmlpbeCGmm70ww&amp;_nc_tpa=Q5bMBQFFDJAqyG-Wh6BqpLJU2qNIb7Bnzcrukpw7S36pFyM1QpylEgO-LepRwL1xW6SbK33n07B_8gBWjA&amp;oh=00_Af0JA4VpFpL7x5FCcG79bbVZNVjHJIFhDL-Qxkz3wmp1Mg&amp;oe=69F90557&quot;,&quot;150&quot;:&quot;https:\\\/\\\/scontent-cdg4-1.cdninstagram.com\\\/v\\\/t51.82787-15\\\/639746500_18568100077059350_3714439912824528794_n.jpg?stp=dst-jpg_e35_tt6&amp;_nc_cat=102&amp;ccb=7-5&amp;_nc_sid=18de74&amp;efg=eyJlZmdfdGFnIjoiRkVFRC5iZXN0X2ltYWdlX3VybGdlbi5DMyJ9&amp;_nc_ohc=4pB1oZOpkeYQ7kNvwH3UuSC&amp;_nc_oc=AdpjmWNwp3uoUXfT1nff-pLdQ3LrmUQW5YCYO5ZNrDa3Sut1Qv3CPo6IVRnP3RHkXbI&amp;_nc_zt=23&amp;_nc_ht=scontent-cdg4-1.cdninstagram.com&amp;edm=ANo9K5cEAAAA&amp;_nc_gid=bVjo6ErpxmlpbeCGmm70ww&amp;_nc_tpa=Q5bMBQFFDJAqyG-Wh6BqpLJU2qNIb7Bnzcrukpw7S36pFyM1QpylEgO-LepRwL1xW6SbK33n07B_8gBWjA&amp;oh=00_Af0JA4VpFpL7x5FCcG79bbVZNVjHJIFhDL-Qxkz3wmp1Mg&amp;oe=69F90557&quot;,&quot;320&quot;:&quot;https:\\\/\\\/scontent-cdg4-1.cdninstagram.com\\\/v\\\/t51.82787-15\\\/639746500_18568100077059350_3714439912824528794_n.jpg?stp=dst-jpg_e35_tt6&amp;_nc_cat=102&amp;ccb=7-5&amp;_nc_sid=18de74&amp;efg=eyJlZmdfdGFnIjoiRkVFRC5iZXN0X2ltYWdlX3VybGdlbi5DMyJ9&amp;_nc_ohc=4pB1oZOpkeYQ7kNvwH3UuSC&amp;_nc_oc=AdpjmWNwp3uoUXfT1nff-pLdQ3LrmUQW5YCYO5ZNrDa3Sut1Qv3CPo6IVRnP3RHkXbI&amp;_nc_zt=23&amp;_nc_ht=scontent-cdg4-1.cdninstagram.com&amp;edm=ANo9K5cEAAAA&amp;_nc_gid=bVjo6ErpxmlpbeCGmm70ww&amp;_nc_tpa=Q5bMBQFFDJAqyG-Wh6BqpLJU2qNIb7Bnzcrukpw7S36pFyM1QpylEgO-LepRwL1xW6SbK33n07B_8gBWjA&amp;oh=00_Af0JA4VpFpL7x5FCcG79bbVZNVjHJIFhDL-Qxkz3wmp1Mg&amp;oe=69F90557&quot;,&quot;640&quot;:&quot;https:\\\/\\\/scontent-cdg4-1.cdninstagram.com\\\/v\\\/t51.82787-15\\\/639746500_18568100077059350_3714439912824528794_n.jpg?stp=dst-jpg_e35_tt6&amp;_nc_cat=102&amp;ccb=7-5&amp;_nc_sid=18de74&amp;efg=eyJlZmdfdGFnIjoiRkVFRC5iZXN0X2ltYWdlX3VybGdlbi5DMyJ9&amp;_nc_ohc=4pB1oZOpkeYQ7kNvwH3UuSC&amp;_nc_oc=AdpjmWNwp3uoUXfT1nff-pLdQ3LrmUQW5YCYO5ZNrDa3Sut1Qv3CPo6IVRnP3RHkXbI&amp;_nc_zt=23&amp;_nc_ht=scontent-cdg4-1.cdninstagram.com&amp;edm=ANo9K5cEAAAA&amp;_nc_gid=bVjo6ErpxmlpbeCGmm70ww&amp;_nc_tpa=Q5bMBQFFDJAqyG-Wh6BqpLJU2qNIb7Bnzcrukpw7S36pFyM1QpylEgO-LepRwL1xW6SbK33n07B_8gBWjA&amp;oh=00_Af0JA4VpFpL7x5FCcG79bbVZNVjHJIFhDL-Qxkz3wmp1Mg&amp;oe=69F90557&quot;}\">\n\t\t\t<span class=\"sbi-screenreader\">Un programme joyeux et lumineux avec @sandrine.gal<\/span>\n\t\t\t\t\t\t\t\t\t<img decoding=\"async\" src=\"https:\/\/villa-marcam.com\/wp-content\/plugins\/instagram-feed\/img\/placeholder.png\" alt=\"Un programme joyeux et lumineux avec @sandrine.galley \ud83c\udf1f\nA la Villa Marcam\nDimanche 5 d\u00e9cembre \n\nToutes les infos \u2b07\ufe0f\n\nVid\u00e9o de pr\u00e9sentation : \nhttps:\/\/youtu.be\/fpO8I2osE14\nJe vous propose un temps pour sentir la puissance qui se d\u00e9ploie en vous lorsque vous visez votre \u00e9toile (votre projet, vos envies).\n\nUn temps pour d\u00e9ployer votre \u00e9nergie et vous permettre de l&#039;expanser pour faire briller votre lumi\u00e8re.\nL&#039;alliance de votre puissance et de votre foi sont les piliers pour vous sentir en paix avec vous m\u00eame, dans la prise de d\u00e9cisions comme dans la concr\u00e9tisation de vos actes.\n\nVous vous sentez ainsi rayonnant \u00e0 partir de votre c\u0153ur, de votre libert\u00e9 d&#039;\u00eatre.\nEn \u00e9tant plus confiant et en vous synchronisant \u00e0 votre estime de vous m\u00eame, vous pourrez d\u00e9ployer ce qui vous tient \u00e0 c\u0153ur dans l&#039;amour de qui vous \u00eates.\n\nCet espace pour briller se pose le dimanche 5 d\u00e9cembre 2021 \u00e0 la villa Marcam \u00e0 Sanary sur Mer (83).\nUn lieu magique par son \u00e9nergie cocooning s&#039;ouvrant sur un espace vue mer.\n\nLors de cet atelier, j&#039;aurais plaisir \u00e0 vous guider, vous accompagner par le voyage au tambour, la voix, les messages galactiques, les oracles, les couleurs.\nUn beau voyage d&#039;exploration de vous m\u00eame pour mat\u00e9rialiser vos intentions \u00e0 la vibration de votre lumi\u00e8re\n\nParticipation 85\u20ac.\nRepas partag\u00e9s sur place avec ce que chacun apporte\n\nJe vous invite \u00e0 me contacter en MP si vous sentez l&#039;appel pour r\u00e9server votre place ou pour toute information :\nsandrine@sandrinegalley.com\n06 15 94 43 85\nDe tout c\u0153ur,\nSandrine\n\n#fairebrillersalumiere #visersonetoile #villamarcam #stagebienetre #atelierbienetre #creersavaleur #libertedetre #conscience #tambour #soinenergetique #coachdevie #bienetre #galactique #resilience #cercledeparole #accompagnementpersonnalis\u00e9 #soinsenergetiques #chantintuitif #clesdevie #abondance #psychocorporel #developpementpersonnel #developpementspirituel #oraclecards #voyagechamanique #soinchamanique #joie #confianceensoi #estimedesoi #peintureintuitive\" aria-hidden=\"true\">\n\t\t<\/a>\n\t<\/div>\n<\/div><div class=\"sbi_item sbi_type_carousel sbi_new sbi_transition\"\n\tid=\"sbi_18263056678026305\" data-date=\"1635705808\">\n\t<div class=\"sbi_photo_wrap\">\n\t\t<a class=\"sbi_photo\" href=\"https:\/\/www.instagram.com\/p\/CVtBegysJ2u\/\" target=\"_blank\" rel=\"noopener nofollow\"\n\t\t\tdata-full-res=\"https:\/\/scontent-cdg4-1.cdninstagram.com\/v\/t51.82787-15\/652772220_18155819785446136_1949357010175719675_n.jpg?stp=dst-jpg_e35_tt6&#038;_nc_cat=108&#038;ccb=7-5&#038;_nc_sid=18de74&#038;efg=eyJlZmdfdGFnIjoiQ0FST1VTRUxfSVRFTS5iZXN0X2ltYWdlX3VybGdlbi5DMyJ9&#038;_nc_ohc=Az72gpVxMM8Q7kNvwEZQLIp&#038;_nc_oc=AdrcNZG3s53uldlteznYHOcjqauKN0QxUD2K3E70BRqVQ-kxjTMXDfCgUeARxkMA5kA&#038;_nc_zt=23&#038;_nc_ht=scontent-cdg4-1.cdninstagram.com&#038;edm=ANo9K5cEAAAA&#038;_nc_gid=bVjo6ErpxmlpbeCGmm70ww&#038;_nc_tpa=Q5bMBQHAVzXrERZwJM_Ta0z1vBhQgS91C1CuEpX0smnSq6JKOA1o1MACSiMFe4IfAuhLJ0VEZPkIA2IUNA&#038;oh=00_Af3kvU1_3Z99UTDH6GBacQob99SP63MBVpzax_gVaIsyLA&#038;oe=69F90540\"\n\t\t\tdata-img-src-set=\"{&quot;d&quot;:&quot;https:\\\/\\\/scontent-cdg4-1.cdninstagram.com\\\/v\\\/t51.82787-15\\\/652772220_18155819785446136_1949357010175719675_n.jpg?stp=dst-jpg_e35_tt6&amp;_nc_cat=108&amp;ccb=7-5&amp;_nc_sid=18de74&amp;efg=eyJlZmdfdGFnIjoiQ0FST1VTRUxfSVRFTS5iZXN0X2ltYWdlX3VybGdlbi5DMyJ9&amp;_nc_ohc=Az72gpVxMM8Q7kNvwEZQLIp&amp;_nc_oc=AdrcNZG3s53uldlteznYHOcjqauKN0QxUD2K3E70BRqVQ-kxjTMXDfCgUeARxkMA5kA&amp;_nc_zt=23&amp;_nc_ht=scontent-cdg4-1.cdninstagram.com&amp;edm=ANo9K5cEAAAA&amp;_nc_gid=bVjo6ErpxmlpbeCGmm70ww&amp;_nc_tpa=Q5bMBQHAVzXrERZwJM_Ta0z1vBhQgS91C1CuEpX0smnSq6JKOA1o1MACSiMFe4IfAuhLJ0VEZPkIA2IUNA&amp;oh=00_Af3kvU1_3Z99UTDH6GBacQob99SP63MBVpzax_gVaIsyLA&amp;oe=69F90540&quot;,&quot;150&quot;:&quot;https:\\\/\\\/scontent-cdg4-1.cdninstagram.com\\\/v\\\/t51.82787-15\\\/652772220_18155819785446136_1949357010175719675_n.jpg?stp=dst-jpg_e35_tt6&amp;_nc_cat=108&amp;ccb=7-5&amp;_nc_sid=18de74&amp;efg=eyJlZmdfdGFnIjoiQ0FST1VTRUxfSVRFTS5iZXN0X2ltYWdlX3VybGdlbi5DMyJ9&amp;_nc_ohc=Az72gpVxMM8Q7kNvwEZQLIp&amp;_nc_oc=AdrcNZG3s53uldlteznYHOcjqauKN0QxUD2K3E70BRqVQ-kxjTMXDfCgUeARxkMA5kA&amp;_nc_zt=23&amp;_nc_ht=scontent-cdg4-1.cdninstagram.com&amp;edm=ANo9K5cEAAAA&amp;_nc_gid=bVjo6ErpxmlpbeCGmm70ww&amp;_nc_tpa=Q5bMBQHAVzXrERZwJM_Ta0z1vBhQgS91C1CuEpX0smnSq6JKOA1o1MACSiMFe4IfAuhLJ0VEZPkIA2IUNA&amp;oh=00_Af3kvU1_3Z99UTDH6GBacQob99SP63MBVpzax_gVaIsyLA&amp;oe=69F90540&quot;,&quot;320&quot;:&quot;https:\\\/\\\/scontent-cdg4-1.cdninstagram.com\\\/v\\\/t51.82787-15\\\/652772220_18155819785446136_1949357010175719675_n.jpg?stp=dst-jpg_e35_tt6&amp;_nc_cat=108&amp;ccb=7-5&amp;_nc_sid=18de74&amp;efg=eyJlZmdfdGFnIjoiQ0FST1VTRUxfSVRFTS5iZXN0X2ltYWdlX3VybGdlbi5DMyJ9&amp;_nc_ohc=Az72gpVxMM8Q7kNvwEZQLIp&amp;_nc_oc=AdrcNZG3s53uldlteznYHOcjqauKN0QxUD2K3E70BRqVQ-kxjTMXDfCgUeARxkMA5kA&amp;_nc_zt=23&amp;_nc_ht=scontent-cdg4-1.cdninstagram.com&amp;edm=ANo9K5cEAAAA&amp;_nc_gid=bVjo6ErpxmlpbeCGmm70ww&amp;_nc_tpa=Q5bMBQHAVzXrERZwJM_Ta0z1vBhQgS91C1CuEpX0smnSq6JKOA1o1MACSiMFe4IfAuhLJ0VEZPkIA2IUNA&amp;oh=00_Af3kvU1_3Z99UTDH6GBacQob99SP63MBVpzax_gVaIsyLA&amp;oe=69F90540&quot;,&quot;640&quot;:&quot;https:\\\/\\\/scontent-cdg4-1.cdninstagram.com\\\/v\\\/t51.82787-15\\\/652772220_18155819785446136_1949357010175719675_n.jpg?stp=dst-jpg_e35_tt6&amp;_nc_cat=108&amp;ccb=7-5&amp;_nc_sid=18de74&amp;efg=eyJlZmdfdGFnIjoiQ0FST1VTRUxfSVRFTS5iZXN0X2ltYWdlX3VybGdlbi5DMyJ9&amp;_nc_ohc=Az72gpVxMM8Q7kNvwEZQLIp&amp;_nc_oc=AdrcNZG3s53uldlteznYHOcjqauKN0QxUD2K3E70BRqVQ-kxjTMXDfCgUeARxkMA5kA&amp;_nc_zt=23&amp;_nc_ht=scontent-cdg4-1.cdninstagram.com&amp;edm=ANo9K5cEAAAA&amp;_nc_gid=bVjo6ErpxmlpbeCGmm70ww&amp;_nc_tpa=Q5bMBQHAVzXrERZwJM_Ta0z1vBhQgS91C1CuEpX0smnSq6JKOA1o1MACSiMFe4IfAuhLJ0VEZPkIA2IUNA&amp;oh=00_Af3kvU1_3Z99UTDH6GBacQob99SP63MBVpzax_gVaIsyLA&amp;oe=69F90540&quot;}\">\n\t\t\t<span class=\"sbi-screenreader\">Porter la vie !\nL\u2019exp\u00e9rience la plus \u00e9lev\u00e9e que pu<\/span>\n\t\t\t<svg class=\"svg-inline--fa fa-clone fa-w-16 sbi_lightbox_carousel_icon\" aria-hidden=\"true\" aria-label=\"Clone\" data-fa-pro\u0192cessed=\"\" data-prefix=\"far\" data-icon=\"clone\" role=\"img\" xmlns=\"http:\/\/www.w3.org\/2000\/svg\" viewBox=\"0 0 512 512\">\n                    <path fill=\"currentColor\" d=\"M464 0H144c-26.51 0-48 21.49-48 48v48H48c-26.51 0-48 21.49-48 48v320c0 26.51 21.49 48 48 48h320c26.51 0 48-21.49 48-48v-48h48c26.51 0 48-21.49 48-48V48c0-26.51-21.49-48-48-48zM362 464H54a6 6 0 0 1-6-6V150a6 6 0 0 1 6-6h42v224c0 26.51 21.49 48 48 48h224v42a6 6 0 0 1-6 6zm96-96H150a6 6 0 0 1-6-6V54a6 6 0 0 1 6-6h308a6 6 0 0 1 6 6v308a6 6 0 0 1-6 6z\"><\/path>\n                <\/svg>\t\t\t\t\t\t<img decoding=\"async\" src=\"https:\/\/villa-marcam.com\/wp-content\/plugins\/instagram-feed\/img\/placeholder.png\" alt=\"Porter la vie !\nL\u2019exp\u00e9rience la plus \u00e9lev\u00e9e que puisse conna\u00eetre une femme. \n\nC\u2019est une exp\u00e9rience unique, incomparable, qui m\u00e8ne l\u2019\u00eatre aux portes m\u00eame du myst\u00e8re de la cr\u00e9ation. \n\nC\u2019est un moment de lumi\u00e8re et de joie profonde qui peut faire fleurir ce qu\u2019il y a de plus beau chez une femme.\n\nB\u00e9rang\u00e8re est conseill\u00e8re en naturopathie, Cynthia est professeure de yoga et photographe. Elles animeront cette journ\u00e9e.\n\nElles ont eu la chance de vivre cette \u00e9tape existentielle dans leur vie de femme. \n\nElles partageront avec vous les outils et connaissances alli\u00e9s qui aident \u00e0 ce passage en toute s\u00e9r\u00e9nit\u00e9 \u00e0 travers la pratique du Yoga et de la Naturopathie.\n\nHugo Krawczyk, ost\u00e9opathe sp\u00e9cialis\u00e9 en p\u00e9ri-natalit\u00e9 sera \u00e9galement pr\u00e9sent pour cette journ\u00e9e.\n\nNous aurons la chance de partager ces instants dans un cadre idyllique, face \u00e0 la\nMer, \u00e0 la Villa Marcam\n\nSamedi 4 d\u00e9cembre 2021\nDur\u00e9e : de 9h30h \u00e0 17h30\nTarif : 85\u20ac\n\n* Lunch \u00e9labor\u00e9 par la naturopathe inclus dans le tarif.\n* En cadeau une photo de grossesse r\u00e9alis\u00e9e par la photographe.\n\nR\u00e9servation obligatoire \n06-51-08-72-78 ou 06-50-56-46-22\nPlaces limit\u00e9es \n\nAtelier femme enceinte \nLieu : Sanary sur mer 83\ndessin @miacharro\" aria-hidden=\"true\">\n\t\t<\/a>\n\t<\/div>\n<\/div><div class=\"sbi_item sbi_type_carousel sbi_new sbi_transition\"\n\tid=\"sbi_18255330916056825\" data-date=\"1634712310\">\n\t<div class=\"sbi_photo_wrap\">\n\t\t<a class=\"sbi_photo\" href=\"https:\/\/www.instagram.com\/p\/CVPahzMsBjQ\/\" target=\"_blank\" rel=\"noopener nofollow\"\n\t\t\tdata-full-res=\"https:\/\/scontent-cdg4-1.cdninstagram.com\/v\/t51.82787-15\/669871461_18423646738123718_3755131598349228844_n.jpg?stp=dst-jpg_e35_tt6&#038;_nc_cat=102&#038;ccb=7-5&#038;_nc_sid=18de74&#038;efg=eyJlZmdfdGFnIjoiQ0FST1VTRUxfSVRFTS5iZXN0X2ltYWdlX3VybGdlbi5DMyJ9&#038;_nc_ohc=Tj4DXGaQu8YQ7kNvwH12eSx&#038;_nc_oc=AdoTqKgR-e8hdjQqUD3IaNxkhZEZCIwHsjL_RCPYfxkeDt72tV5oQTb_hZlKktmtwNs&#038;_nc_zt=23&#038;_nc_ht=scontent-cdg4-1.cdninstagram.com&#038;edm=ANo9K5cEAAAA&#038;_nc_gid=bVjo6ErpxmlpbeCGmm70ww&#038;_nc_tpa=Q5bMBQFizusPfL2sLKjR28lLu75HypXO-Uo7n4bM-b9OIMgpf8PrYQsoJQbRG454A1DjSo7x3JjsMxvAEQ&#038;oh=00_Af1V6VJM6ENlFoMIxDT9eLtzHJPEGgVqH5Hi_WmGCep56Q&#038;oe=69F91385\"\n\t\t\tdata-img-src-set=\"{&quot;d&quot;:&quot;https:\\\/\\\/scontent-cdg4-1.cdninstagram.com\\\/v\\\/t51.82787-15\\\/669871461_18423646738123718_3755131598349228844_n.jpg?stp=dst-jpg_e35_tt6&amp;_nc_cat=102&amp;ccb=7-5&amp;_nc_sid=18de74&amp;efg=eyJlZmdfdGFnIjoiQ0FST1VTRUxfSVRFTS5iZXN0X2ltYWdlX3VybGdlbi5DMyJ9&amp;_nc_ohc=Tj4DXGaQu8YQ7kNvwH12eSx&amp;_nc_oc=AdoTqKgR-e8hdjQqUD3IaNxkhZEZCIwHsjL_RCPYfxkeDt72tV5oQTb_hZlKktmtwNs&amp;_nc_zt=23&amp;_nc_ht=scontent-cdg4-1.cdninstagram.com&amp;edm=ANo9K5cEAAAA&amp;_nc_gid=bVjo6ErpxmlpbeCGmm70ww&amp;_nc_tpa=Q5bMBQFizusPfL2sLKjR28lLu75HypXO-Uo7n4bM-b9OIMgpf8PrYQsoJQbRG454A1DjSo7x3JjsMxvAEQ&amp;oh=00_Af1V6VJM6ENlFoMIxDT9eLtzHJPEGgVqH5Hi_WmGCep56Q&amp;oe=69F91385&quot;,&quot;150&quot;:&quot;https:\\\/\\\/scontent-cdg4-1.cdninstagram.com\\\/v\\\/t51.82787-15\\\/669871461_18423646738123718_3755131598349228844_n.jpg?stp=dst-jpg_e35_tt6&amp;_nc_cat=102&amp;ccb=7-5&amp;_nc_sid=18de74&amp;efg=eyJlZmdfdGFnIjoiQ0FST1VTRUxfSVRFTS5iZXN0X2ltYWdlX3VybGdlbi5DMyJ9&amp;_nc_ohc=Tj4DXGaQu8YQ7kNvwH12eSx&amp;_nc_oc=AdoTqKgR-e8hdjQqUD3IaNxkhZEZCIwHsjL_RCPYfxkeDt72tV5oQTb_hZlKktmtwNs&amp;_nc_zt=23&amp;_nc_ht=scontent-cdg4-1.cdninstagram.com&amp;edm=ANo9K5cEAAAA&amp;_nc_gid=bVjo6ErpxmlpbeCGmm70ww&amp;_nc_tpa=Q5bMBQFizusPfL2sLKjR28lLu75HypXO-Uo7n4bM-b9OIMgpf8PrYQsoJQbRG454A1DjSo7x3JjsMxvAEQ&amp;oh=00_Af1V6VJM6ENlFoMIxDT9eLtzHJPEGgVqH5Hi_WmGCep56Q&amp;oe=69F91385&quot;,&quot;320&quot;:&quot;https:\\\/\\\/scontent-cdg4-1.cdninstagram.com\\\/v\\\/t51.82787-15\\\/669871461_18423646738123718_3755131598349228844_n.jpg?stp=dst-jpg_e35_tt6&amp;_nc_cat=102&amp;ccb=7-5&amp;_nc_sid=18de74&amp;efg=eyJlZmdfdGFnIjoiQ0FST1VTRUxfSVRFTS5iZXN0X2ltYWdlX3VybGdlbi5DMyJ9&amp;_nc_ohc=Tj4DXGaQu8YQ7kNvwH12eSx&amp;_nc_oc=AdoTqKgR-e8hdjQqUD3IaNxkhZEZCIwHsjL_RCPYfxkeDt72tV5oQTb_hZlKktmtwNs&amp;_nc_zt=23&amp;_nc_ht=scontent-cdg4-1.cdninstagram.com&amp;edm=ANo9K5cEAAAA&amp;_nc_gid=bVjo6ErpxmlpbeCGmm70ww&amp;_nc_tpa=Q5bMBQFizusPfL2sLKjR28lLu75HypXO-Uo7n4bM-b9OIMgpf8PrYQsoJQbRG454A1DjSo7x3JjsMxvAEQ&amp;oh=00_Af1V6VJM6ENlFoMIxDT9eLtzHJPEGgVqH5Hi_WmGCep56Q&amp;oe=69F91385&quot;,&quot;640&quot;:&quot;https:\\\/\\\/scontent-cdg4-1.cdninstagram.com\\\/v\\\/t51.82787-15\\\/669871461_18423646738123718_3755131598349228844_n.jpg?stp=dst-jpg_e35_tt6&amp;_nc_cat=102&amp;ccb=7-5&amp;_nc_sid=18de74&amp;efg=eyJlZmdfdGFnIjoiQ0FST1VTRUxfSVRFTS5iZXN0X2ltYWdlX3VybGdlbi5DMyJ9&amp;_nc_ohc=Tj4DXGaQu8YQ7kNvwH12eSx&amp;_nc_oc=AdoTqKgR-e8hdjQqUD3IaNxkhZEZCIwHsjL_RCPYfxkeDt72tV5oQTb_hZlKktmtwNs&amp;_nc_zt=23&amp;_nc_ht=scontent-cdg4-1.cdninstagram.com&amp;edm=ANo9K5cEAAAA&amp;_nc_gid=bVjo6ErpxmlpbeCGmm70ww&amp;_nc_tpa=Q5bMBQFizusPfL2sLKjR28lLu75HypXO-Uo7n4bM-b9OIMgpf8PrYQsoJQbRG454A1DjSo7x3JjsMxvAEQ&amp;oh=00_Af1V6VJM6ENlFoMIxDT9eLtzHJPEGgVqH5Hi_WmGCep56Q&amp;oe=69F91385&quot;}\">\n\t\t\t<span class=\"sbi-screenreader\">Les cadeaux d\u2019automne du jardin au petit matin \ud83c\udf41\n\n<\/span>\n\t\t\t<svg class=\"svg-inline--fa fa-clone fa-w-16 sbi_lightbox_carousel_icon\" aria-hidden=\"true\" aria-label=\"Clone\" data-fa-pro\u0192cessed=\"\" data-prefix=\"far\" data-icon=\"clone\" role=\"img\" xmlns=\"http:\/\/www.w3.org\/2000\/svg\" viewBox=\"0 0 512 512\">\n                    <path fill=\"currentColor\" d=\"M464 0H144c-26.51 0-48 21.49-48 48v48H48c-26.51 0-48 21.49-48 48v320c0 26.51 21.49 48 48 48h320c26.51 0 48-21.49 48-48v-48h48c26.51 0 48-21.49 48-48V48c0-26.51-21.49-48-48-48zM362 464H54a6 6 0 0 1-6-6V150a6 6 0 0 1 6-6h42v224c0 26.51 21.49 48 48 48h224v42a6 6 0 0 1-6 6zm96-96H150a6 6 0 0 1-6-6V54a6 6 0 0 1 6-6h308a6 6 0 0 1 6 6v308a6 6 0 0 1-6 6z\"><\/path>\n                <\/svg>\t\t\t\t\t\t<img decoding=\"async\" src=\"https:\/\/villa-marcam.com\/wp-content\/plugins\/instagram-feed\/img\/placeholder.png\" alt=\"Les cadeaux d\u2019automne du jardin au petit matin \ud83c\udf41\n\n\ud83c\udf31 Blettes sauvages\n\ud83d\udc3f Tabl\u00e9e du festin des \u00e9cureuils \n\ud83c\udf3e Bl\u00e9 sauvage\n\nEt aussi la verveine sacr\u00e9e, \nles asperges sauvages en sommeil,\nles olives m\u00fbres de l\u2019olivier,\net m\u00eame encore un peu de basilic \u2026 (merci @adambentalha pour la plantation \ud83d\ude09) \nMerci @neesdelaterre Pour l\u2019initiation \ud83d\ude4f\n\n#festindautomne #cadeaudujardin #jardinsauvage #vegetauxmediterraneens #villaborddemer #maisonsanary #villasanary\" aria-hidden=\"true\">\n\t\t<\/a>\n\t<\/div>\n<\/div><div class=\"sbi_item sbi_type_image sbi_new sbi_transition\"\n\tid=\"sbi_18017052193328399\" data-date=\"1634201491\">\n\t<div class=\"sbi_photo_wrap\">\n\t\t<a class=\"sbi_photo\" href=\"https:\/\/www.instagram.com\/p\/CVAMOC7sRCd\/\" target=\"_blank\" rel=\"noopener nofollow\"\n\t\t\tdata-full-res=\"https:\/\/scontent-cdg4-1.cdninstagram.com\/v\/t51.82787-15\/623365831_18198273559328399_9101226770606216966_n.jpg?stp=dst-jpg_e35_tt6&#038;_nc_cat=108&#038;ccb=7-5&#038;_nc_sid=18de74&#038;efg=eyJlZmdfdGFnIjoiRkVFRC5iZXN0X2ltYWdlX3VybGdlbi5DMyJ9&#038;_nc_ohc=Qj2M7TX5i3cQ7kNvwGnsrtD&#038;_nc_oc=AdrgKf4CW96dBuW7mY-cIfwGHhGShBv4LBSpnLlM128VneFPbgLmzli9HYZwWw3mBws&#038;_nc_zt=23&#038;_nc_ht=scontent-cdg4-1.cdninstagram.com&#038;edm=ANo9K5cEAAAA&#038;_nc_gid=bVjo6ErpxmlpbeCGmm70ww&#038;_nc_tpa=Q5bMBQEi57PEJw8RJ91P9OYI_d9Wt-o6ABE5KeN7B9vSPOLc5BRqKJ5Of5LLc1okCy1SNxsXG-NPt4suXA&#038;oh=00_Af1AYCdPz84WrVOdip1URICpj1hAIl-7W_xwbu1xYu-w_Q&#038;oe=69F90638\"\n\t\t\tdata-img-src-set=\"{&quot;d&quot;:&quot;https:\\\/\\\/scontent-cdg4-1.cdninstagram.com\\\/v\\\/t51.82787-15\\\/623365831_18198273559328399_9101226770606216966_n.jpg?stp=dst-jpg_e35_tt6&amp;_nc_cat=108&amp;ccb=7-5&amp;_nc_sid=18de74&amp;efg=eyJlZmdfdGFnIjoiRkVFRC5iZXN0X2ltYWdlX3VybGdlbi5DMyJ9&amp;_nc_ohc=Qj2M7TX5i3cQ7kNvwGnsrtD&amp;_nc_oc=AdrgKf4CW96dBuW7mY-cIfwGHhGShBv4LBSpnLlM128VneFPbgLmzli9HYZwWw3mBws&amp;_nc_zt=23&amp;_nc_ht=scontent-cdg4-1.cdninstagram.com&amp;edm=ANo9K5cEAAAA&amp;_nc_gid=bVjo6ErpxmlpbeCGmm70ww&amp;_nc_tpa=Q5bMBQEi57PEJw8RJ91P9OYI_d9Wt-o6ABE5KeN7B9vSPOLc5BRqKJ5Of5LLc1okCy1SNxsXG-NPt4suXA&amp;oh=00_Af1AYCdPz84WrVOdip1URICpj1hAIl-7W_xwbu1xYu-w_Q&amp;oe=69F90638&quot;,&quot;150&quot;:&quot;https:\\\/\\\/scontent-cdg4-1.cdninstagram.com\\\/v\\\/t51.82787-15\\\/623365831_18198273559328399_9101226770606216966_n.jpg?stp=dst-jpg_e35_tt6&amp;_nc_cat=108&amp;ccb=7-5&amp;_nc_sid=18de74&amp;efg=eyJlZmdfdGFnIjoiRkVFRC5iZXN0X2ltYWdlX3VybGdlbi5DMyJ9&amp;_nc_ohc=Qj2M7TX5i3cQ7kNvwGnsrtD&amp;_nc_oc=AdrgKf4CW96dBuW7mY-cIfwGHhGShBv4LBSpnLlM128VneFPbgLmzli9HYZwWw3mBws&amp;_nc_zt=23&amp;_nc_ht=scontent-cdg4-1.cdninstagram.com&amp;edm=ANo9K5cEAAAA&amp;_nc_gid=bVjo6ErpxmlpbeCGmm70ww&amp;_nc_tpa=Q5bMBQEi57PEJw8RJ91P9OYI_d9Wt-o6ABE5KeN7B9vSPOLc5BRqKJ5Of5LLc1okCy1SNxsXG-NPt4suXA&amp;oh=00_Af1AYCdPz84WrVOdip1URICpj1hAIl-7W_xwbu1xYu-w_Q&amp;oe=69F90638&quot;,&quot;320&quot;:&quot;https:\\\/\\\/scontent-cdg4-1.cdninstagram.com\\\/v\\\/t51.82787-15\\\/623365831_18198273559328399_9101226770606216966_n.jpg?stp=dst-jpg_e35_tt6&amp;_nc_cat=108&amp;ccb=7-5&amp;_nc_sid=18de74&amp;efg=eyJlZmdfdGFnIjoiRkVFRC5iZXN0X2ltYWdlX3VybGdlbi5DMyJ9&amp;_nc_ohc=Qj2M7TX5i3cQ7kNvwGnsrtD&amp;_nc_oc=AdrgKf4CW96dBuW7mY-cIfwGHhGShBv4LBSpnLlM128VneFPbgLmzli9HYZwWw3mBws&amp;_nc_zt=23&amp;_nc_ht=scontent-cdg4-1.cdninstagram.com&amp;edm=ANo9K5cEAAAA&amp;_nc_gid=bVjo6ErpxmlpbeCGmm70ww&amp;_nc_tpa=Q5bMBQEi57PEJw8RJ91P9OYI_d9Wt-o6ABE5KeN7B9vSPOLc5BRqKJ5Of5LLc1okCy1SNxsXG-NPt4suXA&amp;oh=00_Af1AYCdPz84WrVOdip1URICpj1hAIl-7W_xwbu1xYu-w_Q&amp;oe=69F90638&quot;,&quot;640&quot;:&quot;https:\\\/\\\/scontent-cdg4-1.cdninstagram.com\\\/v\\\/t51.82787-15\\\/623365831_18198273559328399_9101226770606216966_n.jpg?stp=dst-jpg_e35_tt6&amp;_nc_cat=108&amp;ccb=7-5&amp;_nc_sid=18de74&amp;efg=eyJlZmdfdGFnIjoiRkVFRC5iZXN0X2ltYWdlX3VybGdlbi5DMyJ9&amp;_nc_ohc=Qj2M7TX5i3cQ7kNvwGnsrtD&amp;_nc_oc=AdrgKf4CW96dBuW7mY-cIfwGHhGShBv4LBSpnLlM128VneFPbgLmzli9HYZwWw3mBws&amp;_nc_zt=23&amp;_nc_ht=scontent-cdg4-1.cdninstagram.com&amp;edm=ANo9K5cEAAAA&amp;_nc_gid=bVjo6ErpxmlpbeCGmm70ww&amp;_nc_tpa=Q5bMBQEi57PEJw8RJ91P9OYI_d9Wt-o6ABE5KeN7B9vSPOLc5BRqKJ5Of5LLc1okCy1SNxsXG-NPt4suXA&amp;oh=00_Af1AYCdPz84WrVOdip1URICpj1hAIl-7W_xwbu1xYu-w_Q&amp;oe=69F90638&quot;}\">\n\t\t\t<span class=\"sbi-screenreader\">Journ\u00e9e Yoga + Naturopathie  sp\u00e9cial automne \ud83c\udf41\ud83c\udf42 Di<\/span>\n\t\t\t\t\t\t\t\t\t<img decoding=\"async\" src=\"https:\/\/villa-marcam.com\/wp-content\/plugins\/instagram-feed\/img\/placeholder.png\" alt=\"Journ\u00e9e Yoga + Naturopathie  sp\u00e9cial automne \ud83c\udf41\ud83c\udf42 Dimanche 17 octobre \u00e0 la Villa Marcam \ud83c\udf0a  Par @cynergie_yoga et @projet.berengere \ud83d\udc49 Un d\u00e9jeuner sant\u00e9 et d\u00e9licieux est inclus ! Ainsi qu\u2019une surprise en cadeau \u2026. \ud83c\udf81  L\u2019automne est une saison favorable \u00e0 la purification. Les jours commencent \u00e0 raccourcir, les feuilles tombent des arbres, la temp\u00e9rature change\u2026\nNotre organisme s\u2019attache \u00e0 rentrer dans un processus de nettoyage en faisant le tri et en laissant aller tout ce dont nous n\u2019avons plus besoin (toxines, \u00e9motions perturbatrices\u2026), afin d\u2019\u00e9conomiser notre \u00e9nergie pour les longs mois d\u2019hiver.\nDurant la journ\u00e9e nous vous proposerons plusieurs ateliers Hatha Yoga, Yoga Nidra (Pratique de concentration\/m\u00e9ditation\/contemplation \u00e0 part enti\u00e8re, pratiqu\u00e9e en position allong\u00e9e, qui permet d&#039;acc\u00e9der de mani\u00e8re consciente \u00e0 l&#039;inconscient), m\u00e9ditation et des ateliers men\u00e9s par une Naturopathe. D\u00e9couverte de la Naturopathie, conseils nutritionnels le tout dans un cadre idyllique dans une villa au bord de la mer.\nVous ressortirez de l\u2019atelier repos\u00e9 et pr\u00eat pour un nouveau d\u00e9part!\nCette pratique est accessible \u00e0 tous m\u00eame (surtout) au d\u00e9butant.\nPlaces limit\u00e9es.\nDimanche 17 octobre 2021\nDur\u00e9e: de 10h \u00e0 17h30\nTarif: 85\u20ac Le lunch &amp; 1 cadeau inclus dans le prix!\nR\u00e9servation obligatoire au 06-51-08-72-78 ou 06-50-56-46-22\nLieu: Sanary.  #yogasanarysurmer #yogasanary #naturopathie\" aria-hidden=\"true\">\n\t\t<\/a>\n\t<\/div>\n<\/div><div class=\"sbi_item sbi_type_carousel sbi_new sbi_transition\"\n\tid=\"sbi_18110996203250291\" data-date=\"1633974620\">\n\t<div class=\"sbi_photo_wrap\">\n\t\t<a class=\"sbi_photo\" href=\"https:\/\/www.instagram.com\/p\/CU5bf1Oo8ia\/\" target=\"_blank\" rel=\"noopener nofollow\"\n\t\t\tdata-full-res=\"https:\/\/scontent-cdg4-1.cdninstagram.com\/v\/t51.82787-15\/657347391_18333609388223608_7152824753141052430_n.jpg?stp=dst-jpg_e35_tt6&#038;_nc_cat=104&#038;ccb=7-5&#038;_nc_sid=18de74&#038;efg=eyJlZmdfdGFnIjoiQ0FST1VTRUxfSVRFTS5iZXN0X2ltYWdlX3VybGdlbi5DMyJ9&#038;_nc_ohc=Q7IkKzzMyRMQ7kNvwGbv98h&#038;_nc_oc=Ado1VkZoX7_7gwArYWEnua9AecLVz3-rOEf3gEAS8vP3Bk3VUKfEU1Jk8EQKSO1NLh0&#038;_nc_zt=23&#038;_nc_ht=scontent-cdg4-1.cdninstagram.com&#038;edm=ANo9K5cEAAAA&#038;_nc_gid=bVjo6ErpxmlpbeCGmm70ww&#038;_nc_tpa=Q5bMBQEqIU20GgHIYNhx5xzLCHtnu1fOvzpvPgjJc67ABR0Ym0Y9nXadEdb1A8F32Ns4gIea8Aphb4L7BQ&#038;oh=00_Af2r31s4aS_mytMPdwwSe5o1g0GQiVeyLafxsYMR91KKgQ&#038;oe=69F928ED\"\n\t\t\tdata-img-src-set=\"{&quot;d&quot;:&quot;https:\\\/\\\/scontent-cdg4-1.cdninstagram.com\\\/v\\\/t51.82787-15\\\/657347391_18333609388223608_7152824753141052430_n.jpg?stp=dst-jpg_e35_tt6&amp;_nc_cat=104&amp;ccb=7-5&amp;_nc_sid=18de74&amp;efg=eyJlZmdfdGFnIjoiQ0FST1VTRUxfSVRFTS5iZXN0X2ltYWdlX3VybGdlbi5DMyJ9&amp;_nc_ohc=Q7IkKzzMyRMQ7kNvwGbv98h&amp;_nc_oc=Ado1VkZoX7_7gwArYWEnua9AecLVz3-rOEf3gEAS8vP3Bk3VUKfEU1Jk8EQKSO1NLh0&amp;_nc_zt=23&amp;_nc_ht=scontent-cdg4-1.cdninstagram.com&amp;edm=ANo9K5cEAAAA&amp;_nc_gid=bVjo6ErpxmlpbeCGmm70ww&amp;_nc_tpa=Q5bMBQEqIU20GgHIYNhx5xzLCHtnu1fOvzpvPgjJc67ABR0Ym0Y9nXadEdb1A8F32Ns4gIea8Aphb4L7BQ&amp;oh=00_Af2r31s4aS_mytMPdwwSe5o1g0GQiVeyLafxsYMR91KKgQ&amp;oe=69F928ED&quot;,&quot;150&quot;:&quot;https:\\\/\\\/scontent-cdg4-1.cdninstagram.com\\\/v\\\/t51.82787-15\\\/657347391_18333609388223608_7152824753141052430_n.jpg?stp=dst-jpg_e35_tt6&amp;_nc_cat=104&amp;ccb=7-5&amp;_nc_sid=18de74&amp;efg=eyJlZmdfdGFnIjoiQ0FST1VTRUxfSVRFTS5iZXN0X2ltYWdlX3VybGdlbi5DMyJ9&amp;_nc_ohc=Q7IkKzzMyRMQ7kNvwGbv98h&amp;_nc_oc=Ado1VkZoX7_7gwArYWEnua9AecLVz3-rOEf3gEAS8vP3Bk3VUKfEU1Jk8EQKSO1NLh0&amp;_nc_zt=23&amp;_nc_ht=scontent-cdg4-1.cdninstagram.com&amp;edm=ANo9K5cEAAAA&amp;_nc_gid=bVjo6ErpxmlpbeCGmm70ww&amp;_nc_tpa=Q5bMBQEqIU20GgHIYNhx5xzLCHtnu1fOvzpvPgjJc67ABR0Ym0Y9nXadEdb1A8F32Ns4gIea8Aphb4L7BQ&amp;oh=00_Af2r31s4aS_mytMPdwwSe5o1g0GQiVeyLafxsYMR91KKgQ&amp;oe=69F928ED&quot;,&quot;320&quot;:&quot;https:\\\/\\\/scontent-cdg4-1.cdninstagram.com\\\/v\\\/t51.82787-15\\\/657347391_18333609388223608_7152824753141052430_n.jpg?stp=dst-jpg_e35_tt6&amp;_nc_cat=104&amp;ccb=7-5&amp;_nc_sid=18de74&amp;efg=eyJlZmdfdGFnIjoiQ0FST1VTRUxfSVRFTS5iZXN0X2ltYWdlX3VybGdlbi5DMyJ9&amp;_nc_ohc=Q7IkKzzMyRMQ7kNvwGbv98h&amp;_nc_oc=Ado1VkZoX7_7gwArYWEnua9AecLVz3-rOEf3gEAS8vP3Bk3VUKfEU1Jk8EQKSO1NLh0&amp;_nc_zt=23&amp;_nc_ht=scontent-cdg4-1.cdninstagram.com&amp;edm=ANo9K5cEAAAA&amp;_nc_gid=bVjo6ErpxmlpbeCGmm70ww&amp;_nc_tpa=Q5bMBQEqIU20GgHIYNhx5xzLCHtnu1fOvzpvPgjJc67ABR0Ym0Y9nXadEdb1A8F32Ns4gIea8Aphb4L7BQ&amp;oh=00_Af2r31s4aS_mytMPdwwSe5o1g0GQiVeyLafxsYMR91KKgQ&amp;oe=69F928ED&quot;,&quot;640&quot;:&quot;https:\\\/\\\/scontent-cdg4-1.cdninstagram.com\\\/v\\\/t51.82787-15\\\/657347391_18333609388223608_7152824753141052430_n.jpg?stp=dst-jpg_e35_tt6&amp;_nc_cat=104&amp;ccb=7-5&amp;_nc_sid=18de74&amp;efg=eyJlZmdfdGFnIjoiQ0FST1VTRUxfSVRFTS5iZXN0X2ltYWdlX3VybGdlbi5DMyJ9&amp;_nc_ohc=Q7IkKzzMyRMQ7kNvwGbv98h&amp;_nc_oc=Ado1VkZoX7_7gwArYWEnua9AecLVz3-rOEf3gEAS8vP3Bk3VUKfEU1Jk8EQKSO1NLh0&amp;_nc_zt=23&amp;_nc_ht=scontent-cdg4-1.cdninstagram.com&amp;edm=ANo9K5cEAAAA&amp;_nc_gid=bVjo6ErpxmlpbeCGmm70ww&amp;_nc_tpa=Q5bMBQEqIU20GgHIYNhx5xzLCHtnu1fOvzpvPgjJc67ABR0Ym0Y9nXadEdb1A8F32Ns4gIea8Aphb4L7BQ&amp;oh=00_Af2r31s4aS_mytMPdwwSe5o1g0GQiVeyLafxsYMR91KKgQ&amp;oe=69F928ED&quot;}\">\n\t\t\t<span class=\"sbi-screenreader\">Turn the light on \u2728\ud83c\udf19#indiansummer #holidays #sanar<\/span>\n\t\t\t<svg class=\"svg-inline--fa fa-clone fa-w-16 sbi_lightbox_carousel_icon\" aria-hidden=\"true\" aria-label=\"Clone\" data-fa-pro\u0192cessed=\"\" data-prefix=\"far\" data-icon=\"clone\" role=\"img\" xmlns=\"http:\/\/www.w3.org\/2000\/svg\" viewBox=\"0 0 512 512\">\n                    <path fill=\"currentColor\" d=\"M464 0H144c-26.51 0-48 21.49-48 48v48H48c-26.51 0-48 21.49-48 48v320c0 26.51 21.49 48 48 48h320c26.51 0 48-21.49 48-48v-48h48c26.51 0 48-21.49 48-48V48c0-26.51-21.49-48-48-48zM362 464H54a6 6 0 0 1-6-6V150a6 6 0 0 1 6-6h42v224c0 26.51 21.49 48 48 48h224v42a6 6 0 0 1-6 6zm96-96H150a6 6 0 0 1-6-6V54a6 6 0 0 1 6-6h308a6 6 0 0 1 6 6v308a6 6 0 0 1-6 6z\"><\/path>\n                <\/svg>\t\t\t\t\t\t<img decoding=\"async\" src=\"https:\/\/villa-marcam.com\/wp-content\/plugins\/instagram-feed\/img\/placeholder.png\" alt=\"Turn the light on \u2728\ud83c\udf19#indiansummer #holidays #sanary #sanarysurmer #sanarytourisme #villamarcam\" aria-hidden=\"true\">\n\t\t<\/a>\n\t<\/div>\n<\/div><div class=\"sbi_item sbi_type_video sbi_new sbi_transition\"\n\tid=\"sbi_17907585068159068\" data-date=\"1633532591\">\n\t<div class=\"sbi_photo_wrap\">\n\t\t<a class=\"sbi_photo\" href=\"https:\/\/www.instagram.com\/p\/CUsPquQoJQu\/\" target=\"_blank\" rel=\"noopener nofollow\"\n\t\t\tdata-full-res=\"https:\/\/scontent-cdg4-1.cdninstagram.com\/v\/t51.71878-15\/527676510_783190360811060_7537786935899236018_n.jpg?stp=dst-jpg_e35_tt6&#038;_nc_cat=104&#038;ccb=7-5&#038;_nc_sid=18de74&#038;efg=eyJlZmdfdGFnIjoiRkVFRC5iZXN0X2ltYWdlX3VybGdlbi5DMyJ9&#038;_nc_ohc=UU6wMImnWnIQ7kNvwFnx4kC&#038;_nc_oc=AdrwpgFDhNvTa9DxOvKinZ_DWIleY6kBVKjMeZ8rXjFAwlRIRxOIJJZm67p0M8ggXLg&#038;_nc_zt=23&#038;_nc_ht=scontent-cdg4-1.cdninstagram.com&#038;edm=ANo9K5cEAAAA&#038;_nc_gid=bVjo6ErpxmlpbeCGmm70ww&#038;_nc_tpa=Q5bMBQE6Yw2CDOQE_Ku3baTBX8-5l7O3L0nTSsVPoEak7J2c3q1q8qCE_fQAAxaKn5CxrW3lfVQkIoh0Iw&#038;oh=00_Af3V1ax-l1CaG5LRUvI89WdGKqgy329rzlEFuUP1rg74Sg&#038;oe=69F900E3\"\n\t\t\tdata-img-src-set=\"{&quot;d&quot;:&quot;https:\\\/\\\/scontent-cdg4-1.cdninstagram.com\\\/v\\\/t51.71878-15\\\/527676510_783190360811060_7537786935899236018_n.jpg?stp=dst-jpg_e35_tt6&amp;_nc_cat=104&amp;ccb=7-5&amp;_nc_sid=18de74&amp;efg=eyJlZmdfdGFnIjoiRkVFRC5iZXN0X2ltYWdlX3VybGdlbi5DMyJ9&amp;_nc_ohc=UU6wMImnWnIQ7kNvwFnx4kC&amp;_nc_oc=AdrwpgFDhNvTa9DxOvKinZ_DWIleY6kBVKjMeZ8rXjFAwlRIRxOIJJZm67p0M8ggXLg&amp;_nc_zt=23&amp;_nc_ht=scontent-cdg4-1.cdninstagram.com&amp;edm=ANo9K5cEAAAA&amp;_nc_gid=bVjo6ErpxmlpbeCGmm70ww&amp;_nc_tpa=Q5bMBQE6Yw2CDOQE_Ku3baTBX8-5l7O3L0nTSsVPoEak7J2c3q1q8qCE_fQAAxaKn5CxrW3lfVQkIoh0Iw&amp;oh=00_Af3V1ax-l1CaG5LRUvI89WdGKqgy329rzlEFuUP1rg74Sg&amp;oe=69F900E3&quot;,&quot;150&quot;:&quot;https:\\\/\\\/scontent-cdg4-1.cdninstagram.com\\\/v\\\/t51.71878-15\\\/527676510_783190360811060_7537786935899236018_n.jpg?stp=dst-jpg_e35_tt6&amp;_nc_cat=104&amp;ccb=7-5&amp;_nc_sid=18de74&amp;efg=eyJlZmdfdGFnIjoiRkVFRC5iZXN0X2ltYWdlX3VybGdlbi5DMyJ9&amp;_nc_ohc=UU6wMImnWnIQ7kNvwFnx4kC&amp;_nc_oc=AdrwpgFDhNvTa9DxOvKinZ_DWIleY6kBVKjMeZ8rXjFAwlRIRxOIJJZm67p0M8ggXLg&amp;_nc_zt=23&amp;_nc_ht=scontent-cdg4-1.cdninstagram.com&amp;edm=ANo9K5cEAAAA&amp;_nc_gid=bVjo6ErpxmlpbeCGmm70ww&amp;_nc_tpa=Q5bMBQE6Yw2CDOQE_Ku3baTBX8-5l7O3L0nTSsVPoEak7J2c3q1q8qCE_fQAAxaKn5CxrW3lfVQkIoh0Iw&amp;oh=00_Af3V1ax-l1CaG5LRUvI89WdGKqgy329rzlEFuUP1rg74Sg&amp;oe=69F900E3&quot;,&quot;320&quot;:&quot;https:\\\/\\\/scontent-cdg4-1.cdninstagram.com\\\/v\\\/t51.71878-15\\\/527676510_783190360811060_7537786935899236018_n.jpg?stp=dst-jpg_e35_tt6&amp;_nc_cat=104&amp;ccb=7-5&amp;_nc_sid=18de74&amp;efg=eyJlZmdfdGFnIjoiRkVFRC5iZXN0X2ltYWdlX3VybGdlbi5DMyJ9&amp;_nc_ohc=UU6wMImnWnIQ7kNvwFnx4kC&amp;_nc_oc=AdrwpgFDhNvTa9DxOvKinZ_DWIleY6kBVKjMeZ8rXjFAwlRIRxOIJJZm67p0M8ggXLg&amp;_nc_zt=23&amp;_nc_ht=scontent-cdg4-1.cdninstagram.com&amp;edm=ANo9K5cEAAAA&amp;_nc_gid=bVjo6ErpxmlpbeCGmm70ww&amp;_nc_tpa=Q5bMBQE6Yw2CDOQE_Ku3baTBX8-5l7O3L0nTSsVPoEak7J2c3q1q8qCE_fQAAxaKn5CxrW3lfVQkIoh0Iw&amp;oh=00_Af3V1ax-l1CaG5LRUvI89WdGKqgy329rzlEFuUP1rg74Sg&amp;oe=69F900E3&quot;,&quot;640&quot;:&quot;https:\\\/\\\/scontent-cdg4-1.cdninstagram.com\\\/v\\\/t51.71878-15\\\/527676510_783190360811060_7537786935899236018_n.jpg?stp=dst-jpg_e35_tt6&amp;_nc_cat=104&amp;ccb=7-5&amp;_nc_sid=18de74&amp;efg=eyJlZmdfdGFnIjoiRkVFRC5iZXN0X2ltYWdlX3VybGdlbi5DMyJ9&amp;_nc_ohc=UU6wMImnWnIQ7kNvwFnx4kC&amp;_nc_oc=AdrwpgFDhNvTa9DxOvKinZ_DWIleY6kBVKjMeZ8rXjFAwlRIRxOIJJZm67p0M8ggXLg&amp;_nc_zt=23&amp;_nc_ht=scontent-cdg4-1.cdninstagram.com&amp;edm=ANo9K5cEAAAA&amp;_nc_gid=bVjo6ErpxmlpbeCGmm70ww&amp;_nc_tpa=Q5bMBQE6Yw2CDOQE_Ku3baTBX8-5l7O3L0nTSsVPoEak7J2c3q1q8qCE_fQAAxaKn5CxrW3lfVQkIoh0Iw&amp;oh=00_Af3V1ax-l1CaG5LRUvI89WdGKqgy329rzlEFuUP1rg74Sg&amp;oe=69F900E3&quot;}\">\n\t\t\t<span class=\"sbi-screenreader\">\u00c7a, c\u2019\u00e9tait le calme avant la temp\u00eate ! Tranquilli<\/span>\n\t\t\t\t\t\t<svg style=\"color: rgba(255,255,255,1)\" class=\"svg-inline--fa fa-play fa-w-14 sbi_playbtn\" aria-label=\"Play\" aria-hidden=\"true\" data-fa-processed=\"\" data-prefix=\"fa\" data-icon=\"play\" role=\"presentation\" xmlns=\"http:\/\/www.w3.org\/2000\/svg\" viewBox=\"0 0 448 512\"><path fill=\"currentColor\" d=\"M424.4 214.7L72.4 6.6C43.8-10.3 0 6.1 0 47.9V464c0 37.5 40.7 60.1 72.4 41.3l352-208c31.4-18.5 31.5-64.1 0-82.6z\"><\/path><\/svg>\t\t\t<img decoding=\"async\" src=\"https:\/\/villa-marcam.com\/wp-content\/plugins\/instagram-feed\/img\/placeholder.png\" alt=\"\u00c7a, c\u2019\u00e9tait le calme avant la temp\u00eate ! Tranquillit\u00e9 d\u2019une fin de journ\u00e9e sur la plage de Beaucours + petit bain de mer  #tempetedemistral #douceurdevivre #sanarytourisme #villamarcam #baindemer #automnealamer\" aria-hidden=\"true\">\n\t\t<\/a>\n\t<\/div>\n<\/div><div class=\"sbi_item sbi_type_carousel sbi_new sbi_transition\"\n\tid=\"sbi_18002881027363652\" data-date=\"1633107983\">\n\t<div class=\"sbi_photo_wrap\">\n\t\t<a class=\"sbi_photo\" href=\"https:\/\/www.instagram.com\/p\/CUfmhKKs72x\/\" target=\"_blank\" rel=\"noopener nofollow\"\n\t\t\tdata-full-res=\"https:\/\/scontent-cdg6-1.cdninstagram.com\/v\/t51.71878-15\/624697188_4350039268583022_9191419114899903123_n.jpg?stp=dst-jpg_e35_tt6&#038;_nc_cat=106&#038;ccb=7-5&#038;_nc_sid=18de74&#038;efg=eyJlZmdfdGFnIjoiQ0FST1VTRUxfSVRFTS5iZXN0X2ltYWdlX3VybGdlbi5DMyJ9&#038;_nc_ohc=mKxLGXm61rIQ7kNvwHo-mC7&#038;_nc_oc=AdrAwj3k5iyuu-kviAjEIpG2gynS6TkUZfn0GnrNu-uyXbN66RWbScP8BnTnKAflV5k&#038;_nc_zt=23&#038;_nc_ht=scontent-cdg6-1.cdninstagram.com&#038;edm=ANo9K5cEAAAA&#038;_nc_gid=bVjo6ErpxmlpbeCGmm70ww&#038;_nc_tpa=Q5bMBQG0QUQveDrf6hvHXOR8o5PchMoj0TTUMJlP_Z0gdtuFxhx0cJcRbMLcBQYMpfjlf5FArjr8n722BQ&#038;oh=00_Af1O3ZE09HbXzXU04O3eYgosgrYnSRn8LU11hJDL5clCBw&#038;oe=69F91781\"\n\t\t\tdata-img-src-set=\"{&quot;d&quot;:&quot;https:\\\/\\\/scontent-cdg6-1.cdninstagram.com\\\/v\\\/t51.71878-15\\\/624697188_4350039268583022_9191419114899903123_n.jpg?stp=dst-jpg_e35_tt6&amp;_nc_cat=106&amp;ccb=7-5&amp;_nc_sid=18de74&amp;efg=eyJlZmdfdGFnIjoiQ0FST1VTRUxfSVRFTS5iZXN0X2ltYWdlX3VybGdlbi5DMyJ9&amp;_nc_ohc=mKxLGXm61rIQ7kNvwHo-mC7&amp;_nc_oc=AdrAwj3k5iyuu-kviAjEIpG2gynS6TkUZfn0GnrNu-uyXbN66RWbScP8BnTnKAflV5k&amp;_nc_zt=23&amp;_nc_ht=scontent-cdg6-1.cdninstagram.com&amp;edm=ANo9K5cEAAAA&amp;_nc_gid=bVjo6ErpxmlpbeCGmm70ww&amp;_nc_tpa=Q5bMBQG0QUQveDrf6hvHXOR8o5PchMoj0TTUMJlP_Z0gdtuFxhx0cJcRbMLcBQYMpfjlf5FArjr8n722BQ&amp;oh=00_Af1O3ZE09HbXzXU04O3eYgosgrYnSRn8LU11hJDL5clCBw&amp;oe=69F91781&quot;,&quot;150&quot;:&quot;https:\\\/\\\/scontent-cdg6-1.cdninstagram.com\\\/v\\\/t51.71878-15\\\/624697188_4350039268583022_9191419114899903123_n.jpg?stp=dst-jpg_e35_tt6&amp;_nc_cat=106&amp;ccb=7-5&amp;_nc_sid=18de74&amp;efg=eyJlZmdfdGFnIjoiQ0FST1VTRUxfSVRFTS5iZXN0X2ltYWdlX3VybGdlbi5DMyJ9&amp;_nc_ohc=mKxLGXm61rIQ7kNvwHo-mC7&amp;_nc_oc=AdrAwj3k5iyuu-kviAjEIpG2gynS6TkUZfn0GnrNu-uyXbN66RWbScP8BnTnKAflV5k&amp;_nc_zt=23&amp;_nc_ht=scontent-cdg6-1.cdninstagram.com&amp;edm=ANo9K5cEAAAA&amp;_nc_gid=bVjo6ErpxmlpbeCGmm70ww&amp;_nc_tpa=Q5bMBQG0QUQveDrf6hvHXOR8o5PchMoj0TTUMJlP_Z0gdtuFxhx0cJcRbMLcBQYMpfjlf5FArjr8n722BQ&amp;oh=00_Af1O3ZE09HbXzXU04O3eYgosgrYnSRn8LU11hJDL5clCBw&amp;oe=69F91781&quot;,&quot;320&quot;:&quot;https:\\\/\\\/scontent-cdg6-1.cdninstagram.com\\\/v\\\/t51.71878-15\\\/624697188_4350039268583022_9191419114899903123_n.jpg?stp=dst-jpg_e35_tt6&amp;_nc_cat=106&amp;ccb=7-5&amp;_nc_sid=18de74&amp;efg=eyJlZmdfdGFnIjoiQ0FST1VTRUxfSVRFTS5iZXN0X2ltYWdlX3VybGdlbi5DMyJ9&amp;_nc_ohc=mKxLGXm61rIQ7kNvwHo-mC7&amp;_nc_oc=AdrAwj3k5iyuu-kviAjEIpG2gynS6TkUZfn0GnrNu-uyXbN66RWbScP8BnTnKAflV5k&amp;_nc_zt=23&amp;_nc_ht=scontent-cdg6-1.cdninstagram.com&amp;edm=ANo9K5cEAAAA&amp;_nc_gid=bVjo6ErpxmlpbeCGmm70ww&amp;_nc_tpa=Q5bMBQG0QUQveDrf6hvHXOR8o5PchMoj0TTUMJlP_Z0gdtuFxhx0cJcRbMLcBQYMpfjlf5FArjr8n722BQ&amp;oh=00_Af1O3ZE09HbXzXU04O3eYgosgrYnSRn8LU11hJDL5clCBw&amp;oe=69F91781&quot;,&quot;640&quot;:&quot;https:\\\/\\\/scontent-cdg6-1.cdninstagram.com\\\/v\\\/t51.71878-15\\\/624697188_4350039268583022_9191419114899903123_n.jpg?stp=dst-jpg_e35_tt6&amp;_nc_cat=106&amp;ccb=7-5&amp;_nc_sid=18de74&amp;efg=eyJlZmdfdGFnIjoiQ0FST1VTRUxfSVRFTS5iZXN0X2ltYWdlX3VybGdlbi5DMyJ9&amp;_nc_ohc=mKxLGXm61rIQ7kNvwHo-mC7&amp;_nc_oc=AdrAwj3k5iyuu-kviAjEIpG2gynS6TkUZfn0GnrNu-uyXbN66RWbScP8BnTnKAflV5k&amp;_nc_zt=23&amp;_nc_ht=scontent-cdg6-1.cdninstagram.com&amp;edm=ANo9K5cEAAAA&amp;_nc_gid=bVjo6ErpxmlpbeCGmm70ww&amp;_nc_tpa=Q5bMBQG0QUQveDrf6hvHXOR8o5PchMoj0TTUMJlP_Z0gdtuFxhx0cJcRbMLcBQYMpfjlf5FArjr8n722BQ&amp;oh=00_Af1O3ZE09HbXzXU04O3eYgosgrYnSRn8LU11hJDL5clCBw&amp;oe=69F91781&quot;}\">\n\t\t\t<span class=\"sbi-screenreader\">Savourer l\u2019\u00e9t\u00e9 indien sur la mer \u2026. \n#eteindien #i<\/span>\n\t\t\t<svg class=\"svg-inline--fa fa-clone fa-w-16 sbi_lightbox_carousel_icon\" aria-hidden=\"true\" aria-label=\"Clone\" data-fa-pro\u0192cessed=\"\" data-prefix=\"far\" data-icon=\"clone\" role=\"img\" xmlns=\"http:\/\/www.w3.org\/2000\/svg\" viewBox=\"0 0 512 512\">\n                    <path fill=\"currentColor\" d=\"M464 0H144c-26.51 0-48 21.49-48 48v48H48c-26.51 0-48 21.49-48 48v320c0 26.51 21.49 48 48 48h320c26.51 0 48-21.49 48-48v-48h48c26.51 0 48-21.49 48-48V48c0-26.51-21.49-48-48-48zM362 464H54a6 6 0 0 1-6-6V150a6 6 0 0 1 6-6h42v224c0 26.51 21.49 48 48 48h224v42a6 6 0 0 1-6 6zm96-96H150a6 6 0 0 1-6-6V54a6 6 0 0 1 6-6h308a6 6 0 0 1 6 6v308a6 6 0 0 1-6 6z\"><\/path>\n                <\/svg>\t\t\t\t\t\t<img decoding=\"async\" src=\"https:\/\/villa-marcam.com\/wp-content\/plugins\/instagram-feed\/img\/placeholder.png\" alt=\"Savourer l\u2019\u00e9t\u00e9 indien sur la mer \u2026. \n#eteindien #indiansummeronthebeach #villamarcam #sanarytourisme\" aria-hidden=\"true\">\n\t\t<\/a>\n\t<\/div>\n<\/div><div class=\"sbi_item sbi_type_image sbi_new sbi_transition\"\n\tid=\"sbi_17893704626271832\" data-date=\"1632464668\">\n\t<div class=\"sbi_photo_wrap\">\n\t\t<a class=\"sbi_photo\" href=\"https:\/\/www.instagram.com\/p\/CUMbfiIsbLa\/\" target=\"_blank\" rel=\"noopener nofollow\"\n\t\t\tdata-full-res=\"https:\/\/scontent-cdg4-2.cdninstagram.com\/v\/t51.82787-15\/621445977_18064372925271832_2523896842755997106_n.jpg?stp=dst-jpg_e35_tt6&#038;_nc_cat=107&#038;ccb=7-5&#038;_nc_sid=18de74&#038;efg=eyJlZmdfdGFnIjoiRkVFRC5iZXN0X2ltYWdlX3VybGdlbi5DMyJ9&#038;_nc_ohc=CLzz3YDZYOcQ7kNvwGXykw4&#038;_nc_oc=AdqeIOBYQkq3lNFu3DW40B6taah-RzXqtjKAX9vPlTw2yq2CPxY8M26pKs6o2A1x_yk&#038;_nc_zt=23&#038;_nc_ht=scontent-cdg4-2.cdninstagram.com&#038;edm=ANo9K5cEAAAA&#038;_nc_gid=bVjo6ErpxmlpbeCGmm70ww&#038;_nc_tpa=Q5bMBQFHnQuHHBFc_JeWyApZRgdNUpL1F5lSXtaZ8JMxXXlCOIBZlDMzVpIKxE0QGtmnHqQWqIdaoSJh0Q&#038;oh=00_Af1-HTHaXmVund6MWOZOcoQm5H_LoAFG-vrvg9UtR2j6uA&#038;oe=69F90A2D\"\n\t\t\tdata-img-src-set=\"{&quot;d&quot;:&quot;https:\\\/\\\/scontent-cdg4-2.cdninstagram.com\\\/v\\\/t51.82787-15\\\/621445977_18064372925271832_2523896842755997106_n.jpg?stp=dst-jpg_e35_tt6&amp;_nc_cat=107&amp;ccb=7-5&amp;_nc_sid=18de74&amp;efg=eyJlZmdfdGFnIjoiRkVFRC5iZXN0X2ltYWdlX3VybGdlbi5DMyJ9&amp;_nc_ohc=CLzz3YDZYOcQ7kNvwGXykw4&amp;_nc_oc=AdqeIOBYQkq3lNFu3DW40B6taah-RzXqtjKAX9vPlTw2yq2CPxY8M26pKs6o2A1x_yk&amp;_nc_zt=23&amp;_nc_ht=scontent-cdg4-2.cdninstagram.com&amp;edm=ANo9K5cEAAAA&amp;_nc_gid=bVjo6ErpxmlpbeCGmm70ww&amp;_nc_tpa=Q5bMBQFHnQuHHBFc_JeWyApZRgdNUpL1F5lSXtaZ8JMxXXlCOIBZlDMzVpIKxE0QGtmnHqQWqIdaoSJh0Q&amp;oh=00_Af1-HTHaXmVund6MWOZOcoQm5H_LoAFG-vrvg9UtR2j6uA&amp;oe=69F90A2D&quot;,&quot;150&quot;:&quot;https:\\\/\\\/scontent-cdg4-2.cdninstagram.com\\\/v\\\/t51.82787-15\\\/621445977_18064372925271832_2523896842755997106_n.jpg?stp=dst-jpg_e35_tt6&amp;_nc_cat=107&amp;ccb=7-5&amp;_nc_sid=18de74&amp;efg=eyJlZmdfdGFnIjoiRkVFRC5iZXN0X2ltYWdlX3VybGdlbi5DMyJ9&amp;_nc_ohc=CLzz3YDZYOcQ7kNvwGXykw4&amp;_nc_oc=AdqeIOBYQkq3lNFu3DW40B6taah-RzXqtjKAX9vPlTw2yq2CPxY8M26pKs6o2A1x_yk&amp;_nc_zt=23&amp;_nc_ht=scontent-cdg4-2.cdninstagram.com&amp;edm=ANo9K5cEAAAA&amp;_nc_gid=bVjo6ErpxmlpbeCGmm70ww&amp;_nc_tpa=Q5bMBQFHnQuHHBFc_JeWyApZRgdNUpL1F5lSXtaZ8JMxXXlCOIBZlDMzVpIKxE0QGtmnHqQWqIdaoSJh0Q&amp;oh=00_Af1-HTHaXmVund6MWOZOcoQm5H_LoAFG-vrvg9UtR2j6uA&amp;oe=69F90A2D&quot;,&quot;320&quot;:&quot;https:\\\/\\\/scontent-cdg4-2.cdninstagram.com\\\/v\\\/t51.82787-15\\\/621445977_18064372925271832_2523896842755997106_n.jpg?stp=dst-jpg_e35_tt6&amp;_nc_cat=107&amp;ccb=7-5&amp;_nc_sid=18de74&amp;efg=eyJlZmdfdGFnIjoiRkVFRC5iZXN0X2ltYWdlX3VybGdlbi5DMyJ9&amp;_nc_ohc=CLzz3YDZYOcQ7kNvwGXykw4&amp;_nc_oc=AdqeIOBYQkq3lNFu3DW40B6taah-RzXqtjKAX9vPlTw2yq2CPxY8M26pKs6o2A1x_yk&amp;_nc_zt=23&amp;_nc_ht=scontent-cdg4-2.cdninstagram.com&amp;edm=ANo9K5cEAAAA&amp;_nc_gid=bVjo6ErpxmlpbeCGmm70ww&amp;_nc_tpa=Q5bMBQFHnQuHHBFc_JeWyApZRgdNUpL1F5lSXtaZ8JMxXXlCOIBZlDMzVpIKxE0QGtmnHqQWqIdaoSJh0Q&amp;oh=00_Af1-HTHaXmVund6MWOZOcoQm5H_LoAFG-vrvg9UtR2j6uA&amp;oe=69F90A2D&quot;,&quot;640&quot;:&quot;https:\\\/\\\/scontent-cdg4-2.cdninstagram.com\\\/v\\\/t51.82787-15\\\/621445977_18064372925271832_2523896842755997106_n.jpg?stp=dst-jpg_e35_tt6&amp;_nc_cat=107&amp;ccb=7-5&amp;_nc_sid=18de74&amp;efg=eyJlZmdfdGFnIjoiRkVFRC5iZXN0X2ltYWdlX3VybGdlbi5DMyJ9&amp;_nc_ohc=CLzz3YDZYOcQ7kNvwGXykw4&amp;_nc_oc=AdqeIOBYQkq3lNFu3DW40B6taah-RzXqtjKAX9vPlTw2yq2CPxY8M26pKs6o2A1x_yk&amp;_nc_zt=23&amp;_nc_ht=scontent-cdg4-2.cdninstagram.com&amp;edm=ANo9K5cEAAAA&amp;_nc_gid=bVjo6ErpxmlpbeCGmm70ww&amp;_nc_tpa=Q5bMBQFHnQuHHBFc_JeWyApZRgdNUpL1F5lSXtaZ8JMxXXlCOIBZlDMzVpIKxE0QGtmnHqQWqIdaoSJh0Q&amp;oh=00_Af1-HTHaXmVund6MWOZOcoQm5H_LoAFG-vrvg9UtR2j6uA&amp;oe=69F90A2D&quot;}\">\n\t\t\t<span class=\"sbi-screenreader\">Good morning sea, moon and trees \n\n#pinetree #sunr<\/span>\n\t\t\t\t\t\t\t\t\t<img decoding=\"async\" src=\"https:\/\/villa-marcam.com\/wp-content\/plugins\/instagram-feed\/img\/placeholder.png\" alt=\"Good morning sea, moon and trees \n\n#pinetree #sunriseonthefrenchriviera #autumnsunrise #sanarysurmer\u2693\ufe0f #sanarytourisme #villamarcam\" aria-hidden=\"true\">\n\t\t<\/a>\n\t<\/div>\n<\/div>\t<\/div>\n\n\t<div id=\"sbi_load\" >\n\n\t\t\t<button class=\"sbi_load_btn\"\n\t\t\ttype=\"button\" >\n\t\t\t<span class=\"sbi_btn_text\" >Afficher plus&#8230;<\/span>\n\t\t\t<span class=\"sbi_loader sbi_hidden\" style=\"background-color: rgb(255, 255, 255);\" aria-hidden=\"true\"><\/span>\n\t\t<\/button>\n\t\n\t\t\t<span class=\"sbi_follow_btn sbi_custom\" >\n\t\t\t<a target=\"_blank\"\n\t\t\t\trel=\"nofollow noopener\"  href=\"https:\/\/www.instagram.com\/villa.marcam\/\" style=\"background: rgb(10,10,10);\">\n\t\t\t\t<svg class=\"svg-inline--fa fa-instagram fa-w-14\" aria-hidden=\"true\" data-fa-processed=\"\" aria-label=\"Instagram\" data-prefix=\"fab\" data-icon=\"instagram\" role=\"img\" viewBox=\"0 0 448 512\">\n                    <path fill=\"currentColor\" d=\"M224.1 141c-63.6 0-114.9 51.3-114.9 114.9s51.3 114.9 114.9 114.9S339 319.5 339 255.9 287.7 141 224.1 141zm0 189.6c-41.1 0-74.7-33.5-74.7-74.7s33.5-74.7 74.7-74.7 74.7 33.5 74.7 74.7-33.6 74.7-74.7 74.7zm146.4-194.3c0 14.9-12 26.8-26.8 26.8-14.9 0-26.8-12-26.8-26.8s12-26.8 26.8-26.8 26.8 12 26.8 26.8zm76.1 27.2c-1.7-35.9-9.9-67.7-36.2-93.9-26.2-26.2-58-34.4-93.9-36.2-37-2.1-147.9-2.1-184.9 0-35.8 1.7-67.6 9.9-93.9 36.1s-34.4 58-36.2 93.9c-2.1 37-2.1 147.9 0 184.9 1.7 35.9 9.9 67.7 36.2 93.9s58 34.4 93.9 36.2c37 2.1 147.9 2.1 184.9 0 35.9-1.7 67.7-9.9 93.9-36.2 26.2-26.2 34.4-58 36.2-93.9 2.1-37 2.1-147.8 0-184.8zM398.8 388c-7.8 19.6-22.9 34.7-42.6 42.6-29.5 11.7-99.5 9-132.1 9s-102.7 2.6-132.1-9c-19.6-7.8-34.7-22.9-42.6-42.6-11.7-29.5-9-99.5-9-132.1s-2.6-102.7 9-132.1c7.8-19.6 22.9-34.7 42.6-42.6 29.5-11.7 99.5-9 132.1-9s102.7-2.6 132.1 9c19.6 7.8 34.7 22.9 42.6 42.6 11.7 29.5 9 99.5 9 132.1s2.7 102.7-9 132.1z\"><\/path>\n                <\/svg>\t\t\t\t<span>Suivre sur Instagram<\/span>\n\t\t\t<\/a>\n\t\t<\/span>\n\t\n<\/div>\n\t\t<span class=\"sbi_resized_image_data\" data-feed-id=\"*1\"\n\t\t  data-resized=\"{&quot;18199727845081995&quot;:{&quot;id&quot;:&quot;280597329_380245214143893_3859523849449849285_n&quot;,&quot;ratio&quot;:&quot;0.80&quot;,&quot;sizes&quot;:{&quot;full&quot;:640,&quot;low&quot;:320,&quot;thumb&quot;:150},&quot;extension&quot;:&quot;.jpg&quot;},&quot;17906706119315019&quot;:{&quot;id&quot;:&quot;272968578_3010874145826031_3090909546148614377_n&quot;,&quot;ratio&quot;:&quot;1.00&quot;,&quot;sizes&quot;:{&quot;full&quot;:640,&quot;low&quot;:320,&quot;thumb&quot;:150},&quot;extension&quot;:&quot;.jpg&quot;},&quot;18126118705249144&quot;:{&quot;id&quot;:&quot;272904569_236528511964538_5923911791996883541_n&quot;,&quot;ratio&quot;:&quot;0.80&quot;,&quot;sizes&quot;:{&quot;full&quot;:640,&quot;low&quot;:320,&quot;thumb&quot;:150},&quot;extension&quot;:&quot;.jpg&quot;},&quot;18187765066082736&quot;:{&quot;id&quot;:&quot;271887155_458914565947609_2534482666502203952_n&quot;,&quot;ratio&quot;:&quot;1.00&quot;,&quot;sizes&quot;:{&quot;full&quot;:640,&quot;low&quot;:320,&quot;thumb&quot;:150},&quot;extension&quot;:&quot;.jpg&quot;},&quot;17930742994842888&quot;:{&quot;id&quot;:&quot;271698302_466547978191689_2465319282161186532_n&quot;,&quot;ratio&quot;:&quot;1.00&quot;,&quot;sizes&quot;:{&quot;full&quot;:640,&quot;low&quot;:320,&quot;thumb&quot;:150},&quot;extension&quot;:&quot;.jpg&quot;},&quot;17953360618562494&quot;:{&quot;id&quot;:&quot;264439002_1101339914010059_2921921612242255900_n&quot;,&quot;ratio&quot;:&quot;0.80&quot;,&quot;sizes&quot;:{&quot;full&quot;:640,&quot;low&quot;:320,&quot;thumb&quot;:150},&quot;extension&quot;:&quot;.jpg&quot;},&quot;17949259117583116&quot;:{&quot;id&quot;:&quot;258871474_304030231577963_5862119921530890642_n&quot;,&quot;ratio&quot;:&quot;0.80&quot;,&quot;sizes&quot;:{&quot;full&quot;:640,&quot;low&quot;:320,&quot;thumb&quot;:150},&quot;extension&quot;:&quot;.jpg&quot;},&quot;18264639706059350&quot;:{&quot;id&quot;:&quot;254502842_477174313551344_5287776301002293858_n&quot;,&quot;ratio&quot;:&quot;1.00&quot;,&quot;sizes&quot;:{&quot;full&quot;:640,&quot;low&quot;:320,&quot;thumb&quot;:150},&quot;extension&quot;:&quot;.jpg&quot;},&quot;18263056678026305&quot;:{&quot;id&quot;:&quot;251382514_1288886681571166_5452204951685908465_n&quot;,&quot;ratio&quot;:&quot;0.88&quot;,&quot;sizes&quot;:{&quot;full&quot;:640,&quot;low&quot;:320,&quot;thumb&quot;:150},&quot;extension&quot;:&quot;.jpg&quot;},&quot;18255330916056825&quot;:{&quot;id&quot;:&quot;246747873_385724939916711_5001046930377681161_n&quot;,&quot;ratio&quot;:&quot;1.00&quot;,&quot;sizes&quot;:{&quot;full&quot;:640,&quot;low&quot;:320,&quot;thumb&quot;:150},&quot;extension&quot;:&quot;.jpg&quot;},&quot;18017052193328399&quot;:{&quot;id&quot;:&quot;245250649_1238331586640828_904122695140187311_n&quot;,&quot;ratio&quot;:&quot;1.00&quot;,&quot;sizes&quot;:{&quot;full&quot;:640,&quot;low&quot;:320,&quot;thumb&quot;:150},&quot;extension&quot;:&quot;.jpg&quot;},&quot;18110996203250291&quot;:{&quot;id&quot;:&quot;245094935_173312508295415_6419239387972690160_n&quot;,&quot;ratio&quot;:&quot;1.00&quot;,&quot;sizes&quot;:{&quot;full&quot;:640,&quot;low&quot;:320,&quot;thumb&quot;:150},&quot;extension&quot;:&quot;.jpg&quot;},&quot;17907585068159068&quot;:{&quot;id&quot;:&quot;244579693_360969105726550_6257913519788311902_n&quot;,&quot;ratio&quot;:&quot;1.00&quot;,&quot;sizes&quot;:{&quot;full&quot;:640,&quot;low&quot;:320,&quot;thumb&quot;:150},&quot;extension&quot;:&quot;.jpg&quot;},&quot;18002881027363652&quot;:{&quot;id&quot;:&quot;243787288_343513010889997_7334631140208436246_n&quot;,&quot;ratio&quot;:&quot;1.00&quot;,&quot;sizes&quot;:{&quot;full&quot;:640,&quot;low&quot;:320,&quot;thumb&quot;:150},&quot;extension&quot;:&quot;.jpg&quot;},&quot;17893704626271832&quot;:{&quot;id&quot;:&quot;242873627_853182682002214_9005592393612764089_n&quot;,&quot;ratio&quot;:&quot;1.00&quot;,&quot;sizes&quot;:{&quot;full&quot;:640,&quot;low&quot;:320,&quot;thumb&quot;:150},&quot;extension&quot;:&quot;.jpg&quot;}}\">\n\t<\/span>\n\t<\/div>\n\n<\/p>\t\t\t\t\t\t\t\t<\/div>\n\t\t\t\t<\/div>\n\t\t\t\t\t<\/div>\n\t\t<\/div>\n\t\t\t\t\t<\/div>\n\t\t<\/section>\n\t\t\t\t<section class=\"elementor-section elementor-top-section elementor-element elementor-element-80022da elementor-section-boxed elementor-section-height-default elementor-section-height-default\" data-id=\"80022da\" data-element_type=\"section\" data-e-type=\"section\">\n\t\t\t\t\t\t<div class=\"elementor-container elementor-column-gap-default\">\n\t\t\t\t\t<div class=\"elementor-column elementor-col-100 elementor-top-column elementor-element elementor-element-9626e84\" data-id=\"9626e84\" data-element_type=\"column\" data-e-type=\"column\">\n\t\t\t<div class=\"elementor-widget-wrap elementor-element-populated\">\n\t\t\t\t\t\t<div class=\"elementor-element elementor-element-8fbf293 elementor-widget elementor-widget-text-editor\" data-id=\"8fbf293\" data-element_type=\"widget\" data-e-type=\"widget\" data-widget_type=\"text-editor.default\">\n\t\t\t\t<div class=\"elementor-widget-container\">\n\t\t\t\t\t\t\t\t\t<p><pre class=\"ti-widget\" style=\"display: none\"><template id=\"trustindex-google-widget-html\"><div class=\" ti-widget  ti-goog ti-review-text-mode-readmore ti-text-align-left\" data-no-translation=\"true\" data-time-locale=\"il y a %d %s|aujourd'hui|jour|jours|semaine|semaines|mois|mois|ann\u00e9e|ans\" data-plugin-version=\"13.2.9\" data-layout-id=\"4\" data-layout-category=\"slider\" data-set-id=\"light-clean\" data-pid=\"\" data-language=\"fr\" data-close-locale=\"Fermer\" data-review-target-width=\"300\" data-css-version=\"2\" data-reply-by-locale=\"R\u00e9ponse du propri\u00e9taire\" data-only-rating-locale=\"Cet utilisateur a uniquement laiss\u00e9 une \u00e9valuation.\" data-pager-autoplay-timeout=\"6\"> <div class=\"ti-widget-container ti-col-3\"> <div class=\"ti-reviews-container\"> <div class=\"ti-controls\"> <div class=\"ti-next\" aria-label=\"Avis suivante\" role=\"button\" tabindex=\"0\"><\/div> <div class=\"ti-prev\" aria-label=\"Avis pr\u00e9c\u00e9dent\" role=\"button\" tabindex=\"0\"><\/div> <\/div> <div class=\"ti-reviews-container-wrapper\">  <div data-empty=\"0\" data-time=\"1667520000\" class=\"ti-review-item source-Google ti-image-layout-thumbnail\" data-id=\"cfcd208495d565ef66e7dff9f98764da\"> <div class=\"ti-inner\"> <div class=\"ti-review-header\"> <div class=\"ti-platform-icon ti-with-tooltip\"> <span class=\"ti-tooltip\">Publi\u00e9 sur <\/span> <trustindex-image data-imgurl=\"https:\/\/cdn.trustindex.io\/assets\/platform\/Google\/icon.svg\" alt=\"\" width=\"20\" height=\"20\" loading=\"lazy\"><\/trustindex-image> <\/div> <div class=\"ti-profile-img\"> <trustindex-image data-imgurl=\"https:\/\/lh3.googleusercontent.com\/a-\/ACB-R5RGVBJx1BJqlJZRql4Bt5Fx4u1e0bw0TfiioOpKZg=w40-h40-c-c-rp-w40-h40-mo-br100\" alt=\"Jean-Yves Reymond profile picture\" loading=\"lazy\"><\/trustindex-image> <\/div> <div class=\"ti-profile-details\"> <div class=\"ti-name\"> Jean-Yves Reymond <\/div> <div class=\"ti-date\"><\/div> <\/div> <\/div> <span class=\"ti-stars\"><trustindex-image class=\"ti-star\" data-imgurl=\"https:\/\/cdn.trustindex.io\/assets\/platform\/Google\/star\/f.svg\" alt=\"Google star 1\" width=\"17\" height=\"17\" loading=\"lazy\"><\/trustindex-image><trustindex-image class=\"ti-star\" data-imgurl=\"https:\/\/cdn.trustindex.io\/assets\/platform\/Google\/star\/f.svg\" alt=\"Google star 2\" width=\"17\" height=\"17\" loading=\"lazy\"><\/trustindex-image><trustindex-image class=\"ti-star\" data-imgurl=\"https:\/\/cdn.trustindex.io\/assets\/platform\/Google\/star\/f.svg\" alt=\"Google star 3\" width=\"17\" height=\"17\" loading=\"lazy\"><\/trustindex-image><trustindex-image class=\"ti-star\" data-imgurl=\"https:\/\/cdn.trustindex.io\/assets\/platform\/Google\/star\/f.svg\" alt=\"Google star 4\" width=\"17\" height=\"17\" loading=\"lazy\"><\/trustindex-image><trustindex-image class=\"ti-star\" data-imgurl=\"https:\/\/cdn.trustindex.io\/assets\/platform\/Google\/star\/f.svg\" alt=\"Google star 5\" width=\"17\" height=\"17\" loading=\"lazy\"><\/trustindex-image><span class=\"ti-verified-review ti-verified-platform\"><span class=\"ti-verified-tooltip\">Trustindex v\u00e9rifie que la source originale de l'avis est Google.<\/span><\/span><\/span> <div class=\"ti-review-text-container ti-review-content\"><!-- R-CONTENT -->Tr\u00e8s belle maison dans un quartier tr\u00e8s calme et une tr\u00e8s belle vue sur la mer\nParfait<!-- R-CONTENT --><\/div> <span class=\"ti-read-more\" data-container=\".ti-review-content\" data-collapse-text=\"Cacher\" data-open-text=\"Lire la suite\"><\/span> <\/div> <\/div>  <div data-empty=\"0\" data-time=\"1667433600\" class=\"ti-review-item source-Google ti-image-layout-thumbnail\" data-id=\"cfcd208495d565ef66e7dff9f98764da\"> <div class=\"ti-inner\"> <div class=\"ti-review-header\"> <div class=\"ti-platform-icon ti-with-tooltip\"> <span class=\"ti-tooltip\">Publi\u00e9 sur <\/span> <trustindex-image data-imgurl=\"https:\/\/cdn.trustindex.io\/assets\/platform\/Google\/icon.svg\" alt=\"\" width=\"20\" height=\"20\" loading=\"lazy\"><\/trustindex-image> <\/div> <div class=\"ti-profile-img\"> <trustindex-image data-imgurl=\"https:\/\/lh3.googleusercontent.com\/a\/AGNmyxaMoEKWge2nrgW0hN9sjPfV_TIJyR2EL9ok5bVz=w40-h40-c-c-rp-w40-h40-mo-br100\" alt=\"Anne Laure Michaud profile picture\" loading=\"lazy\"><\/trustindex-image> <\/div> <div class=\"ti-profile-details\"> <div class=\"ti-name\"> Anne Laure Michaud <\/div> <div class=\"ti-date\"><\/div> <\/div> <\/div> <span class=\"ti-stars\"><trustindex-image class=\"ti-star\" data-imgurl=\"https:\/\/cdn.trustindex.io\/assets\/platform\/Google\/star\/f.svg\" alt=\"Google star 1\" width=\"17\" height=\"17\" loading=\"lazy\"><\/trustindex-image><trustindex-image class=\"ti-star\" data-imgurl=\"https:\/\/cdn.trustindex.io\/assets\/platform\/Google\/star\/f.svg\" alt=\"Google star 2\" width=\"17\" height=\"17\" loading=\"lazy\"><\/trustindex-image><trustindex-image class=\"ti-star\" data-imgurl=\"https:\/\/cdn.trustindex.io\/assets\/platform\/Google\/star\/f.svg\" alt=\"Google star 3\" width=\"17\" height=\"17\" loading=\"lazy\"><\/trustindex-image><trustindex-image class=\"ti-star\" data-imgurl=\"https:\/\/cdn.trustindex.io\/assets\/platform\/Google\/star\/f.svg\" alt=\"Google star 4\" width=\"17\" height=\"17\" loading=\"lazy\"><\/trustindex-image><trustindex-image class=\"ti-star\" data-imgurl=\"https:\/\/cdn.trustindex.io\/assets\/platform\/Google\/star\/f.svg\" alt=\"Google star 5\" width=\"17\" height=\"17\" loading=\"lazy\"><\/trustindex-image><span class=\"ti-verified-review ti-verified-platform\"><span class=\"ti-verified-tooltip\">Trustindex v\u00e9rifie que la source originale de l'avis est Google.<\/span><\/span><\/span> <div class=\"ti-review-text-container ti-review-content\"><!-- R-CONTENT -->Un stage de yoga organis\u00e9 dans la villa Marcam, vrai espace de d\u00e9tente et de repos. Toute la maison est \u00e9quip\u00e9e pour que notre s\u00e9jour soit facile : des chambres spacieuses et calmes - des salles d'eau et bain jolies et bien pens\u00e9es-) - une vue merveilleuse avec la piscine qui est un vrai + ... un espace cuisine\/salle \u00e0 manger propice au partage. La propri\u00e9taire, tr\u00e8s accueillante, se fait un plaisir de nous conseiller sur les activit\u00e9s de la r\u00e9gion. Nous ne pouvons que recommander ce lieu pour vos prochaines vacances au bord de la m\u00e9diterran\u00e9e.<!-- R-CONTENT --><\/div> <span class=\"ti-read-more\" data-container=\".ti-review-content\" data-collapse-text=\"Cacher\" data-open-text=\"Lire la suite\"><\/span> <\/div> <\/div>  <div data-empty=\"0\" data-time=\"1666051200\" class=\"ti-review-item source-Google ti-image-layout-thumbnail\" data-id=\"cfcd208495d565ef66e7dff9f98764da\"> <div class=\"ti-inner\"> <div class=\"ti-review-header\"> <div class=\"ti-platform-icon ti-with-tooltip\"> <span class=\"ti-tooltip\">Publi\u00e9 sur <\/span> <trustindex-image data-imgurl=\"https:\/\/cdn.trustindex.io\/assets\/platform\/Google\/icon.svg\" alt=\"\" width=\"20\" height=\"20\" loading=\"lazy\"><\/trustindex-image> <\/div> <div class=\"ti-profile-img\"> <trustindex-image data-imgurl=\"https:\/\/lh3.googleusercontent.com\/a\/AGNmyxZlRQ3WYXKc4UWXeCmynFgZlxTgfgHydmcxe8qb=w40-h40-c-c-rp-w40-h40-mo-br100\" alt=\"Jodok Meier profile picture\" loading=\"lazy\"><\/trustindex-image> <\/div> <div class=\"ti-profile-details\"> <div class=\"ti-name\"> Jodok Meier <\/div> <div class=\"ti-date\"><\/div> <\/div> <\/div> <span class=\"ti-stars\"><trustindex-image class=\"ti-star\" data-imgurl=\"https:\/\/cdn.trustindex.io\/assets\/platform\/Google\/star\/f.svg\" alt=\"Google star 1\" width=\"17\" height=\"17\" loading=\"lazy\"><\/trustindex-image><trustindex-image class=\"ti-star\" data-imgurl=\"https:\/\/cdn.trustindex.io\/assets\/platform\/Google\/star\/f.svg\" alt=\"Google star 2\" width=\"17\" height=\"17\" loading=\"lazy\"><\/trustindex-image><trustindex-image class=\"ti-star\" data-imgurl=\"https:\/\/cdn.trustindex.io\/assets\/platform\/Google\/star\/f.svg\" alt=\"Google star 3\" width=\"17\" height=\"17\" loading=\"lazy\"><\/trustindex-image><trustindex-image class=\"ti-star\" data-imgurl=\"https:\/\/cdn.trustindex.io\/assets\/platform\/Google\/star\/f.svg\" alt=\"Google star 4\" width=\"17\" height=\"17\" loading=\"lazy\"><\/trustindex-image><trustindex-image class=\"ti-star\" data-imgurl=\"https:\/\/cdn.trustindex.io\/assets\/platform\/Google\/star\/f.svg\" alt=\"Google star 5\" width=\"17\" height=\"17\" loading=\"lazy\"><\/trustindex-image><span class=\"ti-verified-review ti-verified-platform\"><span class=\"ti-verified-tooltip\">Trustindex v\u00e9rifie que la source originale de l'avis est Google.<\/span><\/span><\/span> <div class=\"ti-review-text-container ti-review-content\"><!-- R-CONTENT -->We spent 10 wonderful days at Villa Marcam - it is even more beautiful than the pictures show. The area is really quite, the walk to the small beach is approximately 5 minutes and the house (and pool) is extremely clean and offers everything you need (kitchen supplies, SUPs, washing machine, AC, heating, fireplace, BBQ, ...). The hosts are incredibly welcoming and helpful - really nice people. We hope to come back one day for sure, I can nothing but recommend it. Bravo.<!-- R-CONTENT --><\/div> <span class=\"ti-read-more\" data-container=\".ti-review-content\" data-collapse-text=\"Cacher\" data-open-text=\"Lire la suite\"><\/span> <\/div> <\/div>  <div data-empty=\"0\" data-time=\"1657584000\" class=\"ti-review-item source-Google ti-image-layout-thumbnail\" data-id=\"cfcd208495d565ef66e7dff9f98764da\"> <div class=\"ti-inner\"> <div class=\"ti-review-header\"> <div class=\"ti-platform-icon ti-with-tooltip\"> <span class=\"ti-tooltip\">Publi\u00e9 sur <\/span> <trustindex-image data-imgurl=\"https:\/\/cdn.trustindex.io\/assets\/platform\/Google\/icon.svg\" alt=\"\" width=\"20\" height=\"20\" loading=\"lazy\"><\/trustindex-image> <\/div> <div class=\"ti-profile-img\"> <trustindex-image data-imgurl=\"https:\/\/lh3.googleusercontent.com\/a-\/ACB-R5SlFLUJwBcymTlqwZKoYpkXHKo1B2o27TfgYtG2Cg=w40-h40-c-c-rp-w40-h40-mo-br100\" alt=\"Alison Balaton profile picture\" loading=\"lazy\"><\/trustindex-image> <\/div> <div class=\"ti-profile-details\"> <div class=\"ti-name\"> Alison Balaton <\/div> <div class=\"ti-date\"><\/div> <\/div> <\/div> <span class=\"ti-stars\"><trustindex-image class=\"ti-star\" data-imgurl=\"https:\/\/cdn.trustindex.io\/assets\/platform\/Google\/star\/f.svg\" alt=\"Google star 1\" width=\"17\" height=\"17\" loading=\"lazy\"><\/trustindex-image><trustindex-image class=\"ti-star\" data-imgurl=\"https:\/\/cdn.trustindex.io\/assets\/platform\/Google\/star\/f.svg\" alt=\"Google star 2\" width=\"17\" height=\"17\" loading=\"lazy\"><\/trustindex-image><trustindex-image class=\"ti-star\" data-imgurl=\"https:\/\/cdn.trustindex.io\/assets\/platform\/Google\/star\/f.svg\" alt=\"Google star 3\" width=\"17\" height=\"17\" loading=\"lazy\"><\/trustindex-image><trustindex-image class=\"ti-star\" data-imgurl=\"https:\/\/cdn.trustindex.io\/assets\/platform\/Google\/star\/f.svg\" alt=\"Google star 4\" width=\"17\" height=\"17\" loading=\"lazy\"><\/trustindex-image><trustindex-image class=\"ti-star\" data-imgurl=\"https:\/\/cdn.trustindex.io\/assets\/platform\/Google\/star\/f.svg\" alt=\"Google star 5\" width=\"17\" height=\"17\" loading=\"lazy\"><\/trustindex-image><span class=\"ti-verified-review ti-verified-platform\"><span class=\"ti-verified-tooltip\">Trustindex v\u00e9rifie que la source originale de l'avis est Google.<\/span><\/span><\/span> <div class=\"ti-review-text-container ti-review-content\"><!-- R-CONTENT -->Nous venons chaque \u00e9t\u00e9 depuis 7 ans ! La maison est sublime, tr\u00e8s bien agenc\u00e9e et d\u00e9cor\u00e9e avec beaucoup go\u00fbt, int\u00e9rieur comme ext\u00e9rieur, la vue est incroyable, et on s\u2019y sent rapidement comme chez soi. Les paddles \u00e0 disposition et la proximit\u00e9 avec la plage\u2026 c\u2019est m\u00e9morable !\nMerci pour l\u2019accueil et l\u2019exp\u00e9rience :)<!-- R-CONTENT --><\/div> <span class=\"ti-read-more\" data-container=\".ti-review-content\" data-collapse-text=\"Cacher\" data-open-text=\"Lire la suite\"><\/span> <\/div> <\/div>  <div data-empty=\"0\" data-time=\"1637798400\" class=\"ti-review-item source-Google ti-image-layout-thumbnail\" data-id=\"cfcd208495d565ef66e7dff9f98764da\"> <div class=\"ti-inner\"> <div class=\"ti-review-header\"> <div class=\"ti-platform-icon ti-with-tooltip\"> <span class=\"ti-tooltip\">Publi\u00e9 sur <\/span> <trustindex-image data-imgurl=\"https:\/\/cdn.trustindex.io\/assets\/platform\/Google\/icon.svg\" alt=\"\" width=\"20\" height=\"20\" loading=\"lazy\"><\/trustindex-image> <\/div> <div class=\"ti-profile-img\"> <trustindex-image data-imgurl=\"https:\/\/lh3.googleusercontent.com\/a-\/ACB-R5R4LAcnHFM3rRofU8bvAKMi2EzaVhcM2LeqGzacupo=w40-h40-c-c-rp-w40-h40-mo-br100\" alt=\"Cynthia Reinke profile picture\" loading=\"lazy\"><\/trustindex-image> <\/div> <div class=\"ti-profile-details\"> <div class=\"ti-name\"> Cynthia Reinke <\/div> <div class=\"ti-date\"><\/div> <\/div> <\/div> <span class=\"ti-stars\"><trustindex-image class=\"ti-star\" data-imgurl=\"https:\/\/cdn.trustindex.io\/assets\/platform\/Google\/star\/f.svg\" alt=\"Google star 1\" width=\"17\" height=\"17\" loading=\"lazy\"><\/trustindex-image><trustindex-image class=\"ti-star\" data-imgurl=\"https:\/\/cdn.trustindex.io\/assets\/platform\/Google\/star\/f.svg\" alt=\"Google star 2\" width=\"17\" height=\"17\" loading=\"lazy\"><\/trustindex-image><trustindex-image class=\"ti-star\" data-imgurl=\"https:\/\/cdn.trustindex.io\/assets\/platform\/Google\/star\/f.svg\" alt=\"Google star 3\" width=\"17\" height=\"17\" loading=\"lazy\"><\/trustindex-image><trustindex-image class=\"ti-star\" data-imgurl=\"https:\/\/cdn.trustindex.io\/assets\/platform\/Google\/star\/f.svg\" alt=\"Google star 4\" width=\"17\" height=\"17\" loading=\"lazy\"><\/trustindex-image><trustindex-image class=\"ti-star\" data-imgurl=\"https:\/\/cdn.trustindex.io\/assets\/platform\/Google\/star\/f.svg\" alt=\"Google star 5\" width=\"17\" height=\"17\" loading=\"lazy\"><\/trustindex-image><span class=\"ti-verified-review ti-verified-platform\"><span class=\"ti-verified-tooltip\">Trustindex v\u00e9rifie que la source originale de l'avis est Google.<\/span><\/span><\/span> <div class=\"ti-review-text-container ti-review-content\"><!-- R-CONTENT -->Cette maison et juste magique! Les pieds dans l'eau nous avons pu profiter de prestations haut de gamme. Rien de mieux que de d\u00e9guster un bon vin en entendant le chant des cigales et en regardant le couch\u00e9 du soleil. Tout y est, sans parler de la propri\u00e9taire qui nous bichonne aux petits oignons, disponible et discr\u00e8te. Le seul regret est que l'on n'y soit pas rest\u00e9 plus longtemps!<!-- R-CONTENT --><\/div> <span class=\"ti-read-more\" data-container=\".ti-review-content\" data-collapse-text=\"Cacher\" data-open-text=\"Lire la suite\"><\/span> <\/div> <\/div>  <div data-empty=\"0\" data-time=\"1632268800\" class=\"ti-review-item source-Google ti-image-layout-thumbnail\" data-id=\"cfcd208495d565ef66e7dff9f98764da\"> <div class=\"ti-inner\"> <div class=\"ti-review-header\"> <div class=\"ti-platform-icon ti-with-tooltip\"> <span class=\"ti-tooltip\">Publi\u00e9 sur <\/span> <trustindex-image data-imgurl=\"https:\/\/cdn.trustindex.io\/assets\/platform\/Google\/icon.svg\" alt=\"\" width=\"20\" height=\"20\" loading=\"lazy\"><\/trustindex-image> <\/div> <div class=\"ti-profile-img\"> <trustindex-image data-imgurl=\"https:\/\/lh3.googleusercontent.com\/a\/AGNmyxawEiMs6edUtUzsTzakvlHBy6NmuMCfDJvGZg0=w40-h40-c-c-rp-w40-h40-mo-br100\" alt=\"nbakiller1985 profile picture\" loading=\"lazy\"><\/trustindex-image> <\/div> <div class=\"ti-profile-details\"> <div class=\"ti-name\"> nbakiller1985 <\/div> <div class=\"ti-date\"><\/div> <\/div> <\/div> <span class=\"ti-stars\"><trustindex-image class=\"ti-star\" data-imgurl=\"https:\/\/cdn.trustindex.io\/assets\/platform\/Google\/star\/f.svg\" alt=\"Google star 1\" width=\"17\" height=\"17\" loading=\"lazy\"><\/trustindex-image><trustindex-image class=\"ti-star\" data-imgurl=\"https:\/\/cdn.trustindex.io\/assets\/platform\/Google\/star\/f.svg\" alt=\"Google star 2\" width=\"17\" height=\"17\" loading=\"lazy\"><\/trustindex-image><trustindex-image class=\"ti-star\" data-imgurl=\"https:\/\/cdn.trustindex.io\/assets\/platform\/Google\/star\/f.svg\" alt=\"Google star 3\" width=\"17\" height=\"17\" loading=\"lazy\"><\/trustindex-image><trustindex-image class=\"ti-star\" data-imgurl=\"https:\/\/cdn.trustindex.io\/assets\/platform\/Google\/star\/f.svg\" alt=\"Google star 4\" width=\"17\" height=\"17\" loading=\"lazy\"><\/trustindex-image><trustindex-image class=\"ti-star\" data-imgurl=\"https:\/\/cdn.trustindex.io\/assets\/platform\/Google\/star\/f.svg\" alt=\"Google star 5\" width=\"17\" height=\"17\" loading=\"lazy\"><\/trustindex-image><span class=\"ti-verified-review ti-verified-platform\"><span class=\"ti-verified-tooltip\">Trustindex v\u00e9rifie que la source originale de l'avis est Google.<\/span><\/span><\/span> <div class=\"ti-review-text-container ti-review-content\"><!-- R-CONTENT -->Emplacement de r\u00eave, maison spacieuse, bien agenc\u00e9e. De vraies vacances au calme.<!-- R-CONTENT --><\/div> <span class=\"ti-read-more\" data-container=\".ti-review-content\" data-collapse-text=\"Cacher\" data-open-text=\"Lire la suite\"><\/span> <\/div> <\/div>  <div data-empty=\"0\" data-time=\"1631836800\" class=\"ti-review-item source-Google ti-image-layout-thumbnail\" data-id=\"cfcd208495d565ef66e7dff9f98764da\"> <div class=\"ti-inner\"> <div class=\"ti-review-header\"> <div class=\"ti-platform-icon ti-with-tooltip\"> <span class=\"ti-tooltip\">Publi\u00e9 sur <\/span> <trustindex-image data-imgurl=\"https:\/\/cdn.trustindex.io\/assets\/platform\/Google\/icon.svg\" alt=\"\" width=\"20\" height=\"20\" loading=\"lazy\"><\/trustindex-image> <\/div> <div class=\"ti-profile-img\"> <trustindex-image data-imgurl=\"https:\/\/lh3.googleusercontent.com\/a\/AGNmyxb_YOxyCg1hcwWYPixKneOj0Dej9i8tDe-6IzNW=w40-h40-c-c-rp-w40-h40-mo-br100\" alt=\"Marc profile picture\" loading=\"lazy\"><\/trustindex-image> <\/div> <div class=\"ti-profile-details\"> <div class=\"ti-name\"> Marc <\/div> <div class=\"ti-date\"><\/div> <\/div> <\/div> <span class=\"ti-stars\"><trustindex-image class=\"ti-star\" data-imgurl=\"https:\/\/cdn.trustindex.io\/assets\/platform\/Google\/star\/f.svg\" alt=\"Google star 1\" width=\"17\" height=\"17\" loading=\"lazy\"><\/trustindex-image><trustindex-image class=\"ti-star\" data-imgurl=\"https:\/\/cdn.trustindex.io\/assets\/platform\/Google\/star\/f.svg\" alt=\"Google star 2\" width=\"17\" height=\"17\" loading=\"lazy\"><\/trustindex-image><trustindex-image class=\"ti-star\" data-imgurl=\"https:\/\/cdn.trustindex.io\/assets\/platform\/Google\/star\/f.svg\" alt=\"Google star 3\" width=\"17\" height=\"17\" loading=\"lazy\"><\/trustindex-image><trustindex-image class=\"ti-star\" data-imgurl=\"https:\/\/cdn.trustindex.io\/assets\/platform\/Google\/star\/f.svg\" alt=\"Google star 4\" width=\"17\" height=\"17\" loading=\"lazy\"><\/trustindex-image><trustindex-image class=\"ti-star\" data-imgurl=\"https:\/\/cdn.trustindex.io\/assets\/platform\/Google\/star\/f.svg\" alt=\"Google star 5\" width=\"17\" height=\"17\" loading=\"lazy\"><\/trustindex-image><span class=\"ti-verified-review ti-verified-platform\"><span class=\"ti-verified-tooltip\">Trustindex v\u00e9rifie que la source originale de l'avis est Google.<\/span><\/span><\/span> <div class=\"ti-review-text-container ti-review-content\"><!-- R-CONTENT -->Nous avons eu le plaisir de s\u00e9journer dans cette villa tr\u00e8s bien situ\u00e9e (acc\u00e8s \u00e0 la mer \u00e0 pied en 2 mn) au calme, parfaitement \u00e9quip\u00e9e et super agr\u00e9able. Les h\u00f4tes sont disponibles et \u00e0 l'\u00e9coute. Nous recommandons ++++<!-- R-CONTENT --><\/div> <span class=\"ti-read-more\" data-container=\".ti-review-content\" data-collapse-text=\"Cacher\" data-open-text=\"Lire la suite\"><\/span> <\/div> <\/div>  <div data-empty=\"0\" data-time=\"1624924800\" class=\"ti-review-item source-Google ti-image-layout-thumbnail\" data-id=\"cfcd208495d565ef66e7dff9f98764da\"> <div class=\"ti-inner\"> <div class=\"ti-review-header\"> <div class=\"ti-platform-icon ti-with-tooltip\"> <span class=\"ti-tooltip\">Publi\u00e9 sur <\/span> <trustindex-image data-imgurl=\"https:\/\/cdn.trustindex.io\/assets\/platform\/Google\/icon.svg\" alt=\"\" width=\"20\" height=\"20\" loading=\"lazy\"><\/trustindex-image> <\/div> <div class=\"ti-profile-img\"> <trustindex-image data-imgurl=\"https:\/\/lh3.googleusercontent.com\/a\/AGNmyxb4PB031ZjETKFTvtiudGFkJMfvYGePQzvm3Nxj=w40-h40-c-c-rp-w40-h40-mo-br100\" alt=\"c\u00e9line barbier profile picture\" loading=\"lazy\"><\/trustindex-image> <\/div> <div class=\"ti-profile-details\"> <div class=\"ti-name\"> c\u00e9line barbier <\/div> <div class=\"ti-date\"><\/div> <\/div> <\/div> <span class=\"ti-stars\"><trustindex-image class=\"ti-star\" data-imgurl=\"https:\/\/cdn.trustindex.io\/assets\/platform\/Google\/star\/f.svg\" alt=\"Google star 1\" width=\"17\" height=\"17\" loading=\"lazy\"><\/trustindex-image><trustindex-image class=\"ti-star\" data-imgurl=\"https:\/\/cdn.trustindex.io\/assets\/platform\/Google\/star\/f.svg\" alt=\"Google star 2\" width=\"17\" height=\"17\" loading=\"lazy\"><\/trustindex-image><trustindex-image class=\"ti-star\" data-imgurl=\"https:\/\/cdn.trustindex.io\/assets\/platform\/Google\/star\/f.svg\" alt=\"Google star 3\" width=\"17\" height=\"17\" loading=\"lazy\"><\/trustindex-image><trustindex-image class=\"ti-star\" data-imgurl=\"https:\/\/cdn.trustindex.io\/assets\/platform\/Google\/star\/f.svg\" alt=\"Google star 4\" width=\"17\" height=\"17\" loading=\"lazy\"><\/trustindex-image><trustindex-image class=\"ti-star\" data-imgurl=\"https:\/\/cdn.trustindex.io\/assets\/platform\/Google\/star\/f.svg\" alt=\"Google star 5\" width=\"17\" height=\"17\" loading=\"lazy\"><\/trustindex-image><span class=\"ti-verified-review ti-verified-platform\"><span class=\"ti-verified-tooltip\">Trustindex v\u00e9rifie que la source originale de l'avis est Google.<\/span><\/span><\/span> <div class=\"ti-review-text-container ti-review-content\"><!-- R-CONTENT -->Emplacement id\u00e9al \u00e0 deux pas de la mer et proche du centre ville. La vue depuis la terrasse est incroyable, la maison est spacieuse, bien agenc\u00e9e et d\u00e9cor\u00e9e avec go\u00fbt. Un endroit calme et apaisant. Je recommande plut\u00f4t deux fois qu\u2019une et j\u2019y reviendrais avec plaisir.<!-- R-CONTENT --><\/div> <span class=\"ti-read-more\" data-container=\".ti-review-content\" data-collapse-text=\"Cacher\" data-open-text=\"Lire la suite\"><\/span> <\/div> <\/div>  <\/div> <div class=\"ti-controls-line\"> <div class=\"dot\"><\/div> <\/div> <\/div>    <\/div> <\/div> <\/template><\/pre><div data-src=\"https:\/\/cdn.trustindex.io\/loader.js?wp-widget\" data-template-id=\"trustindex-google-widget-html\" data-css-url=\"https:\/\/villa-marcam.com\/wp-content\/uploads\/trustindex-google-widget.css?1776168502\"><\/div><\/p>\t\t\t\t\t\t\t\t<\/div>\n\t\t\t\t<\/div>\n\t\t\t\t\t<\/div>\n\t\t<\/div>\n\t\t\t\t\t<\/div>\n\t\t<\/section>\n\t\t\t\t<section class=\"elementor-section elementor-top-section elementor-element elementor-element-f98f893 elementor-section-boxed elementor-section-height-default elementor-section-height-default\" data-id=\"f98f893\" data-element_type=\"section\" data-e-type=\"section\">\n\t\t\t\t\t\t<div class=\"elementor-container elementor-column-gap-default\">\n\t\t\t\t\t<div class=\"elementor-column elementor-col-100 elementor-top-column elementor-element elementor-element-b49e193\" data-id=\"b49e193\" data-element_type=\"column\" data-e-type=\"column\">\n\t\t\t<div class=\"elementor-widget-wrap elementor-element-populated\">\n\t\t\t\t\t\t<div class=\"elementor-element elementor-element-b3ba8df elementor-widget elementor-widget-google_maps\" data-id=\"b3ba8df\" data-element_type=\"widget\" data-e-type=\"widget\" data-widget_type=\"google_maps.default\">\n\t\t\t\t<div class=\"elementor-widget-container\">\n\t\t\t\t\t\t\t<div class=\"elementor-custom-embed\">\n\t\t\t<iframe loading=\"lazy\"\n\t\t\t\t\tsrc=\"https:\/\/maps.google.com\/maps?q=Villa%20Marcam&#038;t=m&#038;z=12&#038;output=embed&#038;iwloc=near\"\n\t\t\t\t\ttitle=\"Villa Marcam\"\n\t\t\t\t\taria-label=\"Villa Marcam\"\n\t\t\t><\/iframe>\n\t\t<\/div>\n\t\t\t\t\t\t<\/div>\n\t\t\t\t<\/div>\n\t\t\t\t\t<\/div>\n\t\t<\/div>\n\t\t\t\t\t<\/div>\n\t\t<\/section>\n\t\t\t\t<\/div>\n\t\t","protected":false},"excerpt":{"rendered":"<p>Bienvenue \u00e0 la Villa Marcam, \u00e0 Sanary-sur-Mer dans le Var. Location saisonni\u00e8re &amp; \u00e9v\u00e8nementiel bien-\u00eatre et ressourcement. Vue mer, plage \u00e0 200m, piscine, paddles&#8230; La petite et authentique ville de p\u00eacheurs de Sanary-sur-Mer est situ\u00e9e sur la mer M\u00e9diterran\u00e9e, entre &hellip; <a href=\"https:\/\/villa-marcam.com\/fr_fr\/\">Read More<\/a><\/p>\n","protected":false},"author":1,"featured_media":0,"parent":0,"menu_order":0,"comment_status":"closed","ping_status":"closed","template":"","meta":{"footnotes":""},"class_list":["post-81","page","type-page","status-publish","hentry"],"yoast_head":"<!-- This site is optimized with the Yoast SEO Premium plugin v20.5 (Yoast SEO v27.5) - https:\/\/yoast.com\/product\/yoast-seo-premium-wordpress\/ -->\n<title>Villa Marcam - Location Saisonni\u00e8re \u00e0 Sanary sur Mer, VAR<\/title>\n<meta name=\"description\" content=\"Bienvenue \u00e0 la Villa Marcam. Location saisonni\u00e8re &amp; \u00e9v\u00e8nementiel bien-\u00eatre et ressourcement. Vue mer, plage \u00e0 200m, piscine, paddles...\" \/>\n<meta name=\"robots\" content=\"index, follow, max-snippet:-1, max-image-preview:large, max-video-preview:-1\" \/>\n<link rel=\"canonical\" href=\"https:\/\/villa-marcam.com\/fr_fr\/\" \/>\n<meta property=\"og:locale\" content=\"fr_FR\" \/>\n<meta property=\"og:type\" content=\"article\" \/>\n<meta property=\"og:title\" content=\"Villa Marcam - Location Saisonni\u00e8re \u00e0 Sanary sur Mer, VAR\" \/>\n<meta property=\"og:description\" content=\"Bienvenue \u00e0 la Villa Marcam. Location saisonni\u00e8re &amp; \u00e9v\u00e8nementiel bien-\u00eatre et ressourcement. Vue mer, plage \u00e0 200m, piscine, paddles...\" \/>\n<meta property=\"og:url\" content=\"https:\/\/villa-marcam.com\/fr_fr\/\" \/>\n<meta property=\"og:site_name\" content=\"Villa Marcam\" \/>\n<meta property=\"article:modified_time\" content=\"2025-03-05T17:21:14+00:00\" \/>\n<meta property=\"og:image\" content=\"https:\/\/villa-marcam.com\/wp-content\/uploads\/2022\/01\/Villa-Marcam-Sanary-sur-Mer-11-2021-15.jpg\" \/>\n\t<meta property=\"og:image:width\" content=\"1334\" \/>\n\t<meta property=\"og:image:height\" content=\"2000\" \/>\n\t<meta property=\"og:image:type\" content=\"image\/jpeg\" \/>\n<meta name=\"twitter:card\" content=\"summary_large_image\" \/>\n<meta name=\"twitter:label1\" content=\"Dur\u00e9e de lecture estim\u00e9e\" \/>\n\t<meta name=\"twitter:data1\" content=\"20 minutes\" \/>\n<script type=\"application\/ld+json\" class=\"yoast-schema-graph\">{\"@context\":\"https:\\\/\\\/schema.org\",\"@graph\":[{\"@type\":\"WebPage\",\"@id\":\"https:\\\/\\\/villa-marcam.com\\\/fr_fr\\\/\",\"url\":\"https:\\\/\\\/villa-marcam.com\\\/fr_fr\\\/\",\"name\":\"Villa Marcam - Location Saisonni\u00e8re \u00e0 Sanary sur Mer, VAR\",\"isPartOf\":{\"@id\":\"https:\\\/\\\/villa-marcam.com\\\/#website\"},\"primaryImageOfPage\":{\"@id\":\"https:\\\/\\\/villa-marcam.com\\\/fr_fr\\\/#primaryimage\"},\"image\":{\"@id\":\"https:\\\/\\\/villa-marcam.com\\\/fr_fr\\\/#primaryimage\"},\"thumbnailUrl\":\"https:\\\/\\\/villa-marcam.com\\\/wp-content\\\/uploads\\\/2022\\\/01\\\/Villa-Marcam-Sanary-sur-Mer-11-2021-15-605x806.jpg\",\"datePublished\":\"2021-10-19T13:51:50+00:00\",\"dateModified\":\"2025-03-05T17:21:14+00:00\",\"description\":\"Bienvenue \u00e0 la Villa Marcam. Location saisonni\u00e8re & \u00e9v\u00e8nementiel bien-\u00eatre et ressourcement. Vue mer, plage \u00e0 200m, piscine, paddles...\",\"breadcrumb\":{\"@id\":\"https:\\\/\\\/villa-marcam.com\\\/fr_fr\\\/#breadcrumb\"},\"inLanguage\":\"fr-FR\",\"potentialAction\":[{\"@type\":\"ReadAction\",\"target\":[\"https:\\\/\\\/villa-marcam.com\\\/fr_fr\\\/\"]}]},{\"@type\":\"ImageObject\",\"inLanguage\":\"fr-FR\",\"@id\":\"https:\\\/\\\/villa-marcam.com\\\/fr_fr\\\/#primaryimage\",\"url\":\"https:\\\/\\\/villa-marcam.com\\\/wp-content\\\/uploads\\\/2022\\\/01\\\/Villa-Marcam-Sanary-sur-Mer-11-2021-15-605x806.jpg\",\"contentUrl\":\"https:\\\/\\\/villa-marcam.com\\\/wp-content\\\/uploads\\\/2022\\\/01\\\/Villa-Marcam-Sanary-sur-Mer-11-2021-15-605x806.jpg\"},{\"@type\":\"BreadcrumbList\",\"@id\":\"https:\\\/\\\/villa-marcam.com\\\/fr_fr\\\/#breadcrumb\",\"itemListElement\":[{\"@type\":\"ListItem\",\"position\":1,\"name\":\"Accueil\",\"item\":\"https:\\\/\\\/villa-marcam.com\\\/fr_fr\\\/\"},{\"@type\":\"ListItem\",\"position\":2,\"name\":\"Villa Marcam &#8211; Location Saisonni\u00e8re \u00e0 Sanary sur Mer, VAR\"}]},{\"@type\":\"WebSite\",\"@id\":\"https:\\\/\\\/villa-marcam.com\\\/#website\",\"url\":\"https:\\\/\\\/villa-marcam.com\\\/\",\"name\":\"Villa Marcam\",\"description\":\"Location saisonni\u00e8re \u00e0 Sanary sur Mer dans le Sud de la France\",\"potentialAction\":[{\"@type\":\"SearchAction\",\"target\":{\"@type\":\"EntryPoint\",\"urlTemplate\":\"https:\\\/\\\/villa-marcam.com\\\/?s={search_term_string}\"},\"query-input\":{\"@type\":\"PropertyValueSpecification\",\"valueRequired\":true,\"valueName\":\"search_term_string\"}}],\"inLanguage\":\"fr-FR\"}]}<\/script>\n<!-- \/ Yoast SEO Premium plugin. -->","yoast_head_json":{"title":"Villa Marcam - Location Saisonni\u00e8re \u00e0 Sanary sur Mer, VAR","description":"Bienvenue \u00e0 la Villa Marcam. Location saisonni\u00e8re & \u00e9v\u00e8nementiel bien-\u00eatre et ressourcement. Vue mer, plage \u00e0 200m, piscine, paddles...","robots":{"index":"index","follow":"follow","max-snippet":"max-snippet:-1","max-image-preview":"max-image-preview:large","max-video-preview":"max-video-preview:-1"},"canonical":"https:\/\/villa-marcam.com\/fr_fr\/","og_locale":"fr_FR","og_type":"article","og_title":"Villa Marcam - Location Saisonni\u00e8re \u00e0 Sanary sur Mer, VAR","og_description":"Bienvenue \u00e0 la Villa Marcam. Location saisonni\u00e8re & \u00e9v\u00e8nementiel bien-\u00eatre et ressourcement. Vue mer, plage \u00e0 200m, piscine, paddles...","og_url":"https:\/\/villa-marcam.com\/fr_fr\/","og_site_name":"Villa Marcam","article_modified_time":"2025-03-05T17:21:14+00:00","og_image":[{"width":1334,"height":2000,"url":"https:\/\/villa-marcam.com\/wp-content\/uploads\/2022\/01\/Villa-Marcam-Sanary-sur-Mer-11-2021-15.jpg","type":"image\/jpeg"}],"twitter_card":"summary_large_image","twitter_misc":{"Dur\u00e9e de lecture estim\u00e9e":"20 minutes"},"schema":{"@context":"https:\/\/schema.org","@graph":[{"@type":"WebPage","@id":"https:\/\/villa-marcam.com\/fr_fr\/","url":"https:\/\/villa-marcam.com\/fr_fr\/","name":"Villa Marcam - Location Saisonni\u00e8re \u00e0 Sanary sur Mer, VAR","isPartOf":{"@id":"https:\/\/villa-marcam.com\/#website"},"primaryImageOfPage":{"@id":"https:\/\/villa-marcam.com\/fr_fr\/#primaryimage"},"image":{"@id":"https:\/\/villa-marcam.com\/fr_fr\/#primaryimage"},"thumbnailUrl":"https:\/\/villa-marcam.com\/wp-content\/uploads\/2022\/01\/Villa-Marcam-Sanary-sur-Mer-11-2021-15-605x806.jpg","datePublished":"2021-10-19T13:51:50+00:00","dateModified":"2025-03-05T17:21:14+00:00","description":"Bienvenue \u00e0 la Villa Marcam. Location saisonni\u00e8re & \u00e9v\u00e8nementiel bien-\u00eatre et ressourcement. Vue mer, plage \u00e0 200m, piscine, paddles...","breadcrumb":{"@id":"https:\/\/villa-marcam.com\/fr_fr\/#breadcrumb"},"inLanguage":"fr-FR","potentialAction":[{"@type":"ReadAction","target":["https:\/\/villa-marcam.com\/fr_fr\/"]}]},{"@type":"ImageObject","inLanguage":"fr-FR","@id":"https:\/\/villa-marcam.com\/fr_fr\/#primaryimage","url":"https:\/\/villa-marcam.com\/wp-content\/uploads\/2022\/01\/Villa-Marcam-Sanary-sur-Mer-11-2021-15-605x806.jpg","contentUrl":"https:\/\/villa-marcam.com\/wp-content\/uploads\/2022\/01\/Villa-Marcam-Sanary-sur-Mer-11-2021-15-605x806.jpg"},{"@type":"BreadcrumbList","@id":"https:\/\/villa-marcam.com\/fr_fr\/#breadcrumb","itemListElement":[{"@type":"ListItem","position":1,"name":"Accueil","item":"https:\/\/villa-marcam.com\/fr_fr\/"},{"@type":"ListItem","position":2,"name":"Villa Marcam &#8211; Location Saisonni\u00e8re \u00e0 Sanary sur Mer, VAR"}]},{"@type":"WebSite","@id":"https:\/\/villa-marcam.com\/#website","url":"https:\/\/villa-marcam.com\/","name":"Villa Marcam","description":"Location saisonni\u00e8re \u00e0 Sanary sur Mer dans le Sud de la France","potentialAction":[{"@type":"SearchAction","target":{"@type":"EntryPoint","urlTemplate":"https:\/\/villa-marcam.com\/?s={search_term_string}"},"query-input":{"@type":"PropertyValueSpecification","valueRequired":true,"valueName":"search_term_string"}}],"inLanguage":"fr-FR"}]}},"_links":{"self":[{"href":"https:\/\/villa-marcam.com\/fr_fr\/wp-json\/wp\/v2\/pages\/81","targetHints":{"allow":["GET"]}}],"collection":[{"href":"https:\/\/villa-marcam.com\/fr_fr\/wp-json\/wp\/v2\/pages"}],"about":[{"href":"https:\/\/villa-marcam.com\/fr_fr\/wp-json\/wp\/v2\/types\/page"}],"author":[{"embeddable":true,"href":"https:\/\/villa-marcam.com\/fr_fr\/wp-json\/wp\/v2\/users\/1"}],"replies":[{"embeddable":true,"href":"https:\/\/villa-marcam.com\/fr_fr\/wp-json\/wp\/v2\/comments?post=81"}],"version-history":[{"count":581,"href":"https:\/\/villa-marcam.com\/fr_fr\/wp-json\/wp\/v2\/pages\/81\/revisions"}],"predecessor-version":[{"id":2750,"href":"https:\/\/villa-marcam.com\/fr_fr\/wp-json\/wp\/v2\/pages\/81\/revisions\/2750"}],"wp:attachment":[{"href":"https:\/\/villa-marcam.com\/fr_fr\/wp-json\/wp\/v2\/media?parent=81"}],"curies":[{"name":"wp","href":"https:\/\/api.w.org\/{rel}","templated":true}]}}